{"id":878,"date":"2025-07-30T12:06:31","date_gmt":"2025-07-30T10:06:31","guid":{"rendered":"https:\/\/1975-2025erakusketa.eus\/contacto\/"},"modified":"2025-09-12T12:01:42","modified_gmt":"2025-09-12T10:01:42","slug":"contacto","status":"publish","type":"page","link":"https:\/\/1975-2025erakusketa.eus\/es\/contacto\/","title":{"rendered":"Contacto"},"content":{"rendered":"\t\t<div data-elementor-type=\"wp-page\" data-elementor-id=\"878\" class=\"elementor elementor-878 elementor-277\" data-elementor-post-type=\"page\">\n\t\t\t\t<div class=\"elementor-element elementor-element-620a7e5 e-con-full e-flex e-con e-parent\" data-id=\"620a7e5\" data-element_type=\"container\">\n\t\t\t\t<div class=\"elementor-element elementor-element-c5bb7db elementor-widget elementor-widget-template\" data-id=\"c5bb7db\" data-element_type=\"widget\" data-widget_type=\"template.default\">\n\t\t\t\t<div class=\"elementor-widget-container\">\n\t\t\t\t\t\t\t<div class=\"elementor-template\">\n\t\t\t\t\t<div data-elementor-type=\"section\" data-elementor-id=\"551\" class=\"elementor elementor-551\" data-elementor-post-type=\"elementor_library\">\n\t\t\t<div class=\"elementor-element elementor-element-d2e141a e-flex e-con-boxed e-con e-parent\" data-id=\"d2e141a\" data-element_type=\"container\" data-settings=\"{&quot;background_background&quot;:&quot;classic&quot;,&quot;sticky&quot;:&quot;top&quot;,&quot;sticky_anchor_link_offset&quot;:120,&quot;sticky_anchor_link_offset_tablet&quot;:100,&quot;sticky_anchor_link_offset_mobile&quot;:100,&quot;sticky_on&quot;:[&quot;desktop&quot;,&quot;tablet&quot;,&quot;mobile&quot;],&quot;sticky_offset&quot;:0,&quot;sticky_effects_offset&quot;:0}\">\n\t\t\t\t\t<div class=\"e-con-inner\">\n\t\t<div class=\"elementor-element elementor-element-18338c6 e-con-full e-flex e-con e-child\" data-id=\"18338c6\" data-element_type=\"container\">\n\t\t\t\t<div class=\"elementor-element elementor-element-7f227d6 elementor-widget elementor-widget-image\" data-id=\"7f227d6\" data-element_type=\"widget\" data-widget_type=\"image.default\">\n\t\t\t\t\t\t\t\t\t\t\t\t\t\t\t\t<a href=\"https:\/\/1975-2025erakusketa.eus\/es\/\">\n\t\t\t\t\t\t\t<img fetchpriority=\"high\" decoding=\"async\" width=\"660\" height=\"120\" src=\"https:\/\/1975-2025erakusketa.eus\/wp-content\/uploads\/2025\/07\/1975-2025-.svg\" class=\"attachment-large size-large wp-image-294\" alt=\"\" \/>\t\t\t\t\t\t\t\t<\/a>\n\t\t\t\t\t\t\t\t\t\t\t\t\t\t\t<\/div>\n\t\t\t\t<\/div>\n\t\t<div class=\"elementor-element elementor-element-ff2c733 e-con-full e-flex e-con e-child\" data-id=\"ff2c733\" data-element_type=\"container\">\n\t\t\t\t<div class=\"elementor-element elementor-element-34afb6d elementor-widget elementor-widget-wpml-language-switcher\" data-id=\"34afb6d\" data-element_type=\"widget\" data-widget_type=\"wpml-language-switcher.default\">\n\t\t\t\t<div class=\"elementor-widget-container\">\n\t\t\t\t\t<div class=\"wpml-elementor-ls\">\n<div class=\"wpml-ls-statics-shortcode_actions wpml-ls wpml-ls-legacy-list-horizontal\">\n\t<ul role=\"menu\"><li class=\"wpml-ls-slot-shortcode_actions wpml-ls-item wpml-ls-item-eu wpml-ls-first-item wpml-ls-item-legacy-list-horizontal\" role=\"none\">\n\t\t\t\t<a href=\"https:\/\/1975-2025erakusketa.eus\/\" class=\"wpml-ls-link\" role=\"menuitem\"  aria-label=\"Cambiar a EUS(EUS)\" title=\"Cambiar a EUS(EUS)\" >\n                    <span class=\"wpml-ls-native\" lang=\"eu\">EUS<\/span><\/a>\n\t\t\t<\/li><li class=\"wpml-ls-slot-shortcode_actions wpml-ls-item wpml-ls-item-fr wpml-ls-item-legacy-list-horizontal\" role=\"none\">\n\t\t\t\t<a href=\"https:\/\/1975-2025erakusketa.eus\/fr\/\" class=\"wpml-ls-link\" role=\"menuitem\"  aria-label=\"Cambiar a FR(FR)\" title=\"Cambiar a FR(FR)\" >\n                    <span class=\"wpml-ls-native\" lang=\"fr\">FR<\/span><\/a>\n\t\t\t<\/li><li class=\"wpml-ls-slot-shortcode_actions wpml-ls-item wpml-ls-item-es wpml-ls-current-language wpml-ls-last-item wpml-ls-item-legacy-list-horizontal\" role=\"none\">\n\t\t\t\t<a href=\"https:\/\/1975-2025erakusketa.eus\/es\/\" class=\"wpml-ls-link\" role=\"menuitem\" >\n                    <span class=\"wpml-ls-native\" role=\"menuitem\">ES<\/span><\/a>\n\t\t\t<\/li><\/ul>\n<\/div>\n<\/div>\t\t\t\t<\/div>\n\t\t\t\t<\/div>\n\t\t\t\t<div class=\"elementor-element elementor-element-dbdf3cb elementor-view-default elementor-widget elementor-widget-icon\" data-id=\"dbdf3cb\" data-element_type=\"widget\" data-widget_type=\"icon.default\">\n\t\t\t\t\t\t\t<div class=\"elementor-icon-wrapper\">\n\t\t\t<a class=\"elementor-icon\" href=\"#elementor-action%3Aaction%3Dpopup%3Aopen%26settings%3DeyJpZCI6MjcwLCJ0b2dnbGUiOmZhbHNlfQ%3D%3D\">\n\t\t\t<svg xmlns=\"http:\/\/www.w3.org\/2000\/svg\" viewBox=\"0 0 640 640\"><path d=\"M96 144C96 135.2 103.2 128 112 128L528 128C536.8 128 544 135.2 544 144C544 152.8 536.8 160 528 160L112 160C103.2 160 96 152.8 96 144zM96 320C96 311.2 103.2 304 112 304L528 304C536.8 304 544 311.2 544 320C544 328.8 536.8 336 528 336L112 336C103.2 336 96 328.8 96 320zM544 496C544 504.8 536.8 512 528 512L112 512C103.2 512 96 504.8 96 496C96 487.2 103.2 480 112 480L528 480C536.8 480 544 487.2 544 496z\"><\/path><\/svg>\t\t\t<\/a>\n\t\t<\/div>\n\t\t\t\t\t\t<\/div>\n\t\t\t\t<\/div>\n\t\t\t\t\t<\/div>\n\t\t\t\t<\/div>\n\t\t\t\t<\/div>\n\t\t\t\t<\/div>\n\t\t\t\t\t\t<\/div>\n\t\t\t\t<\/div>\n\t\t\t\t<\/div>\n\t\t<div class=\"elementor-element elementor-element-a6a79cd e-flex e-con-boxed e-con e-parent\" data-id=\"a6a79cd\" data-element_type=\"container\">\n\t\t\t\t\t<div class=\"e-con-inner\">\n\t\t<div class=\"elementor-element elementor-element-29bd6d0 e-con-full e-flex e-con e-child\" data-id=\"29bd6d0\" data-element_type=\"container\">\n\t\t\t\t<div class=\"elementor-element elementor-element-30df1dc elementor-widget elementor-widget-heading\" data-id=\"30df1dc\" data-element_type=\"widget\" data-widget_type=\"heading.default\">\n\t\t\t\t\t<h2 class=\"elementor-heading-title elementor-size-default\">Exposici\u00f3n<\/h2>\t\t\t\t<\/div>\n\t\t\t\t<div class=\"elementor-element elementor-element-84cbfd8 elementor-widget elementor-widget-text-editor\" data-id=\"84cbfd8\" data-element_type=\"widget\" data-widget_type=\"text-editor.default\">\n\t\t\t\t\t\t\t\t\t<p>Badira historian ia ezer gertatzen ez diren urteak, bolada luzeak. Eta badira aste batzuetan historiaren norabidea goitik behera astintzen duten gertakariak. Hala gertatu zen 1975ean Euskal Herrian. Duela 50 urte, hiru hilabete eskasean,Txiki eta Otaegi fusilatu zituen erregimen frankistak, Franco diktadorea hil zen eta Juan Carlos I Borboikoak estatuburu kargua hartu zuen Espainian. Espainiar trantsizio gisa ezagutzen dena azeleratu zuten gertakari garrantzitsuak izan ziren. Egun Hego Euskal Herrian dugun egoera politikoa eta marko instituzionala ulertzeko funtsezko erabakiak hartu zituzten garaia izan zen hura.<\/p>\n<p>\u201c1975. Dena jokoan zegoen urtea\u201d erakusketak Euskal Herriaren ikuspegitik urte hartan gertatutakoaren memoria jaso eta gaur egunera dakar, trantsizio espainiarrak Euskal Herriaren bilakaeran izan zuen eraginaz gogoeta egiteko elementuak ematearekin batera.<\/p>\n<p><strong>fundazioa@iratzar.eus<\/strong><\/p>\n\t\t\t\t\t\t\t\t<\/div>\n\t\t\t\t<\/div>\n\t\t<div class=\"elementor-element elementor-element-17b58a0 e-con-full e-flex e-con e-child\" data-id=\"17b58a0\" data-element_type=\"container\">\n\t\t\t\t<div class=\"elementor-element elementor-element-548a751 elementor-widget elementor-widget-image\" data-id=\"548a751\" data-element_type=\"widget\" data-widget_type=\"image.default\">\n\t\t\t\t\t\t\t\t\t\t\t\t\t\t\t<img decoding=\"async\" width=\"800\" height=\"800\" src=\"https:\/\/1975-2025erakusketa.eus\/wp-content\/uploads\/2025\/08\/erakusketa-1024x1024.jpg\" class=\"attachment-large size-large wp-image-746\" alt=\"\" srcset=\"https:\/\/1975-2025erakusketa.eus\/wp-content\/uploads\/2025\/08\/erakusketa-1024x1024.jpg 1024w, https:\/\/1975-2025erakusketa.eus\/wp-content\/uploads\/2025\/08\/erakusketa-300x300.jpg 300w, https:\/\/1975-2025erakusketa.eus\/wp-content\/uploads\/2025\/08\/erakusketa-150x150.jpg 150w, https:\/\/1975-2025erakusketa.eus\/wp-content\/uploads\/2025\/08\/erakusketa-768x768.jpg 768w, https:\/\/1975-2025erakusketa.eus\/wp-content\/uploads\/2025\/08\/erakusketa-500x500.jpg 500w, https:\/\/1975-2025erakusketa.eus\/wp-content\/uploads\/2025\/08\/erakusketa-1536x1536.jpg 1536w, https:\/\/1975-2025erakusketa.eus\/wp-content\/uploads\/2025\/08\/erakusketa-2048x2048.jpg 2048w\" sizes=\"(max-width: 800px) 100vw, 800px\" \/>\t\t\t\t\t\t\t\t\t\t\t\t\t\t\t<\/div>\n\t\t\t\t<\/div>\n\t\t\t\t\t<\/div>\n\t\t\t\t<\/div>\n\t\t\t\t<\/div>\n\t\t","protected":false},"excerpt":{"rendered":"<p>Exposici\u00f3n Badira historian ia ezer gertatzen ez diren urteak, bolada luzeak. Eta badira aste batzuetan historiaren norabidea goitik behera astintzen duten gertakariak. Hala gertatu zen 1975ean Euskal Herrian. Duela 50 urte, hiru hilabete eskasean,Txiki eta Otaegi fusilatu zituen erregimen frankistak, Franco diktadorea hil zen eta Juan Carlos I Borboikoak estatuburu kargua hartu zuen Espainian. Espainiar [&hellip;]<\/p>\n","protected":false},"author":2,"featured_media":0,"parent":0,"menu_order":0,"comment_status":"closed","ping_status":"closed","template":"","meta":{"_acf_changed":false,"footnotes":""},"class_list":["post-878","page","type-page","status-publish","hentry"],"acf":[],"yoast_head":"<!-- This site is optimized with the Yoast SEO plugin v26.7 - https:\/\/yoast.com\/wordpress\/plugins\/seo\/ -->\n<title>Contacto - 1975: Dena jokoan zegoen urtea<\/title>\n<meta name=\"description\" content=\"Exposici\u00f3n para reflexionar sobre la influencia de la transici\u00f3n espa\u00f1ola en el devenir del Pa\u00eds Vasco.\" \/>\n<meta name=\"robots\" content=\"index, follow, max-snippet:-1, max-image-preview:large, max-video-preview:-1\" \/>\n<link rel=\"canonical\" href=\"https:\/\/1975-2025erakusketa.eus\/es\/contacto\/\" \/>\n<meta property=\"og:locale\" content=\"es_ES\" \/>\n<meta property=\"og:type\" content=\"article\" \/>\n<meta property=\"og:title\" content=\"Contacto - 1975: Dena jokoan zegoen urtea\" \/>\n<meta property=\"og:description\" content=\"Exposici\u00f3n para reflexionar sobre la influencia de la transici\u00f3n espa\u00f1ola en el devenir del Pa\u00eds Vasco.\" \/>\n<meta property=\"og:url\" content=\"https:\/\/1975-2025erakusketa.eus\/es\/contacto\/\" \/>\n<meta property=\"og:site_name\" content=\"1975: Dena jokoan zegoen urtea\" \/>\n<meta property=\"article:modified_time\" content=\"2025-09-12T10:01:42+00:00\" \/>\n<meta property=\"og:image\" content=\"https:\/\/1975-2025erakusketa.eus\/wp-content\/uploads\/2025\/08\/erakusketa-1024x1024.jpg\" \/>\n<meta name=\"twitter:card\" content=\"summary_large_image\" \/>\n<meta name=\"twitter:label1\" content=\"Tiempo de lectura\" \/>\n\t<meta name=\"twitter:data1\" content=\"1 minuto\" \/>\n<script type=\"application\/ld+json\" class=\"yoast-schema-graph\">{\"@context\":\"https:\/\/schema.org\",\"@graph\":[{\"@type\":\"WebPage\",\"@id\":\"https:\/\/1975-2025erakusketa.eus\/es\/contacto\/\",\"url\":\"https:\/\/1975-2025erakusketa.eus\/es\/contacto\/\",\"name\":\"Contacto - 1975: Dena jokoan zegoen urtea\",\"isPartOf\":{\"@id\":\"https:\/\/1975-2025erakusketa.eus\/es\/#website\"},\"primaryImageOfPage\":{\"@id\":\"https:\/\/1975-2025erakusketa.eus\/es\/contacto\/#primaryimage\"},\"image\":{\"@id\":\"https:\/\/1975-2025erakusketa.eus\/es\/contacto\/#primaryimage\"},\"thumbnailUrl\":\"https:\/\/1975-2025erakusketa.eus\/wp-content\/uploads\/2025\/08\/erakusketa-1024x1024.jpg\",\"datePublished\":\"2025-07-30T10:06:31+00:00\",\"dateModified\":\"2025-09-12T10:01:42+00:00\",\"description\":\"Exposici\u00f3n para reflexionar sobre la influencia de la transici\u00f3n espa\u00f1ola en el devenir del Pa\u00eds Vasco.\",\"breadcrumb\":{\"@id\":\"https:\/\/1975-2025erakusketa.eus\/es\/contacto\/#breadcrumb\"},\"inLanguage\":\"es\",\"potentialAction\":[{\"@type\":\"ReadAction\",\"target\":[\"https:\/\/1975-2025erakusketa.eus\/es\/contacto\/\"]}]},{\"@type\":\"ImageObject\",\"inLanguage\":\"es\",\"@id\":\"https:\/\/1975-2025erakusketa.eus\/es\/contacto\/#primaryimage\",\"url\":\"https:\/\/1975-2025erakusketa.eus\/wp-content\/uploads\/2025\/08\/erakusketa-1024x1024.jpg\",\"contentUrl\":\"https:\/\/1975-2025erakusketa.eus\/wp-content\/uploads\/2025\/08\/erakusketa-1024x1024.jpg\"},{\"@type\":\"BreadcrumbList\",\"@id\":\"https:\/\/1975-2025erakusketa.eus\/es\/contacto\/#breadcrumb\",\"itemListElement\":[{\"@type\":\"ListItem\",\"position\":1,\"name\":\"Home\",\"item\":\"https:\/\/1975-2025erakusketa.eus\/es\/1975-2025\/\"},{\"@type\":\"ListItem\",\"position\":2,\"name\":\"Contacto\"}]},{\"@type\":\"WebSite\",\"@id\":\"https:\/\/1975-2025erakusketa.eus\/es\/#website\",\"url\":\"https:\/\/1975-2025erakusketa.eus\/es\/\",\"name\":\"1975. Dena jokoan zegoen urtea\",\"description\":\"Trantsizio espainiarrak Euskal Herriaren bilakaeran izan zuen eraginaz gogoeta egiteko erakusketa\",\"publisher\":{\"@id\":\"https:\/\/1975-2025erakusketa.eus\/es\/#organization\"},\"potentialAction\":[{\"@type\":\"SearchAction\",\"target\":{\"@type\":\"EntryPoint\",\"urlTemplate\":\"https:\/\/1975-2025erakusketa.eus\/es\/?s={search_term_string}\"},\"query-input\":{\"@type\":\"PropertyValueSpecification\",\"valueRequired\":true,\"valueName\":\"search_term_string\"}}],\"inLanguage\":\"es\"},{\"@type\":\"Organization\",\"@id\":\"https:\/\/1975-2025erakusketa.eus\/es\/#organization\",\"name\":\"1975-2025\",\"url\":\"https:\/\/1975-2025erakusketa.eus\/es\/\",\"logo\":{\"@type\":\"ImageObject\",\"inLanguage\":\"es\",\"@id\":\"https:\/\/1975-2025erakusketa.eus\/es\/#\/schema\/logo\/image\/\",\"url\":\"https:\/\/1975-2025erakusketa.eus\/wp-content\/uploads\/2025\/08\/erakusketa-scaled.jpg\",\"contentUrl\":\"https:\/\/1975-2025erakusketa.eus\/wp-content\/uploads\/2025\/08\/erakusketa-scaled.jpg\",\"width\":2560,\"height\":2560,\"caption\":\"1975-2025\"},\"image\":{\"@id\":\"https:\/\/1975-2025erakusketa.eus\/es\/#\/schema\/logo\/image\/\"}}]}<\/script>\n<!-- \/ Yoast SEO plugin. -->","yoast_head_json":{"title":"Contacto - 1975: Dena jokoan zegoen urtea","description":"Exposici\u00f3n para reflexionar sobre la influencia de la transici\u00f3n espa\u00f1ola en el devenir del Pa\u00eds Vasco.","robots":{"index":"index","follow":"follow","max-snippet":"max-snippet:-1","max-image-preview":"max-image-preview:large","max-video-preview":"max-video-preview:-1"},"canonical":"https:\/\/1975-2025erakusketa.eus\/es\/contacto\/","og_locale":"es_ES","og_type":"article","og_title":"Contacto - 1975: Dena jokoan zegoen urtea","og_description":"Exposici\u00f3n para reflexionar sobre la influencia de la transici\u00f3n espa\u00f1ola en el devenir del Pa\u00eds Vasco.","og_url":"https:\/\/1975-2025erakusketa.eus\/es\/contacto\/","og_site_name":"1975: Dena jokoan zegoen urtea","article_modified_time":"2025-09-12T10:01:42+00:00","og_image":[{"url":"https:\/\/1975-2025erakusketa.eus\/wp-content\/uploads\/2025\/08\/erakusketa-1024x1024.jpg","type":"","width":"","height":""}],"twitter_card":"summary_large_image","twitter_misc":{"Tiempo de lectura":"1 minuto"},"schema":{"@context":"https:\/\/schema.org","@graph":[{"@type":"WebPage","@id":"https:\/\/1975-2025erakusketa.eus\/es\/contacto\/","url":"https:\/\/1975-2025erakusketa.eus\/es\/contacto\/","name":"Contacto - 1975: Dena jokoan zegoen urtea","isPartOf":{"@id":"https:\/\/1975-2025erakusketa.eus\/es\/#website"},"primaryImageOfPage":{"@id":"https:\/\/1975-2025erakusketa.eus\/es\/contacto\/#primaryimage"},"image":{"@id":"https:\/\/1975-2025erakusketa.eus\/es\/contacto\/#primaryimage"},"thumbnailUrl":"https:\/\/1975-2025erakusketa.eus\/wp-content\/uploads\/2025\/08\/erakusketa-1024x1024.jpg","datePublished":"2025-07-30T10:06:31+00:00","dateModified":"2025-09-12T10:01:42+00:00","description":"Exposici\u00f3n para reflexionar sobre la influencia de la transici\u00f3n espa\u00f1ola en el devenir del Pa\u00eds Vasco.","breadcrumb":{"@id":"https:\/\/1975-2025erakusketa.eus\/es\/contacto\/#breadcrumb"},"inLanguage":"es","potentialAction":[{"@type":"ReadAction","target":["https:\/\/1975-2025erakusketa.eus\/es\/contacto\/"]}]},{"@type":"ImageObject","inLanguage":"es","@id":"https:\/\/1975-2025erakusketa.eus\/es\/contacto\/#primaryimage","url":"https:\/\/1975-2025erakusketa.eus\/wp-content\/uploads\/2025\/08\/erakusketa-1024x1024.jpg","contentUrl":"https:\/\/1975-2025erakusketa.eus\/wp-content\/uploads\/2025\/08\/erakusketa-1024x1024.jpg"},{"@type":"BreadcrumbList","@id":"https:\/\/1975-2025erakusketa.eus\/es\/contacto\/#breadcrumb","itemListElement":[{"@type":"ListItem","position":1,"name":"Home","item":"https:\/\/1975-2025erakusketa.eus\/es\/1975-2025\/"},{"@type":"ListItem","position":2,"name":"Contacto"}]},{"@type":"WebSite","@id":"https:\/\/1975-2025erakusketa.eus\/es\/#website","url":"https:\/\/1975-2025erakusketa.eus\/es\/","name":"1975. Dena jokoan zegoen urtea","description":"Trantsizio espainiarrak Euskal Herriaren bilakaeran izan zuen eraginaz gogoeta egiteko erakusketa","publisher":{"@id":"https:\/\/1975-2025erakusketa.eus\/es\/#organization"},"potentialAction":[{"@type":"SearchAction","target":{"@type":"EntryPoint","urlTemplate":"https:\/\/1975-2025erakusketa.eus\/es\/?s={search_term_string}"},"query-input":{"@type":"PropertyValueSpecification","valueRequired":true,"valueName":"search_term_string"}}],"inLanguage":"es"},{"@type":"Organization","@id":"https:\/\/1975-2025erakusketa.eus\/es\/#organization","name":"1975-2025","url":"https:\/\/1975-2025erakusketa.eus\/es\/","logo":{"@type":"ImageObject","inLanguage":"es","@id":"https:\/\/1975-2025erakusketa.eus\/es\/#\/schema\/logo\/image\/","url":"https:\/\/1975-2025erakusketa.eus\/wp-content\/uploads\/2025\/08\/erakusketa-scaled.jpg","contentUrl":"https:\/\/1975-2025erakusketa.eus\/wp-content\/uploads\/2025\/08\/erakusketa-scaled.jpg","width":2560,"height":2560,"caption":"1975-2025"},"image":{"@id":"https:\/\/1975-2025erakusketa.eus\/es\/#\/schema\/logo\/image\/"}}]}},"_links":{"self":[{"href":"https:\/\/1975-2025erakusketa.eus\/es\/wp-json\/wp\/v2\/pages\/878","targetHints":{"allow":["GET"]}}],"collection":[{"href":"https:\/\/1975-2025erakusketa.eus\/es\/wp-json\/wp\/v2\/pages"}],"about":[{"href":"https:\/\/1975-2025erakusketa.eus\/es\/wp-json\/wp\/v2\/types\/page"}],"author":[{"embeddable":true,"href":"https:\/\/1975-2025erakusketa.eus\/es\/wp-json\/wp\/v2\/users\/2"}],"replies":[{"embeddable":true,"href":"https:\/\/1975-2025erakusketa.eus\/es\/wp-json\/wp\/v2\/comments?post=878"}],"version-history":[{"count":3,"href":"https:\/\/1975-2025erakusketa.eus\/es\/wp-json\/wp\/v2\/pages\/878\/revisions"}],"predecessor-version":[{"id":1015,"href":"https:\/\/1975-2025erakusketa.eus\/es\/wp-json\/wp\/v2\/pages\/878\/revisions\/1015"}],"wp:attachment":[{"href":"https:\/\/1975-2025erakusketa.eus\/es\/wp-json\/wp\/v2\/media?parent=878"}],"curies":[{"name":"wp","href":"https:\/\/api.w.org\/{rel}","templated":true}]}}