{"id":775,"date":"2025-07-29T15:21:17","date_gmt":"2025-07-29T13:21:17","guid":{"rendered":"https:\/\/1975-2025erakusketa.eus\/panela\/provincias-traidoras\/"},"modified":"2025-09-10T09:30:08","modified_gmt":"2025-09-10T07:30:08","slug":"provincias-traidoras","status":"publish","type":"panela","link":"https:\/\/1975-2025erakusketa.eus\/es\/panela\/provincias-traidoras\/","title":{"rendered":"Provincias traidoras"},"content":{"rendered":"\t\t<div data-elementor-type=\"wp-post\" data-elementor-id=\"775\" class=\"elementor elementor-775 elementor-119\" data-elementor-post-type=\"panela\">\n\t\t\t\t<div class=\"elementor-element elementor-element-c8a0e2e e-flex e-con-boxed e-con e-parent\" data-id=\"c8a0e2e\" data-element_type=\"container\">\n\t\t\t\t\t<div class=\"e-con-inner\">\n\t\t\t\t<div class=\"elementor-element elementor-element-5b3c341 elementor-widget elementor-widget-heading\" data-id=\"5b3c341\" data-element_type=\"widget\" data-widget_type=\"heading.default\">\n\t\t\t\t\t<h2 class=\"elementor-heading-title elementor-size-default\">Provincias<br>traidoras<\/h2>\t\t\t\t<\/div>\n\t\t\t\t<div class=\"elementor-element elementor-element-de356e9 elementor-widget elementor-widget-heading\" data-id=\"de356e9\" data-element_type=\"widget\" data-widget_type=\"heading.default\">\n\t\t\t\t\t<h2 class=\"elementor-heading-title elementor-size-default\">El franquismo en Euskal Herria<\/h2>\t\t\t\t<\/div>\n\t\t\t\t\t<\/div>\n\t\t\t\t<\/div>\n\t\t<div class=\"elementor-element elementor-element-f7e216f e-flex e-con-boxed e-con e-parent\" data-id=\"f7e216f\" data-element_type=\"container\">\n\t\t\t\t\t<div class=\"e-con-inner\">\n\t\t<div class=\"elementor-element elementor-element-9d2825e e-con-full e-flex e-con e-child\" data-id=\"9d2825e\" data-element_type=\"container\">\n\t\t\t\t<div class=\"elementor-element elementor-element-06b1d91 elementor-widget elementor-widget-image\" data-id=\"06b1d91\" data-element_type=\"widget\" data-widget_type=\"image.default\">\n\t\t\t\t\t\t\t\t\t\t\t\t\t\t\t<img fetchpriority=\"high\" decoding=\"async\" width=\"1134\" height=\"1382\" src=\"https:\/\/1975-2025erakusketa.eus\/wp-content\/uploads\/2025\/07\/maravillas.jpg\" class=\"attachment-full size-full wp-image-694\" alt=\"\" srcset=\"https:\/\/1975-2025erakusketa.eus\/wp-content\/uploads\/2025\/07\/maravillas.jpg 1134w, https:\/\/1975-2025erakusketa.eus\/wp-content\/uploads\/2025\/07\/maravillas-246x300.jpg 246w, https:\/\/1975-2025erakusketa.eus\/wp-content\/uploads\/2025\/07\/maravillas-840x1024.jpg 840w, https:\/\/1975-2025erakusketa.eus\/wp-content\/uploads\/2025\/07\/maravillas-768x936.jpg 768w\" sizes=\"(max-width: 1134px) 100vw, 1134px\" \/>\t\t\t\t\t\t\t\t\t\t\t\t\t\t\t<\/div>\n\t\t<div class=\"elementor-element elementor-element-9fd6540 e-con-full e-flex e-con e-child\" data-id=\"9fd6540\" data-element_type=\"container\">\n\t\t\t\t<div class=\"elementor-element elementor-element-48ea3ba elementor-view-default elementor-widget elementor-widget-icon\" data-id=\"48ea3ba\" data-element_type=\"widget\" data-widget_type=\"icon.default\">\n\t\t\t\t\t\t\t<div class=\"elementor-icon-wrapper\">\n\t\t\t<div class=\"elementor-icon\">\n\t\t\t<svg aria-hidden=\"true\" class=\"e-font-icon-svg e-fas-sort-up\" viewBox=\"0 0 320 512\" xmlns=\"http:\/\/www.w3.org\/2000\/svg\"><path d=\"M279 224H41c-21.4 0-32.1-25.9-17-41L143 64c9.4-9.4 24.6-9.4 33.9 0l119 119c15.2 15.1 4.5 41-16.9 41z\"><\/path><\/svg>\t\t\t<\/div>\n\t\t<\/div>\n\t\t\t\t\t\t<\/div>\n\t\t\t\t<div class=\"elementor-element elementor-element-0749d5a elementor-widget elementor-widget-heading\" data-id=\"0749d5a\" data-element_type=\"widget\" data-widget_type=\"heading.default\">\n\t\t\t\t\t<h2 class=\"elementor-heading-title elementor-size-default\">Maravillas Lamberto<\/h2>\t\t\t\t<\/div>\n\t\t\t\t<\/div>\n\t\t\t\t<\/div>\n\t\t<div class=\"elementor-element elementor-element-fe38d9b e-con-full e-flex e-con e-child\" data-id=\"fe38d9b\" data-element_type=\"container\">\n\t\t\t\t<div class=\"elementor-element elementor-element-4b79050 elementor-widget elementor-widget-image\" data-id=\"4b79050\" data-element_type=\"widget\" data-widget_type=\"image.default\">\n\t\t\t\t\t\t\t\t\t\t\t\t\t\t\t<img decoding=\"async\" width=\"1134\" height=\"1382\" src=\"https:\/\/1975-2025erakusketa.eus\/wp-content\/uploads\/2025\/07\/agirre.jpg\" class=\"attachment-full size-full wp-image-696\" alt=\"\" srcset=\"https:\/\/1975-2025erakusketa.eus\/wp-content\/uploads\/2025\/07\/agirre.jpg 1134w, https:\/\/1975-2025erakusketa.eus\/wp-content\/uploads\/2025\/07\/agirre-246x300.jpg 246w, https:\/\/1975-2025erakusketa.eus\/wp-content\/uploads\/2025\/07\/agirre-840x1024.jpg 840w, https:\/\/1975-2025erakusketa.eus\/wp-content\/uploads\/2025\/07\/agirre-768x936.jpg 768w\" sizes=\"(max-width: 1134px) 100vw, 1134px\" \/>\t\t\t\t\t\t\t\t\t\t\t\t\t\t\t<\/div>\n\t\t<div class=\"elementor-element elementor-element-d96e0ed e-con-full e-flex e-con e-child\" data-id=\"d96e0ed\" data-element_type=\"container\">\n\t\t\t\t<div class=\"elementor-element elementor-element-441ce50 elementor-widget elementor-widget-heading\" data-id=\"441ce50\" data-element_type=\"widget\" data-widget_type=\"heading.default\">\n\t\t\t\t\t<h2 class=\"elementor-heading-title elementor-size-default\">Lehendakari Agirre<\/h2>\t\t\t\t<\/div>\n\t\t\t\t<div class=\"elementor-element elementor-element-1931c11 elementor-view-default elementor-widget elementor-widget-icon\" data-id=\"1931c11\" data-element_type=\"widget\" data-widget_type=\"icon.default\">\n\t\t\t\t\t\t\t<div class=\"elementor-icon-wrapper\">\n\t\t\t<div class=\"elementor-icon\">\n\t\t\t<svg aria-hidden=\"true\" class=\"e-font-icon-svg e-fas-sort-up\" viewBox=\"0 0 320 512\" xmlns=\"http:\/\/www.w3.org\/2000\/svg\"><path d=\"M279 224H41c-21.4 0-32.1-25.9-17-41L143 64c9.4-9.4 24.6-9.4 33.9 0l119 119c15.2 15.1 4.5 41-16.9 41z\"><\/path><\/svg>\t\t\t<\/div>\n\t\t<\/div>\n\t\t\t\t\t\t<\/div>\n\t\t\t\t<\/div>\n\t\t\t\t<\/div>\n\t\t\t\t\t<\/div>\n\t\t\t\t<\/div>\n\t\t<div class=\"elementor-element elementor-element-757a71e e-flex e-con-boxed e-con e-child\" data-id=\"757a71e\" data-element_type=\"container\">\n\t\t\t\t\t<div class=\"e-con-inner\">\n\t\t\t\t<div class=\"elementor-element elementor-element-14519b6 elementor-widget elementor-widget-text-editor\" data-id=\"14519b6\" data-element_type=\"widget\" data-widget_type=\"text-editor.default\">\n\t\t\t\t\t\t\t\t\t<p>Tras la guerra del 36, Bizkaia y Gipuzkoa fueron declaradas \u201cprovincias traidoras\u201d, por haberse mantenido leales a la II Rep\u00fablica. El 23 de junio de 1937, cuatro d\u00edas despu\u00e9s de la toma de Bilbo por las tropas fascistas, Franco derog\u00f3 el Concierto Econ\u00f3mico en ambos territorios. Adem\u00e1s de la recaudaci\u00f3n de impuestos, tambi\u00e9n se perdi\u00f3 la gesti\u00f3n de servicios como carreteras y escuelas. En 1936 trabajaban en las Diputaciones Forales unas 1.000 personas; en 1939, como consecuencia de un proceso de depuraci\u00f3n, no llegaban a 350. Porcentualmente, el n\u00famero de asesinatos cometidos por el r\u00e9gimen franquista en Euskal Herria fue superior al de los registrados en pa\u00edses como Sud\u00e1frica, Argentina, Bolivia o Chile. En Nafarroa Garaia elimin\u00f3 al 1,13% de la poblaci\u00f3n, mediante fusilamientos o desapariciones forzadas. A Sartaguda, por ejemplo, se le llama el \u201cpueblo de las viudas\u201d, porque m\u00e1s del 15% de los hombres fueron asesinados. En Larraga, un peque\u00f1o pueblo pr\u00f3ximo a Sartaguda, los falangistas asesinaron, junto con su padre, a la ni\u00f1a Maravillas Lamberto, tras violarla repetidamente, para acabar arrojando su cuerpo desnudo a los perros. Su padre era Vicente Lamberto, militante socialista. Esos asesinatos se recuerdan como ejemplo de una de las caras m\u00e1s crueles de la barbarie del Estado espa\u00f1ol.<\/p>\n<p>En 1936 se cre\u00f3 el Ej\u00e9rcito Vasco o Eusko Gudarostea, que desde agosto de 1936 hasta julio de 1937 luch\u00f3 contra las tropas de Franco en el frente del Norte. Tras la ocupaci\u00f3n de Hego Euskal Herria por las tropas franquistas, algunos l\u00edderes del Gobierno Vasco huyeron a Barcelona, donde, con la colaboraci\u00f3n del presidente Lluis Companys, formaron una especie de Gobierno en el exilio. A comienzos de 1939, tras la ca\u00edda de Barcelona y la derrota republicana, el lehendakari Agirre march\u00f3 al exilio junto con su Gobierno.<\/p>\n\t\t\t\t\t\t\t\t<\/div>\n\t\t\t\t\t<\/div>\n\t\t\t\t<\/div>\n\t\t<div class=\"elementor-element elementor-element-89aaf9b e-flex e-con-boxed e-con e-parent\" data-id=\"89aaf9b\" data-element_type=\"container\">\n\t\t\t\t\t<div class=\"e-con-inner\">\n\t\t\t\t<div class=\"elementor-element elementor-element-83b9331 elementor-widget elementor-widget-template\" data-id=\"83b9331\" data-element_type=\"widget\" data-widget_type=\"template.default\">\n\t\t\t\t<div class=\"elementor-widget-container\">\n\t\t\t\t\t\t\t<div class=\"elementor-template\">\n\t\t\t\t\t<div data-elementor-type=\"container\" data-elementor-id=\"403\" class=\"elementor elementor-403\" data-elementor-post-type=\"elementor_library\">\n\t\t\t\t<div class=\"elementor-element elementor-element-1efa1886 e-flex e-con-boxed e-con e-parent\" data-id=\"1efa1886\" data-element_type=\"container\">\n\t\t\t\t\t<div class=\"e-con-inner\">\n\t\t\t\t<div class=\"elementor-element elementor-element-8417b4b elementor-hidden-mobile elementor-post-navigation-borders-yes elementor-widget elementor-widget-post-navigation\" data-id=\"8417b4b\" data-element_type=\"widget\" data-widget_type=\"post-navigation.default\">\n\t\t\t\t\t\t\t<div class=\"elementor-post-navigation\" role=\"navigation\" aria-label=\"Navegaci\u00f3n de la entrada\">\n\t\t\t<div class=\"elementor-post-navigation__prev elementor-post-navigation__link\">\n\t\t\t\t<a href=\"https:\/\/1975-2025erakusketa.eus\/es\/panela\/una-grande-y-libre\/\" rel=\"prev\"><span class=\"post-navigation__arrow-wrapper post-navigation__arrow-prev\"><svg aria-hidden=\"true\" class=\"e-font-icon-svg e-fas-angle-left\" viewBox=\"0 0 256 512\" xmlns=\"http:\/\/www.w3.org\/2000\/svg\"><path d=\"M31.7 239l136-136c9.4-9.4 24.6-9.4 33.9 0l22.6 22.6c9.4 9.4 9.4 24.6 0 33.9L127.9 256l96.4 96.4c9.4 9.4 9.4 24.6 0 33.9L201.7 409c-9.4 9.4-24.6 9.4-33.9 0l-136-136c-9.5-9.4-9.5-24.6-.1-34z\"><\/path><\/svg><span class=\"elementor-screen-only\">Ant<\/span><\/span><span class=\"elementor-post-navigation__link__prev\"><span class=\"post-navigation__prev--label\">Atzera<\/span><span class=\"post-navigation__prev--title\">Una, grande y libre<\/span><\/span><\/a>\t\t\t<\/div>\n\t\t\t\t\t\t\t<div class=\"elementor-post-navigation__separator-wrapper\">\n\t\t\t\t\t<div class=\"elementor-post-navigation__separator\"><\/div>\n\t\t\t\t<\/div>\n\t\t\t\t\t\t<div class=\"elementor-post-navigation__next elementor-post-navigation__link\">\n\t\t\t\t<a href=\"https:\/\/1975-2025erakusketa.eus\/es\/panela\/primavera-vasca\/\" rel=\"next\"><span class=\"elementor-post-navigation__link__next\"><span class=\"post-navigation__next--label\">Aurrera<\/span><span class=\"post-navigation__next--title\">Primavera vasca<\/span><\/span><span class=\"post-navigation__arrow-wrapper post-navigation__arrow-next\"><svg aria-hidden=\"true\" class=\"e-font-icon-svg e-fas-angle-right\" viewBox=\"0 0 256 512\" xmlns=\"http:\/\/www.w3.org\/2000\/svg\"><path d=\"M224.3 273l-136 136c-9.4 9.4-24.6 9.4-33.9 0l-22.6-22.6c-9.4-9.4-9.4-24.6 0-33.9l96.4-96.4-96.4-96.4c-9.4-9.4-9.4-24.6 0-33.9L54.3 103c9.4-9.4 24.6-9.4 33.9 0l136 136c9.5 9.4 9.5 24.6.1 34z\"><\/path><\/svg><span class=\"elementor-screen-only\">Siguiente<\/span><\/span><\/a>\t\t\t<\/div>\n\t\t<\/div>\n\t\t\t\t\t\t<\/div>\n\t\t\t\t<div class=\"elementor-element elementor-element-af6c8ae elementor-hidden-desktop elementor-hidden-tablet elementor-post-navigation-borders-yes elementor-widget elementor-widget-post-navigation\" data-id=\"af6c8ae\" data-element_type=\"widget\" data-widget_type=\"post-navigation.default\">\n\t\t\t\t\t\t\t<div class=\"elementor-post-navigation\" role=\"navigation\" aria-label=\"Navegaci\u00f3n de la entrada\">\n\t\t\t<div class=\"elementor-post-navigation__prev elementor-post-navigation__link\">\n\t\t\t\t<a href=\"https:\/\/1975-2025erakusketa.eus\/es\/panela\/una-grande-y-libre\/\" rel=\"prev\"><span class=\"post-navigation__arrow-wrapper post-navigation__arrow-prev\"><svg aria-hidden=\"true\" class=\"e-font-icon-svg e-fas-angle-left\" viewBox=\"0 0 256 512\" xmlns=\"http:\/\/www.w3.org\/2000\/svg\"><path d=\"M31.7 239l136-136c9.4-9.4 24.6-9.4 33.9 0l22.6 22.6c9.4 9.4 9.4 24.6 0 33.9L127.9 256l96.4 96.4c9.4 9.4 9.4 24.6 0 33.9L201.7 409c-9.4 9.4-24.6 9.4-33.9 0l-136-136c-9.5-9.4-9.5-24.6-.1-34z\"><\/path><\/svg><span class=\"elementor-screen-only\">Ant<\/span><\/span><span class=\"elementor-post-navigation__link__prev\"><span class=\"post-navigation__prev--label\">Atzera<\/span><\/span><\/a>\t\t\t<\/div>\n\t\t\t\t\t\t\t<div class=\"elementor-post-navigation__separator-wrapper\">\n\t\t\t\t\t<div class=\"elementor-post-navigation__separator\"><\/div>\n\t\t\t\t<\/div>\n\t\t\t\t\t\t<div class=\"elementor-post-navigation__next elementor-post-navigation__link\">\n\t\t\t\t<a href=\"https:\/\/1975-2025erakusketa.eus\/es\/panela\/primavera-vasca\/\" rel=\"next\"><span class=\"elementor-post-navigation__link__next\"><span class=\"post-navigation__next--label\">Aurrera<\/span><\/span><span class=\"post-navigation__arrow-wrapper post-navigation__arrow-next\"><svg aria-hidden=\"true\" class=\"e-font-icon-svg e-fas-angle-right\" viewBox=\"0 0 256 512\" xmlns=\"http:\/\/www.w3.org\/2000\/svg\"><path d=\"M224.3 273l-136 136c-9.4 9.4-24.6 9.4-33.9 0l-22.6-22.6c-9.4-9.4-9.4-24.6 0-33.9l96.4-96.4-96.4-96.4c-9.4-9.4-9.4-24.6 0-33.9L54.3 103c9.4-9.4 24.6-9.4 33.9 0l136 136c9.5 9.4 9.5 24.6.1 34z\"><\/path><\/svg><span class=\"elementor-screen-only\">Siguiente<\/span><\/span><\/a>\t\t\t<\/div>\n\t\t<\/div>\n\t\t\t\t\t\t<\/div>\n\t\t\t\t\t<\/div>\n\t\t\t\t<\/div>\n\t\t\t\t<\/div>\n\t\t\t\t<\/div>\n\t\t\t\t\t\t<\/div>\n\t\t\t\t<\/div>\n\t\t\t\t\t<\/div>\n\t\t\t\t<\/div>\n\t\t\t\t<\/div>\n\t\t","protected":false},"featured_media":682,"template":"","meta":{"_acf_changed":false},"class_list":["post-775","panela","type-panela","status-publish","has-post-thumbnail","hentry"],"acf":[],"yoast_head":"<!-- This site is optimized with the Yoast SEO plugin v26.7 - https:\/\/yoast.com\/wordpress\/plugins\/seo\/ -->\n<title>Provincias traidoras - 1975: Dena jokoan zegoen urtea<\/title>\n<meta name=\"robots\" content=\"index, follow, max-snippet:-1, max-image-preview:large, max-video-preview:-1\" \/>\n<link rel=\"canonical\" href=\"https:\/\/1975-2025erakusketa.eus\/es\/panela\/provincias-traidoras\/\" \/>\n<meta property=\"og:locale\" content=\"es_ES\" \/>\n<meta property=\"og:type\" content=\"article\" \/>\n<meta property=\"og:title\" content=\"Provincias traidoras - 1975: Dena jokoan zegoen urtea\" \/>\n<meta property=\"og:description\" content=\"Provinciastraidoras El franquismo en Euskal Herria Maravillas Lamberto Lehendakari Agirre Tras la guerra del 36, Bizkaia y Gipuzkoa fueron declaradas \u201cprovincias traidoras\u201d, por haberse mantenido leales a la II Rep\u00fablica. El 23 de junio de 1937, cuatro d\u00edas despu\u00e9s de la toma de Bilbo por las tropas fascistas, Franco derog\u00f3 el Concierto Econ\u00f3mico en ambos [&hellip;]\" \/>\n<meta property=\"og:url\" content=\"https:\/\/1975-2025erakusketa.eus\/es\/panela\/provincias-traidoras\/\" \/>\n<meta property=\"og:site_name\" content=\"1975: Dena jokoan zegoen urtea\" \/>\n<meta property=\"article:modified_time\" content=\"2025-09-10T07:30:08+00:00\" \/>\n<meta property=\"og:image\" content=\"https:\/\/1975-2025erakusketa.eus\/wp-content\/uploads\/2025\/09\/04-provincias-traidoras-ES.jpg\" \/>\n\t<meta property=\"og:image:width\" content=\"800\" \/>\n\t<meta property=\"og:image:height\" content=\"1200\" \/>\n\t<meta property=\"og:image:type\" content=\"image\/jpeg\" \/>\n<meta name=\"twitter:card\" content=\"summary_large_image\" \/>\n<meta name=\"twitter:label1\" content=\"Tiempo de lectura\" \/>\n\t<meta name=\"twitter:data1\" content=\"2 minutos\" \/>\n<script type=\"application\/ld+json\" class=\"yoast-schema-graph\">{\"@context\":\"https:\/\/schema.org\",\"@graph\":[{\"@type\":\"WebPage\",\"@id\":\"https:\/\/1975-2025erakusketa.eus\/es\/panela\/provincias-traidoras\/\",\"url\":\"https:\/\/1975-2025erakusketa.eus\/es\/panela\/provincias-traidoras\/\",\"name\":\"Provincias traidoras - 1975: Dena jokoan zegoen urtea\",\"isPartOf\":{\"@id\":\"https:\/\/1975-2025erakusketa.eus\/es\/#website\"},\"primaryImageOfPage\":{\"@id\":\"https:\/\/1975-2025erakusketa.eus\/es\/panela\/provincias-traidoras\/#primaryimage\"},\"image\":{\"@id\":\"https:\/\/1975-2025erakusketa.eus\/es\/panela\/provincias-traidoras\/#primaryimage\"},\"thumbnailUrl\":\"https:\/\/1975-2025erakusketa.eus\/wp-content\/uploads\/2025\/09\/04-provincias-traidoras-ES.jpg\",\"datePublished\":\"2025-07-29T13:21:17+00:00\",\"dateModified\":\"2025-09-10T07:30:08+00:00\",\"breadcrumb\":{\"@id\":\"https:\/\/1975-2025erakusketa.eus\/es\/panela\/provincias-traidoras\/#breadcrumb\"},\"inLanguage\":\"es\",\"potentialAction\":[{\"@type\":\"ReadAction\",\"target\":[\"https:\/\/1975-2025erakusketa.eus\/es\/panela\/provincias-traidoras\/\"]}]},{\"@type\":\"ImageObject\",\"inLanguage\":\"es\",\"@id\":\"https:\/\/1975-2025erakusketa.eus\/es\/panela\/provincias-traidoras\/#primaryimage\",\"url\":\"https:\/\/1975-2025erakusketa.eus\/wp-content\/uploads\/2025\/09\/04-provincias-traidoras-ES.jpg\",\"contentUrl\":\"https:\/\/1975-2025erakusketa.eus\/wp-content\/uploads\/2025\/09\/04-provincias-traidoras-ES.jpg\",\"width\":800,\"height\":1200},{\"@type\":\"BreadcrumbList\",\"@id\":\"https:\/\/1975-2025erakusketa.eus\/es\/panela\/provincias-traidoras\/#breadcrumb\",\"itemListElement\":[{\"@type\":\"ListItem\",\"position\":1,\"name\":\"Home\",\"item\":\"https:\/\/1975-2025erakusketa.eus\/es\/1975-2025\/\"},{\"@type\":\"ListItem\",\"position\":2,\"name\":\"Provincias traidoras\"}]},{\"@type\":\"WebSite\",\"@id\":\"https:\/\/1975-2025erakusketa.eus\/es\/#website\",\"url\":\"https:\/\/1975-2025erakusketa.eus\/es\/\",\"name\":\"1975. Dena jokoan zegoen urtea\",\"description\":\"Trantsizio espainiarrak Euskal Herriaren bilakaeran izan zuen eraginaz gogoeta egiteko erakusketa\",\"publisher\":{\"@id\":\"https:\/\/1975-2025erakusketa.eus\/es\/#organization\"},\"potentialAction\":[{\"@type\":\"SearchAction\",\"target\":{\"@type\":\"EntryPoint\",\"urlTemplate\":\"https:\/\/1975-2025erakusketa.eus\/es\/?s={search_term_string}\"},\"query-input\":{\"@type\":\"PropertyValueSpecification\",\"valueRequired\":true,\"valueName\":\"search_term_string\"}}],\"inLanguage\":\"es\"},{\"@type\":\"Organization\",\"@id\":\"https:\/\/1975-2025erakusketa.eus\/es\/#organization\",\"name\":\"1975-2025\",\"url\":\"https:\/\/1975-2025erakusketa.eus\/es\/\",\"logo\":{\"@type\":\"ImageObject\",\"inLanguage\":\"es\",\"@id\":\"https:\/\/1975-2025erakusketa.eus\/es\/#\/schema\/logo\/image\/\",\"url\":\"https:\/\/1975-2025erakusketa.eus\/wp-content\/uploads\/2025\/08\/erakusketa-scaled.jpg\",\"contentUrl\":\"https:\/\/1975-2025erakusketa.eus\/wp-content\/uploads\/2025\/08\/erakusketa-scaled.jpg\",\"width\":2560,\"height\":2560,\"caption\":\"1975-2025\"},\"image\":{\"@id\":\"https:\/\/1975-2025erakusketa.eus\/es\/#\/schema\/logo\/image\/\"}}]}<\/script>\n<!-- \/ Yoast SEO plugin. -->","yoast_head_json":{"title":"Provincias traidoras - 1975: Dena jokoan zegoen urtea","robots":{"index":"index","follow":"follow","max-snippet":"max-snippet:-1","max-image-preview":"max-image-preview:large","max-video-preview":"max-video-preview:-1"},"canonical":"https:\/\/1975-2025erakusketa.eus\/es\/panela\/provincias-traidoras\/","og_locale":"es_ES","og_type":"article","og_title":"Provincias traidoras - 1975: Dena jokoan zegoen urtea","og_description":"Provinciastraidoras El franquismo en Euskal Herria Maravillas Lamberto Lehendakari Agirre Tras la guerra del 36, Bizkaia y Gipuzkoa fueron declaradas \u201cprovincias traidoras\u201d, por haberse mantenido leales a la II Rep\u00fablica. El 23 de junio de 1937, cuatro d\u00edas despu\u00e9s de la toma de Bilbo por las tropas fascistas, Franco derog\u00f3 el Concierto Econ\u00f3mico en ambos [&hellip;]","og_url":"https:\/\/1975-2025erakusketa.eus\/es\/panela\/provincias-traidoras\/","og_site_name":"1975: Dena jokoan zegoen urtea","article_modified_time":"2025-09-10T07:30:08+00:00","og_image":[{"width":800,"height":1200,"url":"https:\/\/1975-2025erakusketa.eus\/wp-content\/uploads\/2025\/09\/04-provincias-traidoras-ES.jpg","type":"image\/jpeg"}],"twitter_card":"summary_large_image","twitter_misc":{"Tiempo de lectura":"2 minutos"},"schema":{"@context":"https:\/\/schema.org","@graph":[{"@type":"WebPage","@id":"https:\/\/1975-2025erakusketa.eus\/es\/panela\/provincias-traidoras\/","url":"https:\/\/1975-2025erakusketa.eus\/es\/panela\/provincias-traidoras\/","name":"Provincias traidoras - 1975: Dena jokoan zegoen urtea","isPartOf":{"@id":"https:\/\/1975-2025erakusketa.eus\/es\/#website"},"primaryImageOfPage":{"@id":"https:\/\/1975-2025erakusketa.eus\/es\/panela\/provincias-traidoras\/#primaryimage"},"image":{"@id":"https:\/\/1975-2025erakusketa.eus\/es\/panela\/provincias-traidoras\/#primaryimage"},"thumbnailUrl":"https:\/\/1975-2025erakusketa.eus\/wp-content\/uploads\/2025\/09\/04-provincias-traidoras-ES.jpg","datePublished":"2025-07-29T13:21:17+00:00","dateModified":"2025-09-10T07:30:08+00:00","breadcrumb":{"@id":"https:\/\/1975-2025erakusketa.eus\/es\/panela\/provincias-traidoras\/#breadcrumb"},"inLanguage":"es","potentialAction":[{"@type":"ReadAction","target":["https:\/\/1975-2025erakusketa.eus\/es\/panela\/provincias-traidoras\/"]}]},{"@type":"ImageObject","inLanguage":"es","@id":"https:\/\/1975-2025erakusketa.eus\/es\/panela\/provincias-traidoras\/#primaryimage","url":"https:\/\/1975-2025erakusketa.eus\/wp-content\/uploads\/2025\/09\/04-provincias-traidoras-ES.jpg","contentUrl":"https:\/\/1975-2025erakusketa.eus\/wp-content\/uploads\/2025\/09\/04-provincias-traidoras-ES.jpg","width":800,"height":1200},{"@type":"BreadcrumbList","@id":"https:\/\/1975-2025erakusketa.eus\/es\/panela\/provincias-traidoras\/#breadcrumb","itemListElement":[{"@type":"ListItem","position":1,"name":"Home","item":"https:\/\/1975-2025erakusketa.eus\/es\/1975-2025\/"},{"@type":"ListItem","position":2,"name":"Provincias traidoras"}]},{"@type":"WebSite","@id":"https:\/\/1975-2025erakusketa.eus\/es\/#website","url":"https:\/\/1975-2025erakusketa.eus\/es\/","name":"1975. Dena jokoan zegoen urtea","description":"Trantsizio espainiarrak Euskal Herriaren bilakaeran izan zuen eraginaz gogoeta egiteko erakusketa","publisher":{"@id":"https:\/\/1975-2025erakusketa.eus\/es\/#organization"},"potentialAction":[{"@type":"SearchAction","target":{"@type":"EntryPoint","urlTemplate":"https:\/\/1975-2025erakusketa.eus\/es\/?s={search_term_string}"},"query-input":{"@type":"PropertyValueSpecification","valueRequired":true,"valueName":"search_term_string"}}],"inLanguage":"es"},{"@type":"Organization","@id":"https:\/\/1975-2025erakusketa.eus\/es\/#organization","name":"1975-2025","url":"https:\/\/1975-2025erakusketa.eus\/es\/","logo":{"@type":"ImageObject","inLanguage":"es","@id":"https:\/\/1975-2025erakusketa.eus\/es\/#\/schema\/logo\/image\/","url":"https:\/\/1975-2025erakusketa.eus\/wp-content\/uploads\/2025\/08\/erakusketa-scaled.jpg","contentUrl":"https:\/\/1975-2025erakusketa.eus\/wp-content\/uploads\/2025\/08\/erakusketa-scaled.jpg","width":2560,"height":2560,"caption":"1975-2025"},"image":{"@id":"https:\/\/1975-2025erakusketa.eus\/es\/#\/schema\/logo\/image\/"}}]}},"_links":{"self":[{"href":"https:\/\/1975-2025erakusketa.eus\/es\/wp-json\/wp\/v2\/panela\/775","targetHints":{"allow":["GET"]}}],"collection":[{"href":"https:\/\/1975-2025erakusketa.eus\/es\/wp-json\/wp\/v2\/panela"}],"about":[{"href":"https:\/\/1975-2025erakusketa.eus\/es\/wp-json\/wp\/v2\/types\/panela"}],"version-history":[{"count":1,"href":"https:\/\/1975-2025erakusketa.eus\/es\/wp-json\/wp\/v2\/panela\/775\/revisions"}],"predecessor-version":[{"id":776,"href":"https:\/\/1975-2025erakusketa.eus\/es\/wp-json\/wp\/v2\/panela\/775\/revisions\/776"}],"wp:featuredmedia":[{"embeddable":true,"href":"https:\/\/1975-2025erakusketa.eus\/es\/wp-json\/wp\/v2\/media\/682"}],"wp:attachment":[{"href":"https:\/\/1975-2025erakusketa.eus\/es\/wp-json\/wp\/v2\/media?parent=775"}],"curies":[{"name":"wp","href":"https:\/\/api.w.org\/{rel}","templated":true}]}}