{"id":782,"date":"2025-07-30T09:34:39","date_gmt":"2025-07-30T07:34:39","guid":{"rendered":"https:\/\/1975-2025erakusketa.eus\/panela\/primavera-vasca\/"},"modified":"2025-09-10T09:30:08","modified_gmt":"2025-09-10T07:30:08","slug":"primavera-vasca","status":"publish","type":"panela","link":"https:\/\/1975-2025erakusketa.eus\/es\/panela\/primavera-vasca\/","title":{"rendered":"Primavera vasca"},"content":{"rendered":"\t\t<div data-elementor-type=\"wp-post\" data-elementor-id=\"782\" class=\"elementor elementor-782 elementor-138\" data-elementor-post-type=\"panela\">\n\t\t\t\t<div class=\"elementor-element elementor-element-a437a00 e-flex e-con-boxed e-con e-parent\" data-id=\"a437a00\" data-element_type=\"container\">\n\t\t\t\t\t<div class=\"e-con-inner\">\n\t\t\t\t<div class=\"elementor-element elementor-element-0211614 elementor-widget elementor-widget-heading\" data-id=\"0211614\" data-element_type=\"widget\" data-widget_type=\"heading.default\">\n\t\t\t\t\t<h2 class=\"elementor-heading-title elementor-size-default\">Primavera<br>vasca<\/h2>\t\t\t\t<\/div>\n\t\t\t\t<div class=\"elementor-element elementor-element-aff9361 elementor-widget elementor-widget-heading\" data-id=\"aff9361\" data-element_type=\"widget\" data-widget_type=\"heading.default\">\n\t\t\t\t\t<h2 class=\"elementor-heading-title elementor-size-default\">Primeros brotes verdes en Euskal Herria<\/h2>\t\t\t\t<\/div>\n\t\t\t\t\t<\/div>\n\t\t\t\t<\/div>\n\t\t<div class=\"elementor-element elementor-element-52ca5a9 e-flex e-con-boxed e-con e-parent\" data-id=\"52ca5a9\" data-element_type=\"container\">\n\t\t\t\t\t<div class=\"e-con-inner\">\n\t\t<div class=\"elementor-element elementor-element-b9d52eb e-con-full e-flex e-con e-child\" data-id=\"b9d52eb\" data-element_type=\"container\">\n\t\t\t\t<div class=\"elementor-element elementor-element-7598213 elementor-widget elementor-widget-image\" data-id=\"7598213\" data-element_type=\"widget\" data-widget_type=\"image.default\">\n\t\t\t\t\t\t\t\t\t\t\t\t\t\t\t<img fetchpriority=\"high\" decoding=\"async\" width=\"970\" height=\"576\" src=\"https:\/\/1975-2025erakusketa.eus\/wp-content\/uploads\/2025\/07\/oteiza-1.jpg\" class=\"attachment-full size-full wp-image-912\" alt=\"\" srcset=\"https:\/\/1975-2025erakusketa.eus\/wp-content\/uploads\/2025\/07\/oteiza-1.jpg 970w, https:\/\/1975-2025erakusketa.eus\/wp-content\/uploads\/2025\/07\/oteiza-1-300x178.jpg 300w, https:\/\/1975-2025erakusketa.eus\/wp-content\/uploads\/2025\/07\/oteiza-1-768x456.jpg 768w\" sizes=\"(max-width: 970px) 100vw, 970px\" \/>\t\t\t\t\t\t\t\t\t\t\t\t\t\t\t<\/div>\n\t\t<div class=\"elementor-element elementor-element-f0f9647 e-con-full e-flex e-con e-child\" data-id=\"f0f9647\" data-element_type=\"container\">\n\t\t\t\t<div class=\"elementor-element elementor-element-85b5740 elementor-view-default elementor-widget elementor-widget-icon\" data-id=\"85b5740\" data-element_type=\"widget\" data-widget_type=\"icon.default\">\n\t\t\t\t\t\t\t<div class=\"elementor-icon-wrapper\">\n\t\t\t<div class=\"elementor-icon\">\n\t\t\t<svg aria-hidden=\"true\" class=\"e-font-icon-svg e-fas-sort-up\" viewBox=\"0 0 320 512\" xmlns=\"http:\/\/www.w3.org\/2000\/svg\"><path d=\"M279 224H41c-21.4 0-32.1-25.9-17-41L143 64c9.4-9.4 24.6-9.4 33.9 0l119 119c15.2 15.1 4.5 41-16.9 41z\"><\/path><\/svg>\t\t\t<\/div>\n\t\t<\/div>\n\t\t\t\t\t\t<\/div>\n\t\t\t\t<div class=\"elementor-element elementor-element-b92ac59 elementor-widget elementor-widget-heading\" data-id=\"b92ac59\" data-element_type=\"widget\" data-widget_type=\"heading.default\">\n\t\t\t\t\t<h2 class=\"elementor-heading-title elementor-size-default\"> El escultor Jorge Oteiza en la ubicaci\u00f3n de los catorce ap\u00f3stoles y la piedad en el Santuario de Arantzazu, en 1968. Foto: Plazaola. Oteiza Museoa\/Wikimedia commons.<\/h2>\t\t\t\t<\/div>\n\t\t\t\t<\/div>\n\t\t\t\t<\/div>\n\t\t\t\t\t<\/div>\n\t\t\t\t<\/div>\n\t\t<div class=\"elementor-element elementor-element-2a91894 e-flex e-con-boxed e-con e-child\" data-id=\"2a91894\" data-element_type=\"container\">\n\t\t\t\t\t<div class=\"e-con-inner\">\n\t\t\t\t<div class=\"elementor-element elementor-element-bd9063f elementor-widget elementor-widget-text-editor\" data-id=\"bd9063f\" data-element_type=\"widget\" data-widget_type=\"text-editor.default\">\n\t\t\t\t\t\t\t\t\tDesde la postguerra hasta mediados de la d\u00e9cada de los 50 no se vislumbr\u00f3 ning\u00fan rayo de luz en la cultura y la pol\u00edtica vascas. Fue entonces cuando se produjo un despertar pol\u00edtico-cultural no solamente en Euskal Herria, sino en todo el mundo: Revoluci\u00f3n Cubana en 1959, disoluci\u00f3n progresiva de las colonias del Estado franc\u00e9s, independencia de Argelia y T\u00fanez en la d\u00e9cada de los 60, intento emancipatorio de Mayo del 68, Revoluci\u00f3n de Praga y revueltas estudiantiles en M\u00e9xico\u2026 La rebeli\u00f3n vasca no era, pues, una excepci\u00f3n. En esa primavera florecieron las instituciones, proyectos y criterios ling\u00fc\u00edsticos que hoy conocemos. Es en esa revoluci\u00f3n cultural y ling\u00fc\u00edstica donde debemos situar el nacimiento del euskera unificado (euskara batua), las ikastolas, la nueva canci\u00f3n vasca (Ez dok Amairu), la creaci\u00f3n de Euskadi Ta Askatasuna en 1958 (organizaci\u00f3n en la que m\u00e1s tarde militar\u00edan Txiki y Otaegi), artistas (los grupos Gaur, Emen, Orain y Danok), literatura y ensayo (Txillardegi, etc.), Euskaltzaindia, Jakin, Zeruko Argia\u2026<br><br>El Gobierno Vasco segu\u00eda en el exilio, buscando el apoyo de EEUU en la creencia de que actuar\u00eda contra el franquismo. Sin embargo, ocurri\u00f3 todo lo contrario: EEUU termin\u00f3 apoyando al franquismo, priorizando la lucha contra la URSS en el contexto de la l\u00f3gica de la Guerra Fr\u00eda.\t\t\t\t\t\t\t\t<\/div>\n\t\t\t\t\t<\/div>\n\t\t\t\t<\/div>\n\t\t<div class=\"elementor-element elementor-element-de3678c e-flex e-con-boxed e-con e-parent\" data-id=\"de3678c\" data-element_type=\"container\">\n\t\t\t\t\t<div class=\"e-con-inner\">\n\t\t\t\t<div class=\"elementor-element elementor-element-fcb655a elementor-widget elementor-widget-template\" data-id=\"fcb655a\" data-element_type=\"widget\" data-widget_type=\"template.default\">\n\t\t\t\t<div class=\"elementor-widget-container\">\n\t\t\t\t\t\t\t<div class=\"elementor-template\">\n\t\t\t\t\t<div data-elementor-type=\"container\" data-elementor-id=\"403\" class=\"elementor elementor-403\" data-elementor-post-type=\"elementor_library\">\n\t\t\t\t<div class=\"elementor-element elementor-element-1efa1886 e-flex e-con-boxed e-con e-parent\" data-id=\"1efa1886\" data-element_type=\"container\">\n\t\t\t\t\t<div class=\"e-con-inner\">\n\t\t\t\t<div class=\"elementor-element elementor-element-8417b4b elementor-hidden-mobile elementor-post-navigation-borders-yes elementor-widget elementor-widget-post-navigation\" data-id=\"8417b4b\" data-element_type=\"widget\" data-widget_type=\"post-navigation.default\">\n\t\t\t\t\t\t\t<div class=\"elementor-post-navigation\" role=\"navigation\" aria-label=\"Navegaci\u00f3n de la entrada\">\n\t\t\t<div class=\"elementor-post-navigation__prev elementor-post-navigation__link\">\n\t\t\t\t<a href=\"https:\/\/1975-2025erakusketa.eus\/es\/panela\/provincias-traidoras\/\" rel=\"prev\"><span class=\"post-navigation__arrow-wrapper post-navigation__arrow-prev\"><svg aria-hidden=\"true\" class=\"e-font-icon-svg e-fas-angle-left\" viewBox=\"0 0 256 512\" xmlns=\"http:\/\/www.w3.org\/2000\/svg\"><path d=\"M31.7 239l136-136c9.4-9.4 24.6-9.4 33.9 0l22.6 22.6c9.4 9.4 9.4 24.6 0 33.9L127.9 256l96.4 96.4c9.4 9.4 9.4 24.6 0 33.9L201.7 409c-9.4 9.4-24.6 9.4-33.9 0l-136-136c-9.5-9.4-9.5-24.6-.1-34z\"><\/path><\/svg><span class=\"elementor-screen-only\">Ant<\/span><\/span><span class=\"elementor-post-navigation__link__prev\"><span class=\"post-navigation__prev--label\">Atzera<\/span><span class=\"post-navigation__prev--title\">Provincias traidoras<\/span><\/span><\/a>\t\t\t<\/div>\n\t\t\t\t\t\t\t<div class=\"elementor-post-navigation__separator-wrapper\">\n\t\t\t\t\t<div class=\"elementor-post-navigation__separator\"><\/div>\n\t\t\t\t<\/div>\n\t\t\t\t\t\t<div class=\"elementor-post-navigation__next elementor-post-navigation__link\">\n\t\t\t\t<a href=\"https:\/\/1975-2025erakusketa.eus\/es\/panela\/el-ano-en-el-que-todo-estaba-en-juego\/\" rel=\"next\"><span class=\"elementor-post-navigation__link__next\"><span class=\"post-navigation__next--label\">Aurrera<\/span><span class=\"post-navigation__next--title\">El a\u00f1o en el que todo estaba en juego<\/span><\/span><span class=\"post-navigation__arrow-wrapper post-navigation__arrow-next\"><svg aria-hidden=\"true\" class=\"e-font-icon-svg e-fas-angle-right\" viewBox=\"0 0 256 512\" xmlns=\"http:\/\/www.w3.org\/2000\/svg\"><path d=\"M224.3 273l-136 136c-9.4 9.4-24.6 9.4-33.9 0l-22.6-22.6c-9.4-9.4-9.4-24.6 0-33.9l96.4-96.4-96.4-96.4c-9.4-9.4-9.4-24.6 0-33.9L54.3 103c9.4-9.4 24.6-9.4 33.9 0l136 136c9.5 9.4 9.5 24.6.1 34z\"><\/path><\/svg><span class=\"elementor-screen-only\">Siguiente<\/span><\/span><\/a>\t\t\t<\/div>\n\t\t<\/div>\n\t\t\t\t\t\t<\/div>\n\t\t\t\t<div class=\"elementor-element elementor-element-af6c8ae elementor-hidden-desktop elementor-hidden-tablet elementor-post-navigation-borders-yes elementor-widget elementor-widget-post-navigation\" data-id=\"af6c8ae\" data-element_type=\"widget\" data-widget_type=\"post-navigation.default\">\n\t\t\t\t\t\t\t<div class=\"elementor-post-navigation\" role=\"navigation\" aria-label=\"Navegaci\u00f3n de la entrada\">\n\t\t\t<div class=\"elementor-post-navigation__prev elementor-post-navigation__link\">\n\t\t\t\t<a href=\"https:\/\/1975-2025erakusketa.eus\/es\/panela\/provincias-traidoras\/\" rel=\"prev\"><span class=\"post-navigation__arrow-wrapper post-navigation__arrow-prev\"><svg aria-hidden=\"true\" class=\"e-font-icon-svg e-fas-angle-left\" viewBox=\"0 0 256 512\" xmlns=\"http:\/\/www.w3.org\/2000\/svg\"><path d=\"M31.7 239l136-136c9.4-9.4 24.6-9.4 33.9 0l22.6 22.6c9.4 9.4 9.4 24.6 0 33.9L127.9 256l96.4 96.4c9.4 9.4 9.4 24.6 0 33.9L201.7 409c-9.4 9.4-24.6 9.4-33.9 0l-136-136c-9.5-9.4-9.5-24.6-.1-34z\"><\/path><\/svg><span class=\"elementor-screen-only\">Ant<\/span><\/span><span class=\"elementor-post-navigation__link__prev\"><span class=\"post-navigation__prev--label\">Atzera<\/span><\/span><\/a>\t\t\t<\/div>\n\t\t\t\t\t\t\t<div class=\"elementor-post-navigation__separator-wrapper\">\n\t\t\t\t\t<div class=\"elementor-post-navigation__separator\"><\/div>\n\t\t\t\t<\/div>\n\t\t\t\t\t\t<div class=\"elementor-post-navigation__next elementor-post-navigation__link\">\n\t\t\t\t<a href=\"https:\/\/1975-2025erakusketa.eus\/es\/panela\/el-ano-en-el-que-todo-estaba-en-juego\/\" rel=\"next\"><span class=\"elementor-post-navigation__link__next\"><span class=\"post-navigation__next--label\">Aurrera<\/span><\/span><span class=\"post-navigation__arrow-wrapper post-navigation__arrow-next\"><svg aria-hidden=\"true\" class=\"e-font-icon-svg e-fas-angle-right\" viewBox=\"0 0 256 512\" xmlns=\"http:\/\/www.w3.org\/2000\/svg\"><path d=\"M224.3 273l-136 136c-9.4 9.4-24.6 9.4-33.9 0l-22.6-22.6c-9.4-9.4-9.4-24.6 0-33.9l96.4-96.4-96.4-96.4c-9.4-9.4-9.4-24.6 0-33.9L54.3 103c9.4-9.4 24.6-9.4 33.9 0l136 136c9.5 9.4 9.5 24.6.1 34z\"><\/path><\/svg><span class=\"elementor-screen-only\">Siguiente<\/span><\/span><\/a>\t\t\t<\/div>\n\t\t<\/div>\n\t\t\t\t\t\t<\/div>\n\t\t\t\t\t<\/div>\n\t\t\t\t<\/div>\n\t\t\t\t<\/div>\n\t\t\t\t<\/div>\n\t\t\t\t\t\t<\/div>\n\t\t\t\t<\/div>\n\t\t\t\t\t<\/div>\n\t\t\t\t<\/div>\n\t\t\t\t<\/div>\n\t\t","protected":false},"featured_media":937,"template":"","meta":{"_acf_changed":false},"class_list":["post-782","panela","type-panela","status-publish","has-post-thumbnail","hentry"],"acf":[],"yoast_head":"<!-- This site is optimized with the Yoast SEO plugin v26.7 - https:\/\/yoast.com\/wordpress\/plugins\/seo\/ -->\n<title>Primavera vasca - 1975: Dena jokoan zegoen urtea<\/title>\n<meta name=\"robots\" content=\"index, follow, max-snippet:-1, max-image-preview:large, max-video-preview:-1\" \/>\n<link rel=\"canonical\" href=\"https:\/\/1975-2025erakusketa.eus\/es\/panela\/primavera-vasca\/\" \/>\n<meta property=\"og:locale\" content=\"es_ES\" \/>\n<meta property=\"og:type\" content=\"article\" \/>\n<meta property=\"og:title\" content=\"Primavera vasca - 1975: Dena jokoan zegoen urtea\" \/>\n<meta property=\"og:description\" content=\"Primaveravasca Primeros brotes verdes en Euskal Herria El escultor Jorge Oteiza en la ubicaci\u00f3n de los catorce ap\u00f3stoles y la piedad en el Santuario de Arantzazu, en 1968. Foto: Plazaola. Oteiza Museoa\/Wikimedia commons. Desde la postguerra hasta mediados de la d\u00e9cada de los 50 no se vislumbr\u00f3 ning\u00fan rayo de luz en la cultura y [&hellip;]\" \/>\n<meta property=\"og:url\" content=\"https:\/\/1975-2025erakusketa.eus\/es\/panela\/primavera-vasca\/\" \/>\n<meta property=\"og:site_name\" content=\"1975: Dena jokoan zegoen urtea\" \/>\n<meta property=\"article:modified_time\" content=\"2025-09-10T07:30:08+00:00\" \/>\n<meta property=\"og:image\" content=\"https:\/\/1975-2025erakusketa.eus\/wp-content\/uploads\/2025\/09\/05-euskal-udaberria-2-ES-1.jpg\" \/>\n\t<meta property=\"og:image:width\" content=\"800\" \/>\n\t<meta property=\"og:image:height\" content=\"1200\" \/>\n\t<meta property=\"og:image:type\" content=\"image\/jpeg\" \/>\n<meta name=\"twitter:card\" content=\"summary_large_image\" \/>\n<meta name=\"twitter:label1\" content=\"Tiempo de lectura\" \/>\n\t<meta name=\"twitter:data1\" content=\"1 minuto\" \/>\n<script type=\"application\/ld+json\" class=\"yoast-schema-graph\">{\"@context\":\"https:\/\/schema.org\",\"@graph\":[{\"@type\":\"WebPage\",\"@id\":\"https:\/\/1975-2025erakusketa.eus\/es\/panela\/primavera-vasca\/\",\"url\":\"https:\/\/1975-2025erakusketa.eus\/es\/panela\/primavera-vasca\/\",\"name\":\"Primavera vasca - 1975: Dena jokoan zegoen urtea\",\"isPartOf\":{\"@id\":\"https:\/\/1975-2025erakusketa.eus\/es\/#website\"},\"primaryImageOfPage\":{\"@id\":\"https:\/\/1975-2025erakusketa.eus\/es\/panela\/primavera-vasca\/#primaryimage\"},\"image\":{\"@id\":\"https:\/\/1975-2025erakusketa.eus\/es\/panela\/primavera-vasca\/#primaryimage\"},\"thumbnailUrl\":\"https:\/\/1975-2025erakusketa.eus\/wp-content\/uploads\/2025\/09\/05-euskal-udaberria-2-ES-1.jpg\",\"datePublished\":\"2025-07-30T07:34:39+00:00\",\"dateModified\":\"2025-09-10T07:30:08+00:00\",\"breadcrumb\":{\"@id\":\"https:\/\/1975-2025erakusketa.eus\/es\/panela\/primavera-vasca\/#breadcrumb\"},\"inLanguage\":\"es\",\"potentialAction\":[{\"@type\":\"ReadAction\",\"target\":[\"https:\/\/1975-2025erakusketa.eus\/es\/panela\/primavera-vasca\/\"]}]},{\"@type\":\"ImageObject\",\"inLanguage\":\"es\",\"@id\":\"https:\/\/1975-2025erakusketa.eus\/es\/panela\/primavera-vasca\/#primaryimage\",\"url\":\"https:\/\/1975-2025erakusketa.eus\/wp-content\/uploads\/2025\/09\/05-euskal-udaberria-2-ES-1.jpg\",\"contentUrl\":\"https:\/\/1975-2025erakusketa.eus\/wp-content\/uploads\/2025\/09\/05-euskal-udaberria-2-ES-1.jpg\",\"width\":800,\"height\":1200},{\"@type\":\"BreadcrumbList\",\"@id\":\"https:\/\/1975-2025erakusketa.eus\/es\/panela\/primavera-vasca\/#breadcrumb\",\"itemListElement\":[{\"@type\":\"ListItem\",\"position\":1,\"name\":\"Home\",\"item\":\"https:\/\/1975-2025erakusketa.eus\/es\/1975-2025\/\"},{\"@type\":\"ListItem\",\"position\":2,\"name\":\"Primavera vasca\"}]},{\"@type\":\"WebSite\",\"@id\":\"https:\/\/1975-2025erakusketa.eus\/es\/#website\",\"url\":\"https:\/\/1975-2025erakusketa.eus\/es\/\",\"name\":\"1975. Dena jokoan zegoen urtea\",\"description\":\"Trantsizio espainiarrak Euskal Herriaren bilakaeran izan zuen eraginaz gogoeta egiteko erakusketa\",\"publisher\":{\"@id\":\"https:\/\/1975-2025erakusketa.eus\/es\/#organization\"},\"potentialAction\":[{\"@type\":\"SearchAction\",\"target\":{\"@type\":\"EntryPoint\",\"urlTemplate\":\"https:\/\/1975-2025erakusketa.eus\/es\/?s={search_term_string}\"},\"query-input\":{\"@type\":\"PropertyValueSpecification\",\"valueRequired\":true,\"valueName\":\"search_term_string\"}}],\"inLanguage\":\"es\"},{\"@type\":\"Organization\",\"@id\":\"https:\/\/1975-2025erakusketa.eus\/es\/#organization\",\"name\":\"1975-2025\",\"url\":\"https:\/\/1975-2025erakusketa.eus\/es\/\",\"logo\":{\"@type\":\"ImageObject\",\"inLanguage\":\"es\",\"@id\":\"https:\/\/1975-2025erakusketa.eus\/es\/#\/schema\/logo\/image\/\",\"url\":\"https:\/\/1975-2025erakusketa.eus\/wp-content\/uploads\/2025\/08\/erakusketa-scaled.jpg\",\"contentUrl\":\"https:\/\/1975-2025erakusketa.eus\/wp-content\/uploads\/2025\/08\/erakusketa-scaled.jpg\",\"width\":2560,\"height\":2560,\"caption\":\"1975-2025\"},\"image\":{\"@id\":\"https:\/\/1975-2025erakusketa.eus\/es\/#\/schema\/logo\/image\/\"}}]}<\/script>\n<!-- \/ Yoast SEO plugin. -->","yoast_head_json":{"title":"Primavera vasca - 1975: Dena jokoan zegoen urtea","robots":{"index":"index","follow":"follow","max-snippet":"max-snippet:-1","max-image-preview":"max-image-preview:large","max-video-preview":"max-video-preview:-1"},"canonical":"https:\/\/1975-2025erakusketa.eus\/es\/panela\/primavera-vasca\/","og_locale":"es_ES","og_type":"article","og_title":"Primavera vasca - 1975: Dena jokoan zegoen urtea","og_description":"Primaveravasca Primeros brotes verdes en Euskal Herria El escultor Jorge Oteiza en la ubicaci\u00f3n de los catorce ap\u00f3stoles y la piedad en el Santuario de Arantzazu, en 1968. Foto: Plazaola. Oteiza Museoa\/Wikimedia commons. Desde la postguerra hasta mediados de la d\u00e9cada de los 50 no se vislumbr\u00f3 ning\u00fan rayo de luz en la cultura y [&hellip;]","og_url":"https:\/\/1975-2025erakusketa.eus\/es\/panela\/primavera-vasca\/","og_site_name":"1975: Dena jokoan zegoen urtea","article_modified_time":"2025-09-10T07:30:08+00:00","og_image":[{"width":800,"height":1200,"url":"https:\/\/1975-2025erakusketa.eus\/wp-content\/uploads\/2025\/09\/05-euskal-udaberria-2-ES-1.jpg","type":"image\/jpeg"}],"twitter_card":"summary_large_image","twitter_misc":{"Tiempo de lectura":"1 minuto"},"schema":{"@context":"https:\/\/schema.org","@graph":[{"@type":"WebPage","@id":"https:\/\/1975-2025erakusketa.eus\/es\/panela\/primavera-vasca\/","url":"https:\/\/1975-2025erakusketa.eus\/es\/panela\/primavera-vasca\/","name":"Primavera vasca - 1975: Dena jokoan zegoen urtea","isPartOf":{"@id":"https:\/\/1975-2025erakusketa.eus\/es\/#website"},"primaryImageOfPage":{"@id":"https:\/\/1975-2025erakusketa.eus\/es\/panela\/primavera-vasca\/#primaryimage"},"image":{"@id":"https:\/\/1975-2025erakusketa.eus\/es\/panela\/primavera-vasca\/#primaryimage"},"thumbnailUrl":"https:\/\/1975-2025erakusketa.eus\/wp-content\/uploads\/2025\/09\/05-euskal-udaberria-2-ES-1.jpg","datePublished":"2025-07-30T07:34:39+00:00","dateModified":"2025-09-10T07:30:08+00:00","breadcrumb":{"@id":"https:\/\/1975-2025erakusketa.eus\/es\/panela\/primavera-vasca\/#breadcrumb"},"inLanguage":"es","potentialAction":[{"@type":"ReadAction","target":["https:\/\/1975-2025erakusketa.eus\/es\/panela\/primavera-vasca\/"]}]},{"@type":"ImageObject","inLanguage":"es","@id":"https:\/\/1975-2025erakusketa.eus\/es\/panela\/primavera-vasca\/#primaryimage","url":"https:\/\/1975-2025erakusketa.eus\/wp-content\/uploads\/2025\/09\/05-euskal-udaberria-2-ES-1.jpg","contentUrl":"https:\/\/1975-2025erakusketa.eus\/wp-content\/uploads\/2025\/09\/05-euskal-udaberria-2-ES-1.jpg","width":800,"height":1200},{"@type":"BreadcrumbList","@id":"https:\/\/1975-2025erakusketa.eus\/es\/panela\/primavera-vasca\/#breadcrumb","itemListElement":[{"@type":"ListItem","position":1,"name":"Home","item":"https:\/\/1975-2025erakusketa.eus\/es\/1975-2025\/"},{"@type":"ListItem","position":2,"name":"Primavera vasca"}]},{"@type":"WebSite","@id":"https:\/\/1975-2025erakusketa.eus\/es\/#website","url":"https:\/\/1975-2025erakusketa.eus\/es\/","name":"1975. Dena jokoan zegoen urtea","description":"Trantsizio espainiarrak Euskal Herriaren bilakaeran izan zuen eraginaz gogoeta egiteko erakusketa","publisher":{"@id":"https:\/\/1975-2025erakusketa.eus\/es\/#organization"},"potentialAction":[{"@type":"SearchAction","target":{"@type":"EntryPoint","urlTemplate":"https:\/\/1975-2025erakusketa.eus\/es\/?s={search_term_string}"},"query-input":{"@type":"PropertyValueSpecification","valueRequired":true,"valueName":"search_term_string"}}],"inLanguage":"es"},{"@type":"Organization","@id":"https:\/\/1975-2025erakusketa.eus\/es\/#organization","name":"1975-2025","url":"https:\/\/1975-2025erakusketa.eus\/es\/","logo":{"@type":"ImageObject","inLanguage":"es","@id":"https:\/\/1975-2025erakusketa.eus\/es\/#\/schema\/logo\/image\/","url":"https:\/\/1975-2025erakusketa.eus\/wp-content\/uploads\/2025\/08\/erakusketa-scaled.jpg","contentUrl":"https:\/\/1975-2025erakusketa.eus\/wp-content\/uploads\/2025\/08\/erakusketa-scaled.jpg","width":2560,"height":2560,"caption":"1975-2025"},"image":{"@id":"https:\/\/1975-2025erakusketa.eus\/es\/#\/schema\/logo\/image\/"}}]}},"_links":{"self":[{"href":"https:\/\/1975-2025erakusketa.eus\/es\/wp-json\/wp\/v2\/panela\/782","targetHints":{"allow":["GET"]}}],"collection":[{"href":"https:\/\/1975-2025erakusketa.eus\/es\/wp-json\/wp\/v2\/panela"}],"about":[{"href":"https:\/\/1975-2025erakusketa.eus\/es\/wp-json\/wp\/v2\/types\/panela"}],"version-history":[{"count":2,"href":"https:\/\/1975-2025erakusketa.eus\/es\/wp-json\/wp\/v2\/panela\/782\/revisions"}],"predecessor-version":[{"id":938,"href":"https:\/\/1975-2025erakusketa.eus\/es\/wp-json\/wp\/v2\/panela\/782\/revisions\/938"}],"wp:featuredmedia":[{"embeddable":true,"href":"https:\/\/1975-2025erakusketa.eus\/es\/wp-json\/wp\/v2\/media\/937"}],"wp:attachment":[{"href":"https:\/\/1975-2025erakusketa.eus\/es\/wp-json\/wp\/v2\/media?parent=782"}],"curies":[{"name":"wp","href":"https:\/\/api.w.org\/{rel}","templated":true}]}}