{"id":784,"date":"2025-07-30T09:35:29","date_gmt":"2025-07-30T07:35:29","guid":{"rendered":"https:\/\/1975-2025erakusketa.eus\/panela\/el-ano-en-el-que-todo-estaba-en-juego\/"},"modified":"2025-09-10T09:30:08","modified_gmt":"2025-09-10T07:30:08","slug":"el-ano-en-el-que-todo-estaba-en-juego","status":"publish","type":"panela","link":"https:\/\/1975-2025erakusketa.eus\/es\/panela\/el-ano-en-el-que-todo-estaba-en-juego\/","title":{"rendered":"El a\u00f1o en el que todo estaba en juego"},"content":{"rendered":"\t\t<div data-elementor-type=\"wp-post\" data-elementor-id=\"784\" class=\"elementor elementor-784 elementor-139\" data-elementor-post-type=\"panela\">\n\t\t\t\t<div class=\"elementor-element elementor-element-b21e907 e-flex e-con-boxed e-con e-parent\" data-id=\"b21e907\" data-element_type=\"container\">\n\t\t\t\t\t<div class=\"e-con-inner\">\n\t\t\t\t<div class=\"elementor-element elementor-element-48ed179 elementor-widget elementor-widget-heading\" data-id=\"48ed179\" data-element_type=\"widget\" data-widget_type=\"heading.default\">\n\t\t\t\t\t<h2 class=\"elementor-heading-title elementor-size-default\">1975. El a\u00f1o en el que todo estaba en juego\u2026<\/h2>\t\t\t\t<\/div>\n\t\t\t\t\t<\/div>\n\t\t\t\t<\/div>\n\t\t<div class=\"elementor-element elementor-element-4324304 e-flex e-con-boxed e-con e-child\" data-id=\"4324304\" data-element_type=\"container\">\n\t\t\t\t\t<div class=\"e-con-inner\">\n\t\t\t\t<div class=\"elementor-element elementor-element-4d9e17b elementor-widget elementor-widget-text-editor\" data-id=\"4d9e17b\" data-element_type=\"widget\" data-widget_type=\"text-editor.default\">\n\t\t\t\t\t\t\t\t\t<p><strong>20-01-1975<\/strong> El vecino de Sestao V\u00edctor Manuel P\u00e9rez Elexpe es asesinado a tiros por un guardia civil de paisano en las calles de Portugalete.<\/p>\n<p><strong>29-03-1975<\/strong> tentado mortal de ETApm en Donostia contra el subinspector de la Brigada Pol\u00edtico Social Jos\u00e9 D\u00edaz Linares.<\/p>\n<p><strong>30-03-1975<\/strong> Celebraci\u00f3n del Aberri Eguna. Adem\u00e1s de los partidos abertzales, otras fuerzas pol\u00edticas (algunas de ellas de \u00e1mbito estatal) tambi\u00e9n se adhieren a la convocatoria.<\/p>\n<p><strong>07-04-1975<\/strong> Primer atentado en Ipar Euskal Herria. Se considera la primera operaci\u00f3n armada llevada a cabo por los aparatos del Estado espa\u00f1ol. M\u00e1s adelante, la contrainteligencia espa\u00f1ola lo definir\u00eda como ATE (Anti Terrorismo ETA). ATE reivindic\u00f3 todas las acciones realizadas mediante bombas y ametrallamientos.<\/p>\n<p><strong>25-04-1975<\/strong> El dictador Francisco Franco decreta el \u00faltimo estado de excepci\u00f3n en Bizkaia y Gipuzkoa. La v\u00edspera, Mikel Gardoki es asesinado en Donostia en un tiroteo con la polic\u00eda. Durante los meses siguientes miles de personas ser\u00e1n detenidas en el marco de una salvaje razzia represiva. El mismo d\u00eda en que se declar\u00f3 el estado de excepci\u00f3n, el fiscal militar de la Capitan\u00eda de Burgos present\u00f3 sendas peticiones de pena de muerte contra los militantes de ETA Jose Antonio Garmendia Tupa y Angel Otaegi.<\/p>\n<p><strong>01-05-1974<\/strong> Nace LAB (Langile Abertzaleen Batzordeak), con vocaci\u00f3n de ser un sindicato amplio y representativo. Se define como organizaci\u00f3n de masas de un pueblo oprimido tambi\u00e9n nacionalmente: organizaci\u00f3n nacional y de clase.<\/p>\n<p><strong>15-05-1975<\/strong> El matrimonio formado por Blanca Salegi e I\u00f1aki Garai muere ametrallado por la Guardia Civil durante el asalto a su domicilio en Gernika. Poco despu\u00e9s, uno de los militantes de ETA que logr\u00f3 huir, Josu Markiegi Motriko, morir\u00e1 acribillado con m\u00e1s de cuarenta impactos de bala.<\/p>\n<p><strong>8-05-1975<\/strong> Se impone la censura informativa en el marco del estado de excepci\u00f3n.<\/p>\n<p><strong>06-06-1975<\/strong> Recrudecimiento de la guerra sucia. En un intento de atentado, dos mercenarios resultan muertos mientras colocan una bomba en el domicilio de los refugiados Jose Antonio Urrutikoetxea y Mikel Mugiro.<\/p>\n<p><strong>11-06-1975.<\/strong> Jornada de lucha contra la petici\u00f3n de pena de muerte para Tupa y Otaegi. Convocatoria de huelga general y movilizaciones en toda Euskal Herria. M\u00e1s de 5.000 personas se movilizan en ciudades como Barcelona, Valencia, Sevilla, Toulouse, Marsella, Burdeos y Par\u00eds.<\/p>\n<p><strong>21-06-1975<\/strong> La Cruz Roja Internacional solicita el archivo del sumario contra Garmendia.<\/p>\n<p><strong>30-06-1975<\/strong> Despu\u00e9s de que el agente infiltrado del SECED Mikel Lejarza El Lobo ocupara cargos de responsabilidad en ETApm, m\u00e1s de un centenar de militantes y colaboradores fueron detenidos y asesinados en el verano de 1975.<\/p>\n<p><strong>26-07-1975<\/strong> Se levanta el estado de excepci\u00f3n, que ha durado tres meses.<\/p>\n<p><strong>01-08-1975<\/strong> Se crea KAS, como coordinadora para la movilizaci\u00f3n contra las penas de muerte y con la funci\u00f3n de sumar las fuerzas de todas las formaciones independentistas y socialistas. LAIA, EAS y HAS (posteriormente EHAS), LAB, LAK y ELI, ETAm y ETApm acuerdan hacer p\u00fablico el nacimiento de KAS. Un a\u00f1o despu\u00e9s presentar\u00e1 la alternativa t\u00e1ctica para Hego Euskal Herria.<\/p>\n<p><strong>26-08-1975<\/strong> Aprobaci\u00f3n de la Ley Antiterrorista franquista, precursora de toda la legislaci\u00f3n antiterrorista. Mediante decreto ley se establec\u00eda en cinco d\u00edas el plazo de detenci\u00f3n legal hasta pasar a disposici\u00f3n judicial.<\/p>\n<p><strong>29-08-1975<\/strong> Se celebra en Burgos el consejo de guerra contra Garmendia y Otaegi. Son declarados culpables y el d\u00eda 30 se hace p\u00fablica la sentencia: condena a muerte por terrorismo.<\/p>\n<p><strong>27-09-1975<\/strong> Haciendo o\u00eddos sordos a las peticiones de clemencia del primer ministro sueco, Olof Palme, del presidente de M\u00e9xico, Luis Echeverr\u00eda, y del propio papa, Pablo VI, el Consejo de Ministros ratifica las penas de muerte contra Txiki y Otaegi, conmutando la de Garmendia por cadena perpetua.<\/p>\n<p><strong>06-10-1975<\/strong> Primera v\u00edctima mortal por atentados parapoliciales: I\u00f1aki Etxabe muere ametrallado en Kanpazar (Arrasate).<\/p>\n<p><strong>25-10-1975<\/strong> El embajador de EEUU empieza a reunirse con Felipe Gonz\u00e1lez. Por documentos desclasificados, hoy sabemos que para entonces el PSOE estaba dispuesto a darle una oportunidad a Juan Carlos.<\/p>\n<p><strong>20-11-1975<\/strong> Muere Francisco Franco, a punto de cumplir 83 a\u00f1os.<\/p>\n<p><strong>22-11-1975<\/strong> Juan Carlos de Borb\u00f3n es nombrado jefe del Estado por las Cortes franquistas.<\/p>\n<p><strong>24-11-1975<\/strong> Atentado mortal de ETA en Oiartzun contra el alcalde de la localidad, Antonio Etxeberria Albisu, en su primera acci\u00f3n tras la muerte de Franco. Al d\u00eda siguiente, ETA difund\u00eda un comunicado pidiendo la dimisi\u00f3n de los alcaldes franquistas.<\/p>\n<p><strong>02-12-1975<\/strong> La monarqu\u00eda se estrena con viejos m\u00e9todos: Koldo L\u00f3pez de Gere\u00f1u es asesinado a tiros por la Guardia Civil.<\/p>\n<p><strong>11-12-1975<\/strong> Se constituye el primer Gobierno de la Monarqu\u00eda, presidido por Carlos Arias Navarro. Juan Carlos de Borb\u00f3n nombra un Gobierno que garantiza la continuidad del r\u00e9gimen.<\/p>\n<p><strong>25-12-1975<\/strong> Masivas manifestaciones pro amnist\u00eda en Iru\u00f1ea, Bilbo y otras localidades de Euskal Herria.<\/p>\n\t\t\t\t\t\t\t\t<\/div>\n\t\t\t\t\t<\/div>\n\t\t\t\t<\/div>\n\t\t<div class=\"elementor-element elementor-element-ee7fc34 e-flex e-con-boxed e-con e-parent\" data-id=\"ee7fc34\" data-element_type=\"container\">\n\t\t\t\t\t<div class=\"e-con-inner\">\n\t\t\t\t<div class=\"elementor-element elementor-element-00da0c7 elementor-widget elementor-widget-template\" data-id=\"00da0c7\" data-element_type=\"widget\" data-widget_type=\"template.default\">\n\t\t\t\t<div class=\"elementor-widget-container\">\n\t\t\t\t\t\t\t<div class=\"elementor-template\">\n\t\t\t\t\t<div data-elementor-type=\"container\" data-elementor-id=\"403\" class=\"elementor elementor-403\" data-elementor-post-type=\"elementor_library\">\n\t\t\t\t<div class=\"elementor-element elementor-element-1efa1886 e-flex e-con-boxed e-con e-parent\" data-id=\"1efa1886\" data-element_type=\"container\">\n\t\t\t\t\t<div class=\"e-con-inner\">\n\t\t\t\t<div class=\"elementor-element elementor-element-8417b4b elementor-hidden-mobile elementor-post-navigation-borders-yes elementor-widget elementor-widget-post-navigation\" data-id=\"8417b4b\" data-element_type=\"widget\" data-widget_type=\"post-navigation.default\">\n\t\t\t\t\t\t\t<div class=\"elementor-post-navigation\" role=\"navigation\" aria-label=\"Navegaci\u00f3n de la entrada\">\n\t\t\t<div class=\"elementor-post-navigation__prev elementor-post-navigation__link\">\n\t\t\t\t<a href=\"https:\/\/1975-2025erakusketa.eus\/es\/panela\/primavera-vasca\/\" rel=\"prev\"><span class=\"post-navigation__arrow-wrapper post-navigation__arrow-prev\"><svg aria-hidden=\"true\" class=\"e-font-icon-svg e-fas-angle-left\" viewBox=\"0 0 256 512\" xmlns=\"http:\/\/www.w3.org\/2000\/svg\"><path d=\"M31.7 239l136-136c9.4-9.4 24.6-9.4 33.9 0l22.6 22.6c9.4 9.4 9.4 24.6 0 33.9L127.9 256l96.4 96.4c9.4 9.4 9.4 24.6 0 33.9L201.7 409c-9.4 9.4-24.6 9.4-33.9 0l-136-136c-9.5-9.4-9.5-24.6-.1-34z\"><\/path><\/svg><span class=\"elementor-screen-only\">Ant<\/span><\/span><span class=\"elementor-post-navigation__link__prev\"><span class=\"post-navigation__prev--label\">Atzera<\/span><span class=\"post-navigation__prev--title\">Primavera vasca<\/span><\/span><\/a>\t\t\t<\/div>\n\t\t\t\t\t\t\t<div class=\"elementor-post-navigation__separator-wrapper\">\n\t\t\t\t\t<div class=\"elementor-post-navigation__separator\"><\/div>\n\t\t\t\t<\/div>\n\t\t\t\t\t\t<div class=\"elementor-post-navigation__next elementor-post-navigation__link\">\n\t\t\t\t<a href=\"https:\/\/1975-2025erakusketa.eus\/es\/panela\/convocatoria-unitaria-en-gernika\/\" rel=\"next\"><span class=\"elementor-post-navigation__link__next\"><span class=\"post-navigation__next--label\">Aurrera<\/span><span class=\"post-navigation__next--title\">Convocatoria unitaria en Gernika<\/span><\/span><span class=\"post-navigation__arrow-wrapper post-navigation__arrow-next\"><svg aria-hidden=\"true\" class=\"e-font-icon-svg e-fas-angle-right\" viewBox=\"0 0 256 512\" xmlns=\"http:\/\/www.w3.org\/2000\/svg\"><path d=\"M224.3 273l-136 136c-9.4 9.4-24.6 9.4-33.9 0l-22.6-22.6c-9.4-9.4-9.4-24.6 0-33.9l96.4-96.4-96.4-96.4c-9.4-9.4-9.4-24.6 0-33.9L54.3 103c9.4-9.4 24.6-9.4 33.9 0l136 136c9.5 9.4 9.5 24.6.1 34z\"><\/path><\/svg><span class=\"elementor-screen-only\">Siguiente<\/span><\/span><\/a>\t\t\t<\/div>\n\t\t<\/div>\n\t\t\t\t\t\t<\/div>\n\t\t\t\t<div class=\"elementor-element elementor-element-af6c8ae elementor-hidden-desktop elementor-hidden-tablet elementor-post-navigation-borders-yes elementor-widget elementor-widget-post-navigation\" data-id=\"af6c8ae\" data-element_type=\"widget\" data-widget_type=\"post-navigation.default\">\n\t\t\t\t\t\t\t<div class=\"elementor-post-navigation\" role=\"navigation\" aria-label=\"Navegaci\u00f3n de la entrada\">\n\t\t\t<div class=\"elementor-post-navigation__prev elementor-post-navigation__link\">\n\t\t\t\t<a href=\"https:\/\/1975-2025erakusketa.eus\/es\/panela\/primavera-vasca\/\" rel=\"prev\"><span class=\"post-navigation__arrow-wrapper post-navigation__arrow-prev\"><svg aria-hidden=\"true\" class=\"e-font-icon-svg e-fas-angle-left\" viewBox=\"0 0 256 512\" xmlns=\"http:\/\/www.w3.org\/2000\/svg\"><path d=\"M31.7 239l136-136c9.4-9.4 24.6-9.4 33.9 0l22.6 22.6c9.4 9.4 9.4 24.6 0 33.9L127.9 256l96.4 96.4c9.4 9.4 9.4 24.6 0 33.9L201.7 409c-9.4 9.4-24.6 9.4-33.9 0l-136-136c-9.5-9.4-9.5-24.6-.1-34z\"><\/path><\/svg><span class=\"elementor-screen-only\">Ant<\/span><\/span><span class=\"elementor-post-navigation__link__prev\"><span class=\"post-navigation__prev--label\">Atzera<\/span><\/span><\/a>\t\t\t<\/div>\n\t\t\t\t\t\t\t<div class=\"elementor-post-navigation__separator-wrapper\">\n\t\t\t\t\t<div class=\"elementor-post-navigation__separator\"><\/div>\n\t\t\t\t<\/div>\n\t\t\t\t\t\t<div class=\"elementor-post-navigation__next elementor-post-navigation__link\">\n\t\t\t\t<a href=\"https:\/\/1975-2025erakusketa.eus\/es\/panela\/convocatoria-unitaria-en-gernika\/\" rel=\"next\"><span class=\"elementor-post-navigation__link__next\"><span class=\"post-navigation__next--label\">Aurrera<\/span><\/span><span class=\"post-navigation__arrow-wrapper post-navigation__arrow-next\"><svg aria-hidden=\"true\" class=\"e-font-icon-svg e-fas-angle-right\" viewBox=\"0 0 256 512\" xmlns=\"http:\/\/www.w3.org\/2000\/svg\"><path d=\"M224.3 273l-136 136c-9.4 9.4-24.6 9.4-33.9 0l-22.6-22.6c-9.4-9.4-9.4-24.6 0-33.9l96.4-96.4-96.4-96.4c-9.4-9.4-9.4-24.6 0-33.9L54.3 103c9.4-9.4 24.6-9.4 33.9 0l136 136c9.5 9.4 9.5 24.6.1 34z\"><\/path><\/svg><span class=\"elementor-screen-only\">Siguiente<\/span><\/span><\/a>\t\t\t<\/div>\n\t\t<\/div>\n\t\t\t\t\t\t<\/div>\n\t\t\t\t\t<\/div>\n\t\t\t\t<\/div>\n\t\t\t\t<\/div>\n\t\t\t\t<\/div>\n\t\t\t\t\t\t<\/div>\n\t\t\t\t<\/div>\n\t\t\t\t\t<\/div>\n\t\t\t\t<\/div>\n\t\t\t\t<\/div>\n\t\t","protected":false},"featured_media":668,"template":"","meta":{"_acf_changed":false},"class_list":["post-784","panela","type-panela","status-publish","has-post-thumbnail","hentry"],"acf":[],"yoast_head":"<!-- This site is optimized with the Yoast SEO plugin v26.7 - https:\/\/yoast.com\/wordpress\/plugins\/seo\/ -->\n<title>El a\u00f1o en el que todo estaba en juego - 1975: Dena jokoan zegoen urtea<\/title>\n<meta name=\"robots\" content=\"index, follow, max-snippet:-1, max-image-preview:large, max-video-preview:-1\" \/>\n<link rel=\"canonical\" href=\"https:\/\/1975-2025erakusketa.eus\/es\/panela\/el-ano-en-el-que-todo-estaba-en-juego\/\" \/>\n<meta property=\"og:locale\" content=\"es_ES\" \/>\n<meta property=\"og:type\" content=\"article\" \/>\n<meta property=\"og:title\" content=\"El a\u00f1o en el que todo estaba en juego - 1975: Dena jokoan zegoen urtea\" \/>\n<meta property=\"og:description\" content=\"1975. El a\u00f1o en el que todo estaba en juego\u2026 20-01-1975 El vecino de Sestao V\u00edctor Manuel P\u00e9rez Elexpe es asesinado a tiros por un guardia civil de paisano en las calles de Portugalete. 29-03-1975 tentado mortal de ETApm en Donostia contra el subinspector de la Brigada Pol\u00edtico Social Jos\u00e9 D\u00edaz Linares. 30-03-1975 Celebraci\u00f3n del [&hellip;]\" \/>\n<meta property=\"og:url\" content=\"https:\/\/1975-2025erakusketa.eus\/es\/panela\/el-ano-en-el-que-todo-estaba-en-juego\/\" \/>\n<meta property=\"og:site_name\" content=\"1975: Dena jokoan zegoen urtea\" \/>\n<meta property=\"article:modified_time\" content=\"2025-09-10T07:30:08+00:00\" \/>\n<meta property=\"og:image\" content=\"https:\/\/1975-2025erakusketa.eus\/wp-content\/uploads\/2025\/09\/06-1975-ES.jpg\" \/>\n\t<meta property=\"og:image:width\" content=\"800\" \/>\n\t<meta property=\"og:image:height\" content=\"1200\" \/>\n\t<meta property=\"og:image:type\" content=\"image\/jpeg\" \/>\n<meta name=\"twitter:card\" content=\"summary_large_image\" \/>\n<meta name=\"twitter:label1\" content=\"Tiempo de lectura\" \/>\n\t<meta name=\"twitter:data1\" content=\"4 minutos\" \/>\n<script type=\"application\/ld+json\" class=\"yoast-schema-graph\">{\"@context\":\"https:\/\/schema.org\",\"@graph\":[{\"@type\":\"WebPage\",\"@id\":\"https:\/\/1975-2025erakusketa.eus\/es\/panela\/el-ano-en-el-que-todo-estaba-en-juego\/\",\"url\":\"https:\/\/1975-2025erakusketa.eus\/es\/panela\/el-ano-en-el-que-todo-estaba-en-juego\/\",\"name\":\"El a\u00f1o en el que todo estaba en juego - 1975: Dena jokoan zegoen urtea\",\"isPartOf\":{\"@id\":\"https:\/\/1975-2025erakusketa.eus\/es\/#website\"},\"primaryImageOfPage\":{\"@id\":\"https:\/\/1975-2025erakusketa.eus\/es\/panela\/el-ano-en-el-que-todo-estaba-en-juego\/#primaryimage\"},\"image\":{\"@id\":\"https:\/\/1975-2025erakusketa.eus\/es\/panela\/el-ano-en-el-que-todo-estaba-en-juego\/#primaryimage\"},\"thumbnailUrl\":\"https:\/\/1975-2025erakusketa.eus\/wp-content\/uploads\/2025\/09\/06-1975-ES.jpg\",\"datePublished\":\"2025-07-30T07:35:29+00:00\",\"dateModified\":\"2025-09-10T07:30:08+00:00\",\"breadcrumb\":{\"@id\":\"https:\/\/1975-2025erakusketa.eus\/es\/panela\/el-ano-en-el-que-todo-estaba-en-juego\/#breadcrumb\"},\"inLanguage\":\"es\",\"potentialAction\":[{\"@type\":\"ReadAction\",\"target\":[\"https:\/\/1975-2025erakusketa.eus\/es\/panela\/el-ano-en-el-que-todo-estaba-en-juego\/\"]}]},{\"@type\":\"ImageObject\",\"inLanguage\":\"es\",\"@id\":\"https:\/\/1975-2025erakusketa.eus\/es\/panela\/el-ano-en-el-que-todo-estaba-en-juego\/#primaryimage\",\"url\":\"https:\/\/1975-2025erakusketa.eus\/wp-content\/uploads\/2025\/09\/06-1975-ES.jpg\",\"contentUrl\":\"https:\/\/1975-2025erakusketa.eus\/wp-content\/uploads\/2025\/09\/06-1975-ES.jpg\",\"width\":800,\"height\":1200},{\"@type\":\"BreadcrumbList\",\"@id\":\"https:\/\/1975-2025erakusketa.eus\/es\/panela\/el-ano-en-el-que-todo-estaba-en-juego\/#breadcrumb\",\"itemListElement\":[{\"@type\":\"ListItem\",\"position\":1,\"name\":\"Home\",\"item\":\"https:\/\/1975-2025erakusketa.eus\/es\/1975-2025\/\"},{\"@type\":\"ListItem\",\"position\":2,\"name\":\"El a\u00f1o en el que todo estaba en juego\"}]},{\"@type\":\"WebSite\",\"@id\":\"https:\/\/1975-2025erakusketa.eus\/es\/#website\",\"url\":\"https:\/\/1975-2025erakusketa.eus\/es\/\",\"name\":\"1975. Dena jokoan zegoen urtea\",\"description\":\"Trantsizio espainiarrak Euskal Herriaren bilakaeran izan zuen eraginaz gogoeta egiteko erakusketa\",\"publisher\":{\"@id\":\"https:\/\/1975-2025erakusketa.eus\/es\/#organization\"},\"potentialAction\":[{\"@type\":\"SearchAction\",\"target\":{\"@type\":\"EntryPoint\",\"urlTemplate\":\"https:\/\/1975-2025erakusketa.eus\/es\/?s={search_term_string}\"},\"query-input\":{\"@type\":\"PropertyValueSpecification\",\"valueRequired\":true,\"valueName\":\"search_term_string\"}}],\"inLanguage\":\"es\"},{\"@type\":\"Organization\",\"@id\":\"https:\/\/1975-2025erakusketa.eus\/es\/#organization\",\"name\":\"1975-2025\",\"url\":\"https:\/\/1975-2025erakusketa.eus\/es\/\",\"logo\":{\"@type\":\"ImageObject\",\"inLanguage\":\"es\",\"@id\":\"https:\/\/1975-2025erakusketa.eus\/es\/#\/schema\/logo\/image\/\",\"url\":\"https:\/\/1975-2025erakusketa.eus\/wp-content\/uploads\/2025\/08\/erakusketa-scaled.jpg\",\"contentUrl\":\"https:\/\/1975-2025erakusketa.eus\/wp-content\/uploads\/2025\/08\/erakusketa-scaled.jpg\",\"width\":2560,\"height\":2560,\"caption\":\"1975-2025\"},\"image\":{\"@id\":\"https:\/\/1975-2025erakusketa.eus\/es\/#\/schema\/logo\/image\/\"}}]}<\/script>\n<!-- \/ Yoast SEO plugin. -->","yoast_head_json":{"title":"El a\u00f1o en el que todo estaba en juego - 1975: Dena jokoan zegoen urtea","robots":{"index":"index","follow":"follow","max-snippet":"max-snippet:-1","max-image-preview":"max-image-preview:large","max-video-preview":"max-video-preview:-1"},"canonical":"https:\/\/1975-2025erakusketa.eus\/es\/panela\/el-ano-en-el-que-todo-estaba-en-juego\/","og_locale":"es_ES","og_type":"article","og_title":"El a\u00f1o en el que todo estaba en juego - 1975: Dena jokoan zegoen urtea","og_description":"1975. El a\u00f1o en el que todo estaba en juego\u2026 20-01-1975 El vecino de Sestao V\u00edctor Manuel P\u00e9rez Elexpe es asesinado a tiros por un guardia civil de paisano en las calles de Portugalete. 29-03-1975 tentado mortal de ETApm en Donostia contra el subinspector de la Brigada Pol\u00edtico Social Jos\u00e9 D\u00edaz Linares. 30-03-1975 Celebraci\u00f3n del [&hellip;]","og_url":"https:\/\/1975-2025erakusketa.eus\/es\/panela\/el-ano-en-el-que-todo-estaba-en-juego\/","og_site_name":"1975: Dena jokoan zegoen urtea","article_modified_time":"2025-09-10T07:30:08+00:00","og_image":[{"width":800,"height":1200,"url":"https:\/\/1975-2025erakusketa.eus\/wp-content\/uploads\/2025\/09\/06-1975-ES.jpg","type":"image\/jpeg"}],"twitter_card":"summary_large_image","twitter_misc":{"Tiempo de lectura":"4 minutos"},"schema":{"@context":"https:\/\/schema.org","@graph":[{"@type":"WebPage","@id":"https:\/\/1975-2025erakusketa.eus\/es\/panela\/el-ano-en-el-que-todo-estaba-en-juego\/","url":"https:\/\/1975-2025erakusketa.eus\/es\/panela\/el-ano-en-el-que-todo-estaba-en-juego\/","name":"El a\u00f1o en el que todo estaba en juego - 1975: Dena jokoan zegoen urtea","isPartOf":{"@id":"https:\/\/1975-2025erakusketa.eus\/es\/#website"},"primaryImageOfPage":{"@id":"https:\/\/1975-2025erakusketa.eus\/es\/panela\/el-ano-en-el-que-todo-estaba-en-juego\/#primaryimage"},"image":{"@id":"https:\/\/1975-2025erakusketa.eus\/es\/panela\/el-ano-en-el-que-todo-estaba-en-juego\/#primaryimage"},"thumbnailUrl":"https:\/\/1975-2025erakusketa.eus\/wp-content\/uploads\/2025\/09\/06-1975-ES.jpg","datePublished":"2025-07-30T07:35:29+00:00","dateModified":"2025-09-10T07:30:08+00:00","breadcrumb":{"@id":"https:\/\/1975-2025erakusketa.eus\/es\/panela\/el-ano-en-el-que-todo-estaba-en-juego\/#breadcrumb"},"inLanguage":"es","potentialAction":[{"@type":"ReadAction","target":["https:\/\/1975-2025erakusketa.eus\/es\/panela\/el-ano-en-el-que-todo-estaba-en-juego\/"]}]},{"@type":"ImageObject","inLanguage":"es","@id":"https:\/\/1975-2025erakusketa.eus\/es\/panela\/el-ano-en-el-que-todo-estaba-en-juego\/#primaryimage","url":"https:\/\/1975-2025erakusketa.eus\/wp-content\/uploads\/2025\/09\/06-1975-ES.jpg","contentUrl":"https:\/\/1975-2025erakusketa.eus\/wp-content\/uploads\/2025\/09\/06-1975-ES.jpg","width":800,"height":1200},{"@type":"BreadcrumbList","@id":"https:\/\/1975-2025erakusketa.eus\/es\/panela\/el-ano-en-el-que-todo-estaba-en-juego\/#breadcrumb","itemListElement":[{"@type":"ListItem","position":1,"name":"Home","item":"https:\/\/1975-2025erakusketa.eus\/es\/1975-2025\/"},{"@type":"ListItem","position":2,"name":"El a\u00f1o en el que todo estaba en juego"}]},{"@type":"WebSite","@id":"https:\/\/1975-2025erakusketa.eus\/es\/#website","url":"https:\/\/1975-2025erakusketa.eus\/es\/","name":"1975. Dena jokoan zegoen urtea","description":"Trantsizio espainiarrak Euskal Herriaren bilakaeran izan zuen eraginaz gogoeta egiteko erakusketa","publisher":{"@id":"https:\/\/1975-2025erakusketa.eus\/es\/#organization"},"potentialAction":[{"@type":"SearchAction","target":{"@type":"EntryPoint","urlTemplate":"https:\/\/1975-2025erakusketa.eus\/es\/?s={search_term_string}"},"query-input":{"@type":"PropertyValueSpecification","valueRequired":true,"valueName":"search_term_string"}}],"inLanguage":"es"},{"@type":"Organization","@id":"https:\/\/1975-2025erakusketa.eus\/es\/#organization","name":"1975-2025","url":"https:\/\/1975-2025erakusketa.eus\/es\/","logo":{"@type":"ImageObject","inLanguage":"es","@id":"https:\/\/1975-2025erakusketa.eus\/es\/#\/schema\/logo\/image\/","url":"https:\/\/1975-2025erakusketa.eus\/wp-content\/uploads\/2025\/08\/erakusketa-scaled.jpg","contentUrl":"https:\/\/1975-2025erakusketa.eus\/wp-content\/uploads\/2025\/08\/erakusketa-scaled.jpg","width":2560,"height":2560,"caption":"1975-2025"},"image":{"@id":"https:\/\/1975-2025erakusketa.eus\/es\/#\/schema\/logo\/image\/"}}]}},"_links":{"self":[{"href":"https:\/\/1975-2025erakusketa.eus\/es\/wp-json\/wp\/v2\/panela\/784","targetHints":{"allow":["GET"]}}],"collection":[{"href":"https:\/\/1975-2025erakusketa.eus\/es\/wp-json\/wp\/v2\/panela"}],"about":[{"href":"https:\/\/1975-2025erakusketa.eus\/es\/wp-json\/wp\/v2\/types\/panela"}],"version-history":[{"count":1,"href":"https:\/\/1975-2025erakusketa.eus\/es\/wp-json\/wp\/v2\/panela\/784\/revisions"}],"predecessor-version":[{"id":785,"href":"https:\/\/1975-2025erakusketa.eus\/es\/wp-json\/wp\/v2\/panela\/784\/revisions\/785"}],"wp:featuredmedia":[{"embeddable":true,"href":"https:\/\/1975-2025erakusketa.eus\/es\/wp-json\/wp\/v2\/media\/668"}],"wp:attachment":[{"href":"https:\/\/1975-2025erakusketa.eus\/es\/wp-json\/wp\/v2\/media?parent=784"}],"curies":[{"name":"wp","href":"https:\/\/api.w.org\/{rel}","templated":true}]}}