{"id":798,"date":"2025-07-30T09:36:27","date_gmt":"2025-07-30T07:36:27","guid":{"rendered":"https:\/\/1975-2025erakusketa.eus\/panela\/carcel-torturas-infiltraciones\/"},"modified":"2025-09-10T09:30:09","modified_gmt":"2025-09-10T07:30:09","slug":"carcel-torturas-infiltraciones","status":"publish","type":"panela","link":"https:\/\/1975-2025erakusketa.eus\/es\/panela\/carcel-torturas-infiltraciones\/","title":{"rendered":"C\u00e1rcel, torturas, infiltraciones\u2026"},"content":{"rendered":"\t\t<div data-elementor-type=\"wp-post\" data-elementor-id=\"798\" class=\"elementor elementor-798 elementor-142\" data-elementor-post-type=\"panela\">\n\t\t\t\t<div class=\"elementor-element elementor-element-a435413 e-flex e-con-boxed e-con e-parent\" data-id=\"a435413\" data-element_type=\"container\">\n\t\t\t\t\t<div class=\"e-con-inner\">\n\t\t\t\t<div class=\"elementor-element elementor-element-c1dff62 elementor-widget elementor-widget-heading\" data-id=\"c1dff62\" data-element_type=\"widget\" data-widget_type=\"heading.default\">\n\t\t\t\t\t<h2 class=\"elementor-heading-title elementor-size-default\">C\u00e1rcel, torturas,<br>infiltraciones...<\/h2>\t\t\t\t<\/div>\n\t\t\t\t<div class=\"elementor-element elementor-element-13ef2ee elementor-widget elementor-widget-heading\" data-id=\"13ef2ee\" data-element_type=\"widget\" data-widget_type=\"heading.default\">\n\t\t\t\t\t<h2 class=\"elementor-heading-title elementor-size-default\">Represi\u00f3n y estado de excepci\u00f3n<\/h2>\t\t\t\t<\/div>\n\t\t\t\t\t<\/div>\n\t\t\t\t<\/div>\n\t\t<div class=\"elementor-element elementor-element-87fed7b e-flex e-con-boxed e-con e-parent\" data-id=\"87fed7b\" data-element_type=\"container\">\n\t\t\t\t\t<div class=\"e-con-inner\">\n\t\t<div class=\"elementor-element elementor-element-8a95be8 e-con-full e-flex e-con e-child\" data-id=\"8a95be8\" data-element_type=\"container\">\n\t\t\t\t<div class=\"elementor-element elementor-element-a6feeb5 elementor-widget elementor-widget-image\" data-id=\"a6feeb5\" data-element_type=\"widget\" data-widget_type=\"image.default\">\n\t\t\t\t\t\t\t\t\t\t\t\t\t\t\t<img fetchpriority=\"high\" decoding=\"async\" width=\"2321\" height=\"1460\" src=\"https:\/\/1975-2025erakusketa.eus\/wp-content\/uploads\/2025\/07\/TORTURA-1.jpg\" class=\"attachment-full size-full wp-image-966\" alt=\"\" srcset=\"https:\/\/1975-2025erakusketa.eus\/wp-content\/uploads\/2025\/07\/TORTURA-1.jpg 2321w, https:\/\/1975-2025erakusketa.eus\/wp-content\/uploads\/2025\/07\/TORTURA-1-300x189.jpg 300w, https:\/\/1975-2025erakusketa.eus\/wp-content\/uploads\/2025\/07\/TORTURA-1-1024x644.jpg 1024w, https:\/\/1975-2025erakusketa.eus\/wp-content\/uploads\/2025\/07\/TORTURA-1-768x483.jpg 768w, https:\/\/1975-2025erakusketa.eus\/wp-content\/uploads\/2025\/07\/TORTURA-1-1536x966.jpg 1536w, https:\/\/1975-2025erakusketa.eus\/wp-content\/uploads\/2025\/07\/TORTURA-1-2048x1288.jpg 2048w\" sizes=\"(max-width: 2321px) 100vw, 2321px\" \/>\t\t\t\t\t\t\t\t\t\t\t\t\t\t\t<\/div>\n\t\t\t\t<\/div>\n\t\t\t\t\t<\/div>\n\t\t\t\t<\/div>\n\t\t<div class=\"elementor-element elementor-element-6a3f45b e-flex e-con-boxed e-con e-child\" data-id=\"6a3f45b\" data-element_type=\"container\">\n\t\t\t\t\t<div class=\"e-con-inner\">\n\t\t\t\t<div class=\"elementor-element elementor-element-0a619aa elementor-widget elementor-widget-text-editor\" data-id=\"0a619aa\" data-element_type=\"widget\" data-widget_type=\"text-editor.default\">\n\t\t\t\t\t\t\t\t\t<p><strong>C\u00e1rcel y dispersi\u00f3n<\/strong><br \/>El Estado espa\u00f1ol empieza a dispersar y alejar a las y los presos pol\u00edticos. Durante los primeros a\u00f1os tras el golpe fascista de 1936, las c\u00e1rceles de Larrinaga, Ondarreta, Gasteiz, Nanclares, Iru\u00f1ea, San Crist\u00f3bal y Saturraran acogieron a miles de represaliadas y represaliados (la de Saturraran era c\u00e1rcel de mujeres).<\/p>\n<p><strong>Proceso de Burgos<\/strong><br \/>A comienzos de la d\u00e9cada de 1970, un grupo de ciudadanas y ciudadanos vacos fue juzgado en el denominado Proceso de Burgos, que fue una muestra de la debilidad del franquismo y provoc\u00f3 las mayores movilizaciones habidas hasta la fecha en la historia de la dictadura (hasta el fusilamiento de Txiki y Otaegi y los tres miembros del FRAP), tanto en Euskal Herria como en los Estados espa\u00f1ol y franc\u00e9s y en otros pa\u00edses.<\/p>\n<p><strong>Detenciones y torturas<\/strong><br \/>En 1973 ETA ejecut\u00f3 a Carrero Blanco, tras lo cual se produjo la detenci\u00f3n y tortura de Eva Forest y Tasio Erkizia. La detenci\u00f3n de Eva Forest provoc\u00f3 una oleada de solidaridad feminista. Cambio de paradigma: ley antiterrorista (1975). A mediados del franquismo cambi\u00f3 el paradigma de la represi\u00f3n. Adem\u00e1s de detener a maquis y a republicanas y republicanos vencidos, comenzaron las detenciones de estudiantes como consecuencia de las protestas habidas en los a\u00f1os 50. <\/p>\n<p><strong>Infiltraci\u00f3n de El Lobo<\/strong><br \/>Mikel Lejarza El Lobo fue un agente infiltrado del SECED. Tras ocupar cargos de responsabilidad en ETApm, provoc\u00f3 la detenci\u00f3n de m\u00e1s de un centenar de militantes y colaboradores en el verano de 1975. Condujo a una emboscada al vecino de Legazpi Josu Mujika Beltza, que fue abatido a tiros por la Guardia Civil. El 30 de julio, Txiki y Wilson fueron detenidos como consecuencia de su infiltraci\u00f3n. A ra\u00edz de la \u00faltima redada provocada por El Lobo, el 18 de septiembre la polic\u00eda mat\u00f3 a tiros a Jose Ramon Mart\u00ednez Antia Montxo, y al d\u00eda siguiente al gernikarra Andoni Campillo Alkorta. A los tres militantes muertos en aquellas operaciones se les sumar\u00eda Txiki.<\/p>\n<p><strong>Estado de excepci\u00f3n<\/strong><br \/>Durante los tres meses que dur\u00f3 el estado de excepci\u00f3n, m\u00e1s de 4.000 personas pasaron por cuartelillos y comisar\u00edas, y seis personas fueron abatidas a tiros por la polic\u00eda. La represi\u00f3n se dirigi\u00f3 principalmente contra las dos organizaciones que llevaban el nombre de ETA, pero tambi\u00e9n golpe\u00f3 a organizaciones pol\u00edticas y sindicales, buscando su desarticulaci\u00f3n. Tambi\u00e9n detuvieron a cientos de militantes de LCR-ETA VI, MCE, PCE, PSOE y CCOO.<\/p>\n\t\t\t\t\t\t\t\t<\/div>\n\t\t\t\t\t<\/div>\n\t\t\t\t<\/div>\n\t\t<div class=\"elementor-element elementor-element-3473469 e-flex e-con-boxed e-con e-parent\" data-id=\"3473469\" data-element_type=\"container\">\n\t\t\t\t\t<div class=\"e-con-inner\">\n\t\t\t\t<div class=\"elementor-element elementor-element-505233b elementor-widget elementor-widget-template\" data-id=\"505233b\" data-element_type=\"widget\" data-widget_type=\"template.default\">\n\t\t\t\t<div class=\"elementor-widget-container\">\n\t\t\t\t\t\t\t<div class=\"elementor-template\">\n\t\t\t\t\t<div data-elementor-type=\"container\" data-elementor-id=\"403\" class=\"elementor elementor-403\" data-elementor-post-type=\"elementor_library\">\n\t\t\t\t<div class=\"elementor-element elementor-element-1efa1886 e-flex e-con-boxed e-con e-parent\" data-id=\"1efa1886\" data-element_type=\"container\">\n\t\t\t\t\t<div class=\"e-con-inner\">\n\t\t\t\t<div class=\"elementor-element elementor-element-8417b4b elementor-hidden-mobile elementor-post-navigation-borders-yes elementor-widget elementor-widget-post-navigation\" data-id=\"8417b4b\" data-element_type=\"widget\" data-widget_type=\"post-navigation.default\">\n\t\t\t\t\t\t\t<div class=\"elementor-post-navigation\" role=\"navigation\" aria-label=\"Navegaci\u00f3n de la entrada\">\n\t\t\t<div class=\"elementor-post-navigation__prev elementor-post-navigation__link\">\n\t\t\t\t<a href=\"https:\/\/1975-2025erakusketa.eus\/es\/panela\/convocatoria-unitaria-en-gernika\/\" rel=\"prev\"><span class=\"post-navigation__arrow-wrapper post-navigation__arrow-prev\"><svg aria-hidden=\"true\" class=\"e-font-icon-svg e-fas-angle-left\" viewBox=\"0 0 256 512\" xmlns=\"http:\/\/www.w3.org\/2000\/svg\"><path d=\"M31.7 239l136-136c9.4-9.4 24.6-9.4 33.9 0l22.6 22.6c9.4 9.4 9.4 24.6 0 33.9L127.9 256l96.4 96.4c9.4 9.4 9.4 24.6 0 33.9L201.7 409c-9.4 9.4-24.6 9.4-33.9 0l-136-136c-9.5-9.4-9.5-24.6-.1-34z\"><\/path><\/svg><span class=\"elementor-screen-only\">Ant<\/span><\/span><span class=\"elementor-post-navigation__link__prev\"><span class=\"post-navigation__prev--label\">Atzera<\/span><span class=\"post-navigation__prev--title\">Convocatoria unitaria en Gernika<\/span><\/span><\/a>\t\t\t<\/div>\n\t\t\t\t\t\t\t<div class=\"elementor-post-navigation__separator-wrapper\">\n\t\t\t\t\t<div class=\"elementor-post-navigation__separator\"><\/div>\n\t\t\t\t<\/div>\n\t\t\t\t\t\t<div class=\"elementor-post-navigation__next elementor-post-navigation__link\">\n\t\t\t\t<a href=\"https:\/\/1975-2025erakusketa.eus\/es\/panela\/tupa-otaegi-txiki\/\" rel=\"next\"><span class=\"elementor-post-navigation__link__next\"><span class=\"post-navigation__next--label\">Aurrera<\/span><span class=\"post-navigation__next--title\">Tupa, Otaegi, Txiki<\/span><\/span><span class=\"post-navigation__arrow-wrapper post-navigation__arrow-next\"><svg aria-hidden=\"true\" class=\"e-font-icon-svg e-fas-angle-right\" viewBox=\"0 0 256 512\" xmlns=\"http:\/\/www.w3.org\/2000\/svg\"><path d=\"M224.3 273l-136 136c-9.4 9.4-24.6 9.4-33.9 0l-22.6-22.6c-9.4-9.4-9.4-24.6 0-33.9l96.4-96.4-96.4-96.4c-9.4-9.4-9.4-24.6 0-33.9L54.3 103c9.4-9.4 24.6-9.4 33.9 0l136 136c9.5 9.4 9.5 24.6.1 34z\"><\/path><\/svg><span class=\"elementor-screen-only\">Siguiente<\/span><\/span><\/a>\t\t\t<\/div>\n\t\t<\/div>\n\t\t\t\t\t\t<\/div>\n\t\t\t\t<div class=\"elementor-element elementor-element-af6c8ae elementor-hidden-desktop elementor-hidden-tablet elementor-post-navigation-borders-yes elementor-widget elementor-widget-post-navigation\" data-id=\"af6c8ae\" data-element_type=\"widget\" data-widget_type=\"post-navigation.default\">\n\t\t\t\t\t\t\t<div class=\"elementor-post-navigation\" role=\"navigation\" aria-label=\"Navegaci\u00f3n de la entrada\">\n\t\t\t<div class=\"elementor-post-navigation__prev elementor-post-navigation__link\">\n\t\t\t\t<a href=\"https:\/\/1975-2025erakusketa.eus\/es\/panela\/convocatoria-unitaria-en-gernika\/\" rel=\"prev\"><span class=\"post-navigation__arrow-wrapper post-navigation__arrow-prev\"><svg aria-hidden=\"true\" class=\"e-font-icon-svg e-fas-angle-left\" viewBox=\"0 0 256 512\" xmlns=\"http:\/\/www.w3.org\/2000\/svg\"><path d=\"M31.7 239l136-136c9.4-9.4 24.6-9.4 33.9 0l22.6 22.6c9.4 9.4 9.4 24.6 0 33.9L127.9 256l96.4 96.4c9.4 9.4 9.4 24.6 0 33.9L201.7 409c-9.4 9.4-24.6 9.4-33.9 0l-136-136c-9.5-9.4-9.5-24.6-.1-34z\"><\/path><\/svg><span class=\"elementor-screen-only\">Ant<\/span><\/span><span class=\"elementor-post-navigation__link__prev\"><span class=\"post-navigation__prev--label\">Atzera<\/span><\/span><\/a>\t\t\t<\/div>\n\t\t\t\t\t\t\t<div class=\"elementor-post-navigation__separator-wrapper\">\n\t\t\t\t\t<div class=\"elementor-post-navigation__separator\"><\/div>\n\t\t\t\t<\/div>\n\t\t\t\t\t\t<div class=\"elementor-post-navigation__next elementor-post-navigation__link\">\n\t\t\t\t<a href=\"https:\/\/1975-2025erakusketa.eus\/es\/panela\/tupa-otaegi-txiki\/\" rel=\"next\"><span class=\"elementor-post-navigation__link__next\"><span class=\"post-navigation__next--label\">Aurrera<\/span><\/span><span class=\"post-navigation__arrow-wrapper post-navigation__arrow-next\"><svg aria-hidden=\"true\" class=\"e-font-icon-svg e-fas-angle-right\" viewBox=\"0 0 256 512\" xmlns=\"http:\/\/www.w3.org\/2000\/svg\"><path d=\"M224.3 273l-136 136c-9.4 9.4-24.6 9.4-33.9 0l-22.6-22.6c-9.4-9.4-9.4-24.6 0-33.9l96.4-96.4-96.4-96.4c-9.4-9.4-9.4-24.6 0-33.9L54.3 103c9.4-9.4 24.6-9.4 33.9 0l136 136c9.5 9.4 9.5 24.6.1 34z\"><\/path><\/svg><span class=\"elementor-screen-only\">Siguiente<\/span><\/span><\/a>\t\t\t<\/div>\n\t\t<\/div>\n\t\t\t\t\t\t<\/div>\n\t\t\t\t\t<\/div>\n\t\t\t\t<\/div>\n\t\t\t\t<\/div>\n\t\t\t\t<\/div>\n\t\t\t\t\t\t<\/div>\n\t\t\t\t<\/div>\n\t\t\t\t\t<\/div>\n\t\t\t\t<\/div>\n\t\t\t\t<\/div>\n\t\t","protected":false},"featured_media":942,"template":"","meta":{"_acf_changed":false},"class_list":["post-798","panela","type-panela","status-publish","has-post-thumbnail","hentry"],"acf":[],"yoast_head":"<!-- This site is optimized with the Yoast SEO plugin v26.7 - https:\/\/yoast.com\/wordpress\/plugins\/seo\/ -->\n<title>C\u00e1rcel, torturas, infiltraciones\u2026 - 1975: Dena jokoan zegoen urtea<\/title>\n<meta name=\"robots\" content=\"index, follow, max-snippet:-1, max-image-preview:large, max-video-preview:-1\" \/>\n<link rel=\"canonical\" href=\"https:\/\/1975-2025erakusketa.eus\/es\/panela\/carcel-torturas-infiltraciones\/\" \/>\n<meta property=\"og:locale\" content=\"es_ES\" \/>\n<meta property=\"og:type\" content=\"article\" \/>\n<meta property=\"og:title\" content=\"C\u00e1rcel, torturas, infiltraciones\u2026 - 1975: Dena jokoan zegoen urtea\" \/>\n<meta property=\"og:description\" content=\"C\u00e1rcel, torturas,infiltraciones&#8230; Represi\u00f3n y estado de excepci\u00f3n C\u00e1rcel y dispersi\u00f3nEl Estado espa\u00f1ol empieza a dispersar y alejar a las y los presos pol\u00edticos. Durante los primeros a\u00f1os tras el golpe fascista de 1936, las c\u00e1rceles de Larrinaga, Ondarreta, Gasteiz, Nanclares, Iru\u00f1ea, San Crist\u00f3bal y Saturraran acogieron a miles de represaliadas y represaliados (la de Saturraran [&hellip;]\" \/>\n<meta property=\"og:url\" content=\"https:\/\/1975-2025erakusketa.eus\/es\/panela\/carcel-torturas-infiltraciones\/\" \/>\n<meta property=\"og:site_name\" content=\"1975: Dena jokoan zegoen urtea\" \/>\n<meta property=\"article:modified_time\" content=\"2025-09-10T07:30:09+00:00\" \/>\n<meta property=\"og:image\" content=\"https:\/\/1975-2025erakusketa.eus\/wp-content\/uploads\/2025\/09\/08-kartzela-torturak-2-ES.jpg\" \/>\n\t<meta property=\"og:image:width\" content=\"800\" \/>\n\t<meta property=\"og:image:height\" content=\"1200\" \/>\n\t<meta property=\"og:image:type\" content=\"image\/jpeg\" \/>\n<meta name=\"twitter:card\" content=\"summary_large_image\" \/>\n<meta name=\"twitter:label1\" content=\"Tiempo de lectura\" \/>\n\t<meta name=\"twitter:data1\" content=\"2 minutos\" \/>\n<script type=\"application\/ld+json\" class=\"yoast-schema-graph\">{\"@context\":\"https:\/\/schema.org\",\"@graph\":[{\"@type\":\"WebPage\",\"@id\":\"https:\/\/1975-2025erakusketa.eus\/es\/panela\/carcel-torturas-infiltraciones\/\",\"url\":\"https:\/\/1975-2025erakusketa.eus\/es\/panela\/carcel-torturas-infiltraciones\/\",\"name\":\"C\u00e1rcel, torturas, infiltraciones\u2026 - 1975: Dena jokoan zegoen urtea\",\"isPartOf\":{\"@id\":\"https:\/\/1975-2025erakusketa.eus\/es\/#website\"},\"primaryImageOfPage\":{\"@id\":\"https:\/\/1975-2025erakusketa.eus\/es\/panela\/carcel-torturas-infiltraciones\/#primaryimage\"},\"image\":{\"@id\":\"https:\/\/1975-2025erakusketa.eus\/es\/panela\/carcel-torturas-infiltraciones\/#primaryimage\"},\"thumbnailUrl\":\"https:\/\/1975-2025erakusketa.eus\/wp-content\/uploads\/2025\/09\/08-kartzela-torturak-2-ES.jpg\",\"datePublished\":\"2025-07-30T07:36:27+00:00\",\"dateModified\":\"2025-09-10T07:30:09+00:00\",\"breadcrumb\":{\"@id\":\"https:\/\/1975-2025erakusketa.eus\/es\/panela\/carcel-torturas-infiltraciones\/#breadcrumb\"},\"inLanguage\":\"es\",\"potentialAction\":[{\"@type\":\"ReadAction\",\"target\":[\"https:\/\/1975-2025erakusketa.eus\/es\/panela\/carcel-torturas-infiltraciones\/\"]}]},{\"@type\":\"ImageObject\",\"inLanguage\":\"es\",\"@id\":\"https:\/\/1975-2025erakusketa.eus\/es\/panela\/carcel-torturas-infiltraciones\/#primaryimage\",\"url\":\"https:\/\/1975-2025erakusketa.eus\/wp-content\/uploads\/2025\/09\/08-kartzela-torturak-2-ES.jpg\",\"contentUrl\":\"https:\/\/1975-2025erakusketa.eus\/wp-content\/uploads\/2025\/09\/08-kartzela-torturak-2-ES.jpg\",\"width\":800,\"height\":1200},{\"@type\":\"BreadcrumbList\",\"@id\":\"https:\/\/1975-2025erakusketa.eus\/es\/panela\/carcel-torturas-infiltraciones\/#breadcrumb\",\"itemListElement\":[{\"@type\":\"ListItem\",\"position\":1,\"name\":\"Home\",\"item\":\"https:\/\/1975-2025erakusketa.eus\/es\/1975-2025\/\"},{\"@type\":\"ListItem\",\"position\":2,\"name\":\"C\u00e1rcel, torturas, infiltraciones\u2026\"}]},{\"@type\":\"WebSite\",\"@id\":\"https:\/\/1975-2025erakusketa.eus\/es\/#website\",\"url\":\"https:\/\/1975-2025erakusketa.eus\/es\/\",\"name\":\"1975. Dena jokoan zegoen urtea\",\"description\":\"Trantsizio espainiarrak Euskal Herriaren bilakaeran izan zuen eraginaz gogoeta egiteko erakusketa\",\"publisher\":{\"@id\":\"https:\/\/1975-2025erakusketa.eus\/es\/#organization\"},\"potentialAction\":[{\"@type\":\"SearchAction\",\"target\":{\"@type\":\"EntryPoint\",\"urlTemplate\":\"https:\/\/1975-2025erakusketa.eus\/es\/?s={search_term_string}\"},\"query-input\":{\"@type\":\"PropertyValueSpecification\",\"valueRequired\":true,\"valueName\":\"search_term_string\"}}],\"inLanguage\":\"es\"},{\"@type\":\"Organization\",\"@id\":\"https:\/\/1975-2025erakusketa.eus\/es\/#organization\",\"name\":\"1975-2025\",\"url\":\"https:\/\/1975-2025erakusketa.eus\/es\/\",\"logo\":{\"@type\":\"ImageObject\",\"inLanguage\":\"es\",\"@id\":\"https:\/\/1975-2025erakusketa.eus\/es\/#\/schema\/logo\/image\/\",\"url\":\"https:\/\/1975-2025erakusketa.eus\/wp-content\/uploads\/2025\/08\/erakusketa-scaled.jpg\",\"contentUrl\":\"https:\/\/1975-2025erakusketa.eus\/wp-content\/uploads\/2025\/08\/erakusketa-scaled.jpg\",\"width\":2560,\"height\":2560,\"caption\":\"1975-2025\"},\"image\":{\"@id\":\"https:\/\/1975-2025erakusketa.eus\/es\/#\/schema\/logo\/image\/\"}}]}<\/script>\n<!-- \/ Yoast SEO plugin. -->","yoast_head_json":{"title":"C\u00e1rcel, torturas, infiltraciones\u2026 - 1975: Dena jokoan zegoen urtea","robots":{"index":"index","follow":"follow","max-snippet":"max-snippet:-1","max-image-preview":"max-image-preview:large","max-video-preview":"max-video-preview:-1"},"canonical":"https:\/\/1975-2025erakusketa.eus\/es\/panela\/carcel-torturas-infiltraciones\/","og_locale":"es_ES","og_type":"article","og_title":"C\u00e1rcel, torturas, infiltraciones\u2026 - 1975: Dena jokoan zegoen urtea","og_description":"C\u00e1rcel, torturas,infiltraciones&#8230; Represi\u00f3n y estado de excepci\u00f3n C\u00e1rcel y dispersi\u00f3nEl Estado espa\u00f1ol empieza a dispersar y alejar a las y los presos pol\u00edticos. Durante los primeros a\u00f1os tras el golpe fascista de 1936, las c\u00e1rceles de Larrinaga, Ondarreta, Gasteiz, Nanclares, Iru\u00f1ea, San Crist\u00f3bal y Saturraran acogieron a miles de represaliadas y represaliados (la de Saturraran [&hellip;]","og_url":"https:\/\/1975-2025erakusketa.eus\/es\/panela\/carcel-torturas-infiltraciones\/","og_site_name":"1975: Dena jokoan zegoen urtea","article_modified_time":"2025-09-10T07:30:09+00:00","og_image":[{"width":800,"height":1200,"url":"https:\/\/1975-2025erakusketa.eus\/wp-content\/uploads\/2025\/09\/08-kartzela-torturak-2-ES.jpg","type":"image\/jpeg"}],"twitter_card":"summary_large_image","twitter_misc":{"Tiempo de lectura":"2 minutos"},"schema":{"@context":"https:\/\/schema.org","@graph":[{"@type":"WebPage","@id":"https:\/\/1975-2025erakusketa.eus\/es\/panela\/carcel-torturas-infiltraciones\/","url":"https:\/\/1975-2025erakusketa.eus\/es\/panela\/carcel-torturas-infiltraciones\/","name":"C\u00e1rcel, torturas, infiltraciones\u2026 - 1975: Dena jokoan zegoen urtea","isPartOf":{"@id":"https:\/\/1975-2025erakusketa.eus\/es\/#website"},"primaryImageOfPage":{"@id":"https:\/\/1975-2025erakusketa.eus\/es\/panela\/carcel-torturas-infiltraciones\/#primaryimage"},"image":{"@id":"https:\/\/1975-2025erakusketa.eus\/es\/panela\/carcel-torturas-infiltraciones\/#primaryimage"},"thumbnailUrl":"https:\/\/1975-2025erakusketa.eus\/wp-content\/uploads\/2025\/09\/08-kartzela-torturak-2-ES.jpg","datePublished":"2025-07-30T07:36:27+00:00","dateModified":"2025-09-10T07:30:09+00:00","breadcrumb":{"@id":"https:\/\/1975-2025erakusketa.eus\/es\/panela\/carcel-torturas-infiltraciones\/#breadcrumb"},"inLanguage":"es","potentialAction":[{"@type":"ReadAction","target":["https:\/\/1975-2025erakusketa.eus\/es\/panela\/carcel-torturas-infiltraciones\/"]}]},{"@type":"ImageObject","inLanguage":"es","@id":"https:\/\/1975-2025erakusketa.eus\/es\/panela\/carcel-torturas-infiltraciones\/#primaryimage","url":"https:\/\/1975-2025erakusketa.eus\/wp-content\/uploads\/2025\/09\/08-kartzela-torturak-2-ES.jpg","contentUrl":"https:\/\/1975-2025erakusketa.eus\/wp-content\/uploads\/2025\/09\/08-kartzela-torturak-2-ES.jpg","width":800,"height":1200},{"@type":"BreadcrumbList","@id":"https:\/\/1975-2025erakusketa.eus\/es\/panela\/carcel-torturas-infiltraciones\/#breadcrumb","itemListElement":[{"@type":"ListItem","position":1,"name":"Home","item":"https:\/\/1975-2025erakusketa.eus\/es\/1975-2025\/"},{"@type":"ListItem","position":2,"name":"C\u00e1rcel, torturas, infiltraciones\u2026"}]},{"@type":"WebSite","@id":"https:\/\/1975-2025erakusketa.eus\/es\/#website","url":"https:\/\/1975-2025erakusketa.eus\/es\/","name":"1975. Dena jokoan zegoen urtea","description":"Trantsizio espainiarrak Euskal Herriaren bilakaeran izan zuen eraginaz gogoeta egiteko erakusketa","publisher":{"@id":"https:\/\/1975-2025erakusketa.eus\/es\/#organization"},"potentialAction":[{"@type":"SearchAction","target":{"@type":"EntryPoint","urlTemplate":"https:\/\/1975-2025erakusketa.eus\/es\/?s={search_term_string}"},"query-input":{"@type":"PropertyValueSpecification","valueRequired":true,"valueName":"search_term_string"}}],"inLanguage":"es"},{"@type":"Organization","@id":"https:\/\/1975-2025erakusketa.eus\/es\/#organization","name":"1975-2025","url":"https:\/\/1975-2025erakusketa.eus\/es\/","logo":{"@type":"ImageObject","inLanguage":"es","@id":"https:\/\/1975-2025erakusketa.eus\/es\/#\/schema\/logo\/image\/","url":"https:\/\/1975-2025erakusketa.eus\/wp-content\/uploads\/2025\/08\/erakusketa-scaled.jpg","contentUrl":"https:\/\/1975-2025erakusketa.eus\/wp-content\/uploads\/2025\/08\/erakusketa-scaled.jpg","width":2560,"height":2560,"caption":"1975-2025"},"image":{"@id":"https:\/\/1975-2025erakusketa.eus\/es\/#\/schema\/logo\/image\/"}}]}},"_links":{"self":[{"href":"https:\/\/1975-2025erakusketa.eus\/es\/wp-json\/wp\/v2\/panela\/798","targetHints":{"allow":["GET"]}}],"collection":[{"href":"https:\/\/1975-2025erakusketa.eus\/es\/wp-json\/wp\/v2\/panela"}],"about":[{"href":"https:\/\/1975-2025erakusketa.eus\/es\/wp-json\/wp\/v2\/types\/panela"}],"version-history":[{"count":3,"href":"https:\/\/1975-2025erakusketa.eus\/es\/wp-json\/wp\/v2\/panela\/798\/revisions"}],"predecessor-version":[{"id":970,"href":"https:\/\/1975-2025erakusketa.eus\/es\/wp-json\/wp\/v2\/panela\/798\/revisions\/970"}],"wp:featuredmedia":[{"embeddable":true,"href":"https:\/\/1975-2025erakusketa.eus\/es\/wp-json\/wp\/v2\/media\/942"}],"wp:attachment":[{"href":"https:\/\/1975-2025erakusketa.eus\/es\/wp-json\/wp\/v2\/media?parent=798"}],"curies":[{"name":"wp","href":"https:\/\/api.w.org\/{rel}","templated":true}]}}