{"id":800,"date":"2025-07-30T09:36:51","date_gmt":"2025-07-30T07:36:51","guid":{"rendered":"https:\/\/1975-2025erakusketa.eus\/panela\/tupa-otaegi-txiki\/"},"modified":"2025-09-10T09:30:09","modified_gmt":"2025-09-10T07:30:09","slug":"tupa-otaegi-txiki","status":"publish","type":"panela","link":"https:\/\/1975-2025erakusketa.eus\/es\/panela\/tupa-otaegi-txiki\/","title":{"rendered":"Tupa, Otaegi, Txiki"},"content":{"rendered":"\t\t<div data-elementor-type=\"wp-post\" data-elementor-id=\"800\" class=\"elementor elementor-800 elementor-143\" data-elementor-post-type=\"panela\">\n\t\t\t\t<div class=\"elementor-element elementor-element-6901a5b e-flex e-con-boxed e-con e-parent\" data-id=\"6901a5b\" data-element_type=\"container\">\n\t\t\t\t\t<div class=\"e-con-inner\">\n\t\t\t\t<div class=\"elementor-element elementor-element-090a2da elementor-widget elementor-widget-heading\" data-id=\"090a2da\" data-element_type=\"widget\" data-widget_type=\"heading.default\">\n\t\t\t\t\t<h2 class=\"elementor-heading-title elementor-size-default\">Tupa, Otaegi, Txiki<\/h2>\t\t\t\t<\/div>\n\t\t\t\t\t<\/div>\n\t\t\t\t<\/div>\n\t\t<div class=\"elementor-element elementor-element-6208ad7 e-flex e-con-boxed e-con e-parent\" data-id=\"6208ad7\" data-element_type=\"container\">\n\t\t\t\t\t<div class=\"e-con-inner\">\n\t\t<div class=\"elementor-element elementor-element-0b4eec3 e-con-full e-flex e-con e-child\" data-id=\"0b4eec3\" data-element_type=\"container\">\n\t\t\t\t<div class=\"elementor-element elementor-element-e5f52b1 elementor-hidden-mobile elementor-widget elementor-widget-image\" data-id=\"e5f52b1\" data-element_type=\"widget\" data-widget_type=\"image.default\">\n\t\t\t\t\t\t\t\t\t\t\t\t\t\t\t<img fetchpriority=\"high\" decoding=\"async\" width=\"737\" height=\"872\" src=\"https:\/\/1975-2025erakusketa.eus\/wp-content\/uploads\/2025\/07\/TUPA-2.jpg\" class=\"attachment-full size-full wp-image-958\" alt=\"\" srcset=\"https:\/\/1975-2025erakusketa.eus\/wp-content\/uploads\/2025\/07\/TUPA-2.jpg 737w, https:\/\/1975-2025erakusketa.eus\/wp-content\/uploads\/2025\/07\/TUPA-2-254x300.jpg 254w\" sizes=\"(max-width: 737px) 100vw, 737px\" \/>\t\t\t\t\t\t\t\t\t\t\t\t\t\t\t<\/div>\n\t\t<div class=\"elementor-element elementor-element-a5db646 e-con-full e-flex e-con e-child\" data-id=\"a5db646\" data-element_type=\"container\">\n\t\t\t\t<div class=\"elementor-element elementor-element-8b10434 elementor-widget elementor-widget-text-editor\" data-id=\"8b10434\" data-element_type=\"widget\" data-widget_type=\"text-editor.default\">\n\t\t\t\t\t\t\t\t\t<p><strong>Jose Antonio Garmendia Tupa<br \/><\/strong>(Abaltzisketa, Gipuzkoa, 1951)<\/p>\n\t\t\t\t\t\t\t\t<\/div>\n\t\t\t\t<\/div>\n\t\t\t\t<div class=\"elementor-element elementor-element-fc9700f elementor-widget elementor-widget-text-editor\" data-id=\"fc9700f\" data-element_type=\"widget\" data-widget_type=\"text-editor.default\">\n\t\t\t\t\t\t\t\t\t<p>Jose Antonio Garmendia fue un militante antifranquista. En 1973 pas\u00f3 a la clandestinidad. El 28 de agosto de 1974, Arruabarrena Tanke y Garmendia Tupa fueron detenidos a la salida de Donostia, en uno de los numerosos controles que se realizaban en Gipuzkoa. En un primer momento lograron huir, abandonando sus armas en el veh\u00edculo, pero poco despu\u00e9s fueron acribillados y ambos resultaron gravemente heridos. Garmendia recibi\u00f3 un disparo que le atraves\u00f3 la cabeza. Estuvo una temporada en coma, sufriendo una lesi\u00f3n cerebral que le dej\u00f3 secuelas de por vida. Cuando estaba hospitalizado e incomunicado, polic\u00edas y jueces militares tomaron sus huellas dactilares y le acusaron del asesinato del guardia civil Gregorio Posadas. A pesar de su estado, la incomunicaci\u00f3n de Garmendia se prolong\u00f3 durante mucho tiempo. S\u00f3lo una monja ten\u00eda contacto con \u00e9l. Aprovech\u00e1ndose de su estado mental, le arranc\u00f3 confesiones, como forma de pagar su \u00abculpa\u00bb. Aquella manipulaci\u00f3n provoc\u00f3, entre otras cosas, la detenci\u00f3n de una pareja en Azpeitia. En 1975 fue condenado a muerte, junto a Otaegi. Le conmutaron la pena de muerte, dada su terrible situaci\u00f3n. Garmendia fue liberado en 1977 junto a Xabier Izko de la Iglesia, por orden del Gobierno de Adolfo Su\u00e1rez.<\/p>\n\t\t\t\t\t\t\t\t<\/div>\n\t\t\t\t<\/div>\n\t\t<div class=\"elementor-element elementor-element-5dacd77 e-con-full e-flex e-con e-child\" data-id=\"5dacd77\" data-element_type=\"container\">\n\t\t\t\t<div class=\"elementor-element elementor-element-17477dc elementor-widget elementor-widget-image\" data-id=\"17477dc\" data-element_type=\"widget\" data-widget_type=\"image.default\">\n\t\t\t\t\t\t\t\t\t\t\t\t\t\t\t<img decoding=\"async\" width=\"737\" height=\"872\" src=\"https:\/\/1975-2025erakusketa.eus\/wp-content\/uploads\/2025\/07\/otaegi.jpg\" class=\"attachment-full size-full wp-image-706\" alt=\"\" srcset=\"https:\/\/1975-2025erakusketa.eus\/wp-content\/uploads\/2025\/07\/otaegi.jpg 737w, https:\/\/1975-2025erakusketa.eus\/wp-content\/uploads\/2025\/07\/otaegi-254x300.jpg 254w\" sizes=\"(max-width: 737px) 100vw, 737px\" \/>\t\t\t\t\t\t\t\t\t\t\t\t\t\t\t<\/div>\n\t\t<div class=\"elementor-element elementor-element-a7c8e54 e-con-full e-flex e-con e-child\" data-id=\"a7c8e54\" data-element_type=\"container\">\n\t\t\t\t<div class=\"elementor-element elementor-element-e318321 elementor-widget elementor-widget-text-editor\" data-id=\"e318321\" data-element_type=\"widget\" data-widget_type=\"text-editor.default\">\n\t\t\t\t\t\t\t\t\t<p><strong>Angel Otaegi Etxeberria<br \/><\/strong>(Nuarbe, Azpeitia, Gipuzkoa, 1942 \u2013 Burgos, 1975)<\/p>\n\t\t\t\t\t\t\t\t<\/div>\n\t\t\t\t<\/div>\n\t\t\t\t<div class=\"elementor-element elementor-element-2b98f4c elementor-widget elementor-widget-text-editor\" data-id=\"2b98f4c\" data-element_type=\"widget\" data-widget_type=\"text-editor.default\">\n\t\t\t\t\t\t\t\t\t<p>Angel Otaegi naci\u00f3 en una vieja casa situada junto a la plaza y el r\u00edo de Nuarbe. All\u00ed vivi\u00f3 con su t\u00edo y su abuela y abuelo hasta que empez\u00f3 a trabajar. Estudi\u00f3 en las Escuelas Cristianas de Zestoa y posteriormente en el instituto de Azpeitia. A los 15 a\u00f1os empez\u00f3 a trabajar en Zumarraga, y pronto regres\u00f3 a Azpeitia. Fue deportista y un apasionado del deporte. Encontr\u00f3 su hogar en Azpeitia, por lo que incluso dentro de ETA hab\u00eda quien le llamaba Azpeitia. Sus amigos le definieron como solter\u00f3n y juerguista. Comprometido con la cuesti\u00f3n nacional de Euskal Herria, empez\u00f3 a militar en ETA. En 1974 fue detenido por la Polic\u00eda espa\u00f1ola, acusado de participar en el asesinato de un guardia civil. Estuvo preso en Martutene hasta que fue trasladado a la prisi\u00f3n de Burgos. En septiembre de 1975 fue juzgado en consejo de guerra y condenado a muerte. A pesar de las grandes protestas que tuvieron lugar tanto en el Estado espa\u00f1ol como a nivel internacional, Otaegi, Txiki y los tres miembros de la organizaci\u00f3n armada FRAP fueron fusilados.<\/p>\n\t\t\t\t\t\t\t\t<\/div>\n\t\t\t\t<\/div>\n\t\t<div class=\"elementor-element elementor-element-5431708 e-con-full e-flex e-con e-child\" data-id=\"5431708\" data-element_type=\"container\">\n\t\t\t\t<div class=\"elementor-element elementor-element-3ada241 elementor-widget elementor-widget-image\" data-id=\"3ada241\" data-element_type=\"widget\" data-widget_type=\"image.default\">\n\t\t\t\t\t\t\t\t\t\t\t\t\t\t\t<img decoding=\"async\" width=\"737\" height=\"872\" src=\"https:\/\/1975-2025erakusketa.eus\/wp-content\/uploads\/2025\/07\/txiki.jpg\" class=\"attachment-full size-full wp-image-710\" alt=\"\" srcset=\"https:\/\/1975-2025erakusketa.eus\/wp-content\/uploads\/2025\/07\/txiki.jpg 737w, https:\/\/1975-2025erakusketa.eus\/wp-content\/uploads\/2025\/07\/txiki-254x300.jpg 254w\" sizes=\"(max-width: 737px) 100vw, 737px\" \/>\t\t\t\t\t\t\t\t\t\t\t\t\t\t\t<\/div>\n\t\t<div class=\"elementor-element elementor-element-26cf769 e-con-full e-flex e-con e-child\" data-id=\"26cf769\" data-element_type=\"container\">\n\t\t\t\t<div class=\"elementor-element elementor-element-bab51b4 elementor-widget elementor-widget-text-editor\" data-id=\"bab51b4\" data-element_type=\"widget\" data-widget_type=\"text-editor.default\">\n\t\t\t\t\t\t\t\t\t<p><strong>Juan Paredes Manot Txiki<br \/><\/strong>(Zalamea de la Serena, Badajoz, 1954 &#8211; Cerdanyola, Bartzelona, 1975)<\/p>\n\t\t\t\t\t\t\t\t<\/div>\n\t\t\t\t<\/div>\n\t\t\t\t<div class=\"elementor-element elementor-element-43fca1b elementor-widget elementor-widget-text-editor\" data-id=\"43fca1b\" data-element_type=\"widget\" data-widget_type=\"text-editor.default\">\n\t\t\t\t\t\t\t\t\tNaci\u00f3 en una familia extreme\u00f1a que, como muchas otras, se vio obligada a emigrar a Euskal Herria (a Zarautz), cuando Txiki ten\u00eda unos 10 a\u00f1os. En Zarautz ech\u00f3 ra\u00edces. En un contexto muy diferente, la existencia de una lengua distinta le hizo percatarse, seg\u00fan sus propias palabras, de que se hallaba en un pueblo diferente. Su infancia termin\u00f3 a los 14 a\u00f1os, ya que la precaria situaci\u00f3n familiar le oblig\u00f3 a trabajar. En 1970 comenz\u00f3 a recibir charlas de formaci\u00f3n pol\u00edtica sobre la cuesti\u00f3n vasca. En 1972 ingres\u00f3 en EGI y de ah\u00ed pas\u00f3 a ETA. Fue adquiriendo, pues, una conciencia clara de la cuesti\u00f3n nacional vasca. En 1974 pas\u00f3 a vivir en la clandestinidad, luchando contra el franquismo. Ese mismo a\u00f1o empez\u00f3 a euskaldunizarse. Un a\u00f1o despu\u00e9s fue acusado de matar al polic\u00eda Jos\u00e9 D\u00edaz Linares, aunque el asunto no qued\u00f3 claro, y ese mismo a\u00f1o fue detenido. Permaneci\u00f3 5 d\u00edas en comisar\u00eda, sufriendo torturas que en su caso fueron especialmente brutales por su condici\u00f3n de emigrante. El quinto d\u00eda ingres\u00f3 en la c\u00e1rcel Modelo, donde inici\u00f3 una huelga de hambre en protesta por las condenas impuestas a Garmendia y Otaegi. En plena huelga, se inici\u00f3 la causa contra \u00e9l y el 19 de septiembre fue sometido a un consejo de guerra en el que se le declar\u00f3 culpable del asesinato del polic\u00eda Ovidio D\u00edaz L\u00f3pez. Condenado a muerte (el abogado dispuso de apenas 2 horas para preparar su defensa), fue fusilado en Cerdanyola el mismo d\u00eda que Otaegi y los tres miembros del FRAP.\t\t\t\t\t\t\t\t<\/div>\n\t\t\t\t<\/div>\n\t\t\t\t\t<\/div>\n\t\t\t\t<\/div>\n\t\t<div class=\"elementor-element elementor-element-a347554 e-flex e-con-boxed e-con e-parent\" data-id=\"a347554\" data-element_type=\"container\">\n\t\t\t\t\t<div class=\"e-con-inner\">\n\t\t\t\t<div class=\"elementor-element elementor-element-0e4372a elementor-widget elementor-widget-template\" data-id=\"0e4372a\" data-element_type=\"widget\" data-widget_type=\"template.default\">\n\t\t\t\t<div class=\"elementor-widget-container\">\n\t\t\t\t\t\t\t<div class=\"elementor-template\">\n\t\t\t\t\t<div data-elementor-type=\"container\" data-elementor-id=\"403\" class=\"elementor elementor-403\" data-elementor-post-type=\"elementor_library\">\n\t\t\t\t<div class=\"elementor-element elementor-element-1efa1886 e-flex e-con-boxed e-con e-parent\" data-id=\"1efa1886\" data-element_type=\"container\">\n\t\t\t\t\t<div class=\"e-con-inner\">\n\t\t\t\t<div class=\"elementor-element elementor-element-8417b4b elementor-hidden-mobile elementor-post-navigation-borders-yes elementor-widget elementor-widget-post-navigation\" data-id=\"8417b4b\" data-element_type=\"widget\" data-widget_type=\"post-navigation.default\">\n\t\t\t\t\t\t\t<div class=\"elementor-post-navigation\" role=\"navigation\" aria-label=\"Navegaci\u00f3n de la entrada\">\n\t\t\t<div class=\"elementor-post-navigation__prev elementor-post-navigation__link\">\n\t\t\t\t<a href=\"https:\/\/1975-2025erakusketa.eus\/es\/panela\/carcel-torturas-infiltraciones\/\" rel=\"prev\"><span class=\"post-navigation__arrow-wrapper post-navigation__arrow-prev\"><svg aria-hidden=\"true\" class=\"e-font-icon-svg e-fas-angle-left\" viewBox=\"0 0 256 512\" xmlns=\"http:\/\/www.w3.org\/2000\/svg\"><path d=\"M31.7 239l136-136c9.4-9.4 24.6-9.4 33.9 0l22.6 22.6c9.4 9.4 9.4 24.6 0 33.9L127.9 256l96.4 96.4c9.4 9.4 9.4 24.6 0 33.9L201.7 409c-9.4 9.4-24.6 9.4-33.9 0l-136-136c-9.5-9.4-9.5-24.6-.1-34z\"><\/path><\/svg><span class=\"elementor-screen-only\">Ant<\/span><\/span><span class=\"elementor-post-navigation__link__prev\"><span class=\"post-navigation__prev--label\">Atzera<\/span><span class=\"post-navigation__prev--title\">C\u00e1rcel, torturas, infiltraciones\u2026<\/span><\/span><\/a>\t\t\t<\/div>\n\t\t\t\t\t\t\t<div class=\"elementor-post-navigation__separator-wrapper\">\n\t\t\t\t\t<div class=\"elementor-post-navigation__separator\"><\/div>\n\t\t\t\t<\/div>\n\t\t\t\t\t\t<div class=\"elementor-post-navigation__next elementor-post-navigation__link\">\n\t\t\t\t<a href=\"https:\/\/1975-2025erakusketa.eus\/es\/panela\/sauvons-garmendia-tupa-otaegui\/\" rel=\"next\"><span class=\"elementor-post-navigation__link__next\"><span class=\"post-navigation__next--label\">Aurrera<\/span><span class=\"post-navigation__next--title\">Sauvons Garmendia \u00abTupa\u00bb, Otaegui<\/span><\/span><span class=\"post-navigation__arrow-wrapper post-navigation__arrow-next\"><svg aria-hidden=\"true\" class=\"e-font-icon-svg e-fas-angle-right\" viewBox=\"0 0 256 512\" xmlns=\"http:\/\/www.w3.org\/2000\/svg\"><path d=\"M224.3 273l-136 136c-9.4 9.4-24.6 9.4-33.9 0l-22.6-22.6c-9.4-9.4-9.4-24.6 0-33.9l96.4-96.4-96.4-96.4c-9.4-9.4-9.4-24.6 0-33.9L54.3 103c9.4-9.4 24.6-9.4 33.9 0l136 136c9.5 9.4 9.5 24.6.1 34z\"><\/path><\/svg><span class=\"elementor-screen-only\">Siguiente<\/span><\/span><\/a>\t\t\t<\/div>\n\t\t<\/div>\n\t\t\t\t\t\t<\/div>\n\t\t\t\t<div class=\"elementor-element elementor-element-af6c8ae elementor-hidden-desktop elementor-hidden-tablet elementor-post-navigation-borders-yes elementor-widget elementor-widget-post-navigation\" data-id=\"af6c8ae\" data-element_type=\"widget\" data-widget_type=\"post-navigation.default\">\n\t\t\t\t\t\t\t<div class=\"elementor-post-navigation\" role=\"navigation\" aria-label=\"Navegaci\u00f3n de la entrada\">\n\t\t\t<div class=\"elementor-post-navigation__prev elementor-post-navigation__link\">\n\t\t\t\t<a href=\"https:\/\/1975-2025erakusketa.eus\/es\/panela\/carcel-torturas-infiltraciones\/\" rel=\"prev\"><span class=\"post-navigation__arrow-wrapper post-navigation__arrow-prev\"><svg aria-hidden=\"true\" class=\"e-font-icon-svg e-fas-angle-left\" viewBox=\"0 0 256 512\" xmlns=\"http:\/\/www.w3.org\/2000\/svg\"><path d=\"M31.7 239l136-136c9.4-9.4 24.6-9.4 33.9 0l22.6 22.6c9.4 9.4 9.4 24.6 0 33.9L127.9 256l96.4 96.4c9.4 9.4 9.4 24.6 0 33.9L201.7 409c-9.4 9.4-24.6 9.4-33.9 0l-136-136c-9.5-9.4-9.5-24.6-.1-34z\"><\/path><\/svg><span class=\"elementor-screen-only\">Ant<\/span><\/span><span class=\"elementor-post-navigation__link__prev\"><span class=\"post-navigation__prev--label\">Atzera<\/span><\/span><\/a>\t\t\t<\/div>\n\t\t\t\t\t\t\t<div class=\"elementor-post-navigation__separator-wrapper\">\n\t\t\t\t\t<div class=\"elementor-post-navigation__separator\"><\/div>\n\t\t\t\t<\/div>\n\t\t\t\t\t\t<div class=\"elementor-post-navigation__next elementor-post-navigation__link\">\n\t\t\t\t<a href=\"https:\/\/1975-2025erakusketa.eus\/es\/panela\/sauvons-garmendia-tupa-otaegui\/\" rel=\"next\"><span class=\"elementor-post-navigation__link__next\"><span class=\"post-navigation__next--label\">Aurrera<\/span><\/span><span class=\"post-navigation__arrow-wrapper post-navigation__arrow-next\"><svg aria-hidden=\"true\" class=\"e-font-icon-svg e-fas-angle-right\" viewBox=\"0 0 256 512\" xmlns=\"http:\/\/www.w3.org\/2000\/svg\"><path d=\"M224.3 273l-136 136c-9.4 9.4-24.6 9.4-33.9 0l-22.6-22.6c-9.4-9.4-9.4-24.6 0-33.9l96.4-96.4-96.4-96.4c-9.4-9.4-9.4-24.6 0-33.9L54.3 103c9.4-9.4 24.6-9.4 33.9 0l136 136c9.5 9.4 9.5 24.6.1 34z\"><\/path><\/svg><span class=\"elementor-screen-only\">Siguiente<\/span><\/span><\/a>\t\t\t<\/div>\n\t\t<\/div>\n\t\t\t\t\t\t<\/div>\n\t\t\t\t\t<\/div>\n\t\t\t\t<\/div>\n\t\t\t\t<\/div>\n\t\t\t\t<\/div>\n\t\t\t\t\t\t<\/div>\n\t\t\t\t<\/div>\n\t\t\t\t\t<\/div>\n\t\t\t\t<\/div>\n\t\t\t\t<\/div>\n\t\t","protected":false},"featured_media":947,"template":"","meta":{"_acf_changed":false},"class_list":["post-800","panela","type-panela","status-publish","has-post-thumbnail","hentry"],"acf":[],"yoast_head":"<!-- This site is optimized with the Yoast SEO plugin v26.7 - https:\/\/yoast.com\/wordpress\/plugins\/seo\/ -->\n<title>Tupa, Otaegi, Txiki - 1975: Dena jokoan zegoen urtea<\/title>\n<meta name=\"robots\" content=\"index, follow, max-snippet:-1, max-image-preview:large, max-video-preview:-1\" \/>\n<link rel=\"canonical\" href=\"https:\/\/1975-2025erakusketa.eus\/es\/panela\/tupa-otaegi-txiki\/\" \/>\n<meta property=\"og:locale\" content=\"es_ES\" \/>\n<meta property=\"og:type\" content=\"article\" \/>\n<meta property=\"og:title\" content=\"Tupa, Otaegi, Txiki - 1975: Dena jokoan zegoen urtea\" \/>\n<meta property=\"og:description\" content=\"Tupa, Otaegi, Txiki Jose Antonio Garmendia Tupa(Abaltzisketa, Gipuzkoa, 1951) Jose Antonio Garmendia fue un militante antifranquista. En 1973 pas\u00f3 a la clandestinidad. El 28 de agosto de 1974, Arruabarrena Tanke y Garmendia Tupa fueron detenidos a la salida de Donostia, en uno de los numerosos controles que se realizaban en Gipuzkoa. En un primer momento [&hellip;]\" \/>\n<meta property=\"og:url\" content=\"https:\/\/1975-2025erakusketa.eus\/es\/panela\/tupa-otaegi-txiki\/\" \/>\n<meta property=\"og:site_name\" content=\"1975: Dena jokoan zegoen urtea\" \/>\n<meta property=\"article:modified_time\" content=\"2025-09-10T07:30:09+00:00\" \/>\n<meta property=\"og:image\" content=\"https:\/\/1975-2025erakusketa.eus\/wp-content\/uploads\/2025\/09\/09-tupa-otagei-txiki-2-ES.jpg\" \/>\n\t<meta property=\"og:image:width\" content=\"800\" \/>\n\t<meta property=\"og:image:height\" content=\"1200\" \/>\n\t<meta property=\"og:image:type\" content=\"image\/jpeg\" \/>\n<meta name=\"twitter:card\" content=\"summary_large_image\" \/>\n<meta name=\"twitter:label1\" content=\"Tiempo de lectura\" \/>\n\t<meta name=\"twitter:data1\" content=\"3 minutos\" \/>\n<script type=\"application\/ld+json\" class=\"yoast-schema-graph\">{\"@context\":\"https:\/\/schema.org\",\"@graph\":[{\"@type\":\"WebPage\",\"@id\":\"https:\/\/1975-2025erakusketa.eus\/es\/panela\/tupa-otaegi-txiki\/\",\"url\":\"https:\/\/1975-2025erakusketa.eus\/es\/panela\/tupa-otaegi-txiki\/\",\"name\":\"Tupa, Otaegi, Txiki - 1975: Dena jokoan zegoen urtea\",\"isPartOf\":{\"@id\":\"https:\/\/1975-2025erakusketa.eus\/es\/#website\"},\"primaryImageOfPage\":{\"@id\":\"https:\/\/1975-2025erakusketa.eus\/es\/panela\/tupa-otaegi-txiki\/#primaryimage\"},\"image\":{\"@id\":\"https:\/\/1975-2025erakusketa.eus\/es\/panela\/tupa-otaegi-txiki\/#primaryimage\"},\"thumbnailUrl\":\"https:\/\/1975-2025erakusketa.eus\/wp-content\/uploads\/2025\/09\/09-tupa-otagei-txiki-2-ES.jpg\",\"datePublished\":\"2025-07-30T07:36:51+00:00\",\"dateModified\":\"2025-09-10T07:30:09+00:00\",\"breadcrumb\":{\"@id\":\"https:\/\/1975-2025erakusketa.eus\/es\/panela\/tupa-otaegi-txiki\/#breadcrumb\"},\"inLanguage\":\"es\",\"potentialAction\":[{\"@type\":\"ReadAction\",\"target\":[\"https:\/\/1975-2025erakusketa.eus\/es\/panela\/tupa-otaegi-txiki\/\"]}]},{\"@type\":\"ImageObject\",\"inLanguage\":\"es\",\"@id\":\"https:\/\/1975-2025erakusketa.eus\/es\/panela\/tupa-otaegi-txiki\/#primaryimage\",\"url\":\"https:\/\/1975-2025erakusketa.eus\/wp-content\/uploads\/2025\/09\/09-tupa-otagei-txiki-2-ES.jpg\",\"contentUrl\":\"https:\/\/1975-2025erakusketa.eus\/wp-content\/uploads\/2025\/09\/09-tupa-otagei-txiki-2-ES.jpg\",\"width\":800,\"height\":1200},{\"@type\":\"BreadcrumbList\",\"@id\":\"https:\/\/1975-2025erakusketa.eus\/es\/panela\/tupa-otaegi-txiki\/#breadcrumb\",\"itemListElement\":[{\"@type\":\"ListItem\",\"position\":1,\"name\":\"Home\",\"item\":\"https:\/\/1975-2025erakusketa.eus\/es\/1975-2025\/\"},{\"@type\":\"ListItem\",\"position\":2,\"name\":\"Tupa, Otaegi, Txiki\"}]},{\"@type\":\"WebSite\",\"@id\":\"https:\/\/1975-2025erakusketa.eus\/es\/#website\",\"url\":\"https:\/\/1975-2025erakusketa.eus\/es\/\",\"name\":\"1975. Dena jokoan zegoen urtea\",\"description\":\"Trantsizio espainiarrak Euskal Herriaren bilakaeran izan zuen eraginaz gogoeta egiteko erakusketa\",\"publisher\":{\"@id\":\"https:\/\/1975-2025erakusketa.eus\/es\/#organization\"},\"potentialAction\":[{\"@type\":\"SearchAction\",\"target\":{\"@type\":\"EntryPoint\",\"urlTemplate\":\"https:\/\/1975-2025erakusketa.eus\/es\/?s={search_term_string}\"},\"query-input\":{\"@type\":\"PropertyValueSpecification\",\"valueRequired\":true,\"valueName\":\"search_term_string\"}}],\"inLanguage\":\"es\"},{\"@type\":\"Organization\",\"@id\":\"https:\/\/1975-2025erakusketa.eus\/es\/#organization\",\"name\":\"1975-2025\",\"url\":\"https:\/\/1975-2025erakusketa.eus\/es\/\",\"logo\":{\"@type\":\"ImageObject\",\"inLanguage\":\"es\",\"@id\":\"https:\/\/1975-2025erakusketa.eus\/es\/#\/schema\/logo\/image\/\",\"url\":\"https:\/\/1975-2025erakusketa.eus\/wp-content\/uploads\/2025\/08\/erakusketa-scaled.jpg\",\"contentUrl\":\"https:\/\/1975-2025erakusketa.eus\/wp-content\/uploads\/2025\/08\/erakusketa-scaled.jpg\",\"width\":2560,\"height\":2560,\"caption\":\"1975-2025\"},\"image\":{\"@id\":\"https:\/\/1975-2025erakusketa.eus\/es\/#\/schema\/logo\/image\/\"}}]}<\/script>\n<!-- \/ Yoast SEO plugin. -->","yoast_head_json":{"title":"Tupa, Otaegi, Txiki - 1975: Dena jokoan zegoen urtea","robots":{"index":"index","follow":"follow","max-snippet":"max-snippet:-1","max-image-preview":"max-image-preview:large","max-video-preview":"max-video-preview:-1"},"canonical":"https:\/\/1975-2025erakusketa.eus\/es\/panela\/tupa-otaegi-txiki\/","og_locale":"es_ES","og_type":"article","og_title":"Tupa, Otaegi, Txiki - 1975: Dena jokoan zegoen urtea","og_description":"Tupa, Otaegi, Txiki Jose Antonio Garmendia Tupa(Abaltzisketa, Gipuzkoa, 1951) Jose Antonio Garmendia fue un militante antifranquista. En 1973 pas\u00f3 a la clandestinidad. El 28 de agosto de 1974, Arruabarrena Tanke y Garmendia Tupa fueron detenidos a la salida de Donostia, en uno de los numerosos controles que se realizaban en Gipuzkoa. En un primer momento [&hellip;]","og_url":"https:\/\/1975-2025erakusketa.eus\/es\/panela\/tupa-otaegi-txiki\/","og_site_name":"1975: Dena jokoan zegoen urtea","article_modified_time":"2025-09-10T07:30:09+00:00","og_image":[{"width":800,"height":1200,"url":"https:\/\/1975-2025erakusketa.eus\/wp-content\/uploads\/2025\/09\/09-tupa-otagei-txiki-2-ES.jpg","type":"image\/jpeg"}],"twitter_card":"summary_large_image","twitter_misc":{"Tiempo de lectura":"3 minutos"},"schema":{"@context":"https:\/\/schema.org","@graph":[{"@type":"WebPage","@id":"https:\/\/1975-2025erakusketa.eus\/es\/panela\/tupa-otaegi-txiki\/","url":"https:\/\/1975-2025erakusketa.eus\/es\/panela\/tupa-otaegi-txiki\/","name":"Tupa, Otaegi, Txiki - 1975: Dena jokoan zegoen urtea","isPartOf":{"@id":"https:\/\/1975-2025erakusketa.eus\/es\/#website"},"primaryImageOfPage":{"@id":"https:\/\/1975-2025erakusketa.eus\/es\/panela\/tupa-otaegi-txiki\/#primaryimage"},"image":{"@id":"https:\/\/1975-2025erakusketa.eus\/es\/panela\/tupa-otaegi-txiki\/#primaryimage"},"thumbnailUrl":"https:\/\/1975-2025erakusketa.eus\/wp-content\/uploads\/2025\/09\/09-tupa-otagei-txiki-2-ES.jpg","datePublished":"2025-07-30T07:36:51+00:00","dateModified":"2025-09-10T07:30:09+00:00","breadcrumb":{"@id":"https:\/\/1975-2025erakusketa.eus\/es\/panela\/tupa-otaegi-txiki\/#breadcrumb"},"inLanguage":"es","potentialAction":[{"@type":"ReadAction","target":["https:\/\/1975-2025erakusketa.eus\/es\/panela\/tupa-otaegi-txiki\/"]}]},{"@type":"ImageObject","inLanguage":"es","@id":"https:\/\/1975-2025erakusketa.eus\/es\/panela\/tupa-otaegi-txiki\/#primaryimage","url":"https:\/\/1975-2025erakusketa.eus\/wp-content\/uploads\/2025\/09\/09-tupa-otagei-txiki-2-ES.jpg","contentUrl":"https:\/\/1975-2025erakusketa.eus\/wp-content\/uploads\/2025\/09\/09-tupa-otagei-txiki-2-ES.jpg","width":800,"height":1200},{"@type":"BreadcrumbList","@id":"https:\/\/1975-2025erakusketa.eus\/es\/panela\/tupa-otaegi-txiki\/#breadcrumb","itemListElement":[{"@type":"ListItem","position":1,"name":"Home","item":"https:\/\/1975-2025erakusketa.eus\/es\/1975-2025\/"},{"@type":"ListItem","position":2,"name":"Tupa, Otaegi, Txiki"}]},{"@type":"WebSite","@id":"https:\/\/1975-2025erakusketa.eus\/es\/#website","url":"https:\/\/1975-2025erakusketa.eus\/es\/","name":"1975. Dena jokoan zegoen urtea","description":"Trantsizio espainiarrak Euskal Herriaren bilakaeran izan zuen eraginaz gogoeta egiteko erakusketa","publisher":{"@id":"https:\/\/1975-2025erakusketa.eus\/es\/#organization"},"potentialAction":[{"@type":"SearchAction","target":{"@type":"EntryPoint","urlTemplate":"https:\/\/1975-2025erakusketa.eus\/es\/?s={search_term_string}"},"query-input":{"@type":"PropertyValueSpecification","valueRequired":true,"valueName":"search_term_string"}}],"inLanguage":"es"},{"@type":"Organization","@id":"https:\/\/1975-2025erakusketa.eus\/es\/#organization","name":"1975-2025","url":"https:\/\/1975-2025erakusketa.eus\/es\/","logo":{"@type":"ImageObject","inLanguage":"es","@id":"https:\/\/1975-2025erakusketa.eus\/es\/#\/schema\/logo\/image\/","url":"https:\/\/1975-2025erakusketa.eus\/wp-content\/uploads\/2025\/08\/erakusketa-scaled.jpg","contentUrl":"https:\/\/1975-2025erakusketa.eus\/wp-content\/uploads\/2025\/08\/erakusketa-scaled.jpg","width":2560,"height":2560,"caption":"1975-2025"},"image":{"@id":"https:\/\/1975-2025erakusketa.eus\/es\/#\/schema\/logo\/image\/"}}]}},"_links":{"self":[{"href":"https:\/\/1975-2025erakusketa.eus\/es\/wp-json\/wp\/v2\/panela\/800","targetHints":{"allow":["GET"]}}],"collection":[{"href":"https:\/\/1975-2025erakusketa.eus\/es\/wp-json\/wp\/v2\/panela"}],"about":[{"href":"https:\/\/1975-2025erakusketa.eus\/es\/wp-json\/wp\/v2\/types\/panela"}],"version-history":[{"count":3,"href":"https:\/\/1975-2025erakusketa.eus\/es\/wp-json\/wp\/v2\/panela\/800\/revisions"}],"predecessor-version":[{"id":962,"href":"https:\/\/1975-2025erakusketa.eus\/es\/wp-json\/wp\/v2\/panela\/800\/revisions\/962"}],"wp:featuredmedia":[{"embeddable":true,"href":"https:\/\/1975-2025erakusketa.eus\/es\/wp-json\/wp\/v2\/media\/947"}],"wp:attachment":[{"href":"https:\/\/1975-2025erakusketa.eus\/es\/wp-json\/wp\/v2\/media?parent=800"}],"curies":[{"name":"wp","href":"https:\/\/api.w.org\/{rel}","templated":true}]}}