{"version":"1.0","provider_name":"1975: Dena jokoan zegoen urtea","provider_url":"https:\/\/1975-2025erakusketa.eus\/fr\/","author_name":"2klik","author_url":"https:\/\/1975-2025erakusketa.eus\/fr\/author\/2klik_h34h\/","title":"\u00c0 l'aube - 1975: Dena jokoan zegoen urtea","type":"rich","width":600,"height":338,"html":"<blockquote class=\"wp-embedded-content\" data-secret=\"cKkayC51IY\"><a href=\"https:\/\/1975-2025erakusketa.eus\/fr\/panela\/a-laube\/\">\u00c0 l&rsquo;aube<\/a><\/blockquote><iframe sandbox=\"allow-scripts\" security=\"restricted\" src=\"https:\/\/1975-2025erakusketa.eus\/fr\/panela\/a-laube\/embed\/#?secret=cKkayC51IY\" width=\"600\" height=\"338\" title=\"\u00ab\u00a0\u00c0 l&rsquo;aube\u00a0\u00bb &#8212; 1975: Dena jokoan zegoen urtea\" data-secret=\"cKkayC51IY\" frameborder=\"0\" marginwidth=\"0\" marginheight=\"0\" scrolling=\"no\" class=\"wp-embedded-content\"><\/iframe><script>\n\/*! This file is auto-generated *\/\n!function(d,l){\"use strict\";l.querySelector&&d.addEventListener&&\"undefined\"!=typeof URL&&(d.wp=d.wp||{},d.wp.receiveEmbedMessage||(d.wp.receiveEmbedMessage=function(e){var t=e.data;if((t||t.secret||t.message||t.value)&&!\/[^a-zA-Z0-9]\/.test(t.secret)){for(var s,r,n,a=l.querySelectorAll('iframe[data-secret=\"'+t.secret+'\"]'),o=l.querySelectorAll('blockquote[data-secret=\"'+t.secret+'\"]'),c=new RegExp(\"^https?:$\",\"i\"),i=0;i<o.length;i++)o[i].style.display=\"none\";for(i=0;i<a.length;i++)s=a[i],e.source===s.contentWindow&&(s.removeAttribute(\"style\"),\"height\"===t.message?(1e3<(r=parseInt(t.value,10))?r=1e3:~~r<200&&(r=200),s.height=r):\"link\"===t.message&&(r=new URL(s.getAttribute(\"src\")),n=new URL(t.value),c.test(n.protocol))&&n.host===r.host&&l.activeElement===s&&(d.top.location.href=t.value))}},d.addEventListener(\"message\",d.wp.receiveEmbedMessage,!1),l.addEventListener(\"DOMContentLoaded\",function(){for(var e,t,s=l.querySelectorAll(\"iframe.wp-embedded-content\"),r=0;r<s.length;r++)(t=(e=s[r]).getAttribute(\"data-secret\"))||(t=Math.random().toString(36).substring(2,12),e.src+=\"#?secret=\"+t,e.setAttribute(\"data-secret\",t)),e.contentWindow.postMessage({message:\"ready\",secret:t},\"*\")},!1)))}(window,document);\n<\/script>\n","thumbnail_url":"https:\/\/1975-2025erakusketa.eus\/wp-content\/uploads\/2025\/09\/11-al-alba-FRA.jpg","thumbnail_width":800,"thumbnail_height":1200,"description":"\u00c0 l&rsquo;aube Ex\u00e9cutions de Txiki et d&rsquo;Otaegi Association culturelle Haizea eta Sustraiak. Jon Paredes Manot, \u00e2g\u00e9 de 21 ans, est mort fusill\u00e9 par un peloton de volontaires de la Garde civile au cimeti\u00e8re de Cerdanyola del Vall\u00e9s, pr\u00e8s de Barcelone, alors qu&rsquo;il chantait l&rsquo;\u00abEusko Gudariak\u00bb. Angel Otaegi, \u00e2g\u00e9 de 33 ans, est fusill\u00e9 le m\u00eame [&hellip;]"}