{"version":"1.0","provider_name":"1975: Dena jokoan zegoen urtea","provider_url":"https:\/\/1975-2025erakusketa.eus\/fr\/","author_name":"2klik","author_url":"https:\/\/1975-2025erakusketa.eus\/fr\/author\/2klik_h34h\/","title":"L'unit\u00e9 de l'Espagne et la division territoriale - 1975: Dena jokoan zegoen urtea","type":"rich","width":600,"height":338,"html":"<blockquote class=\"wp-embedded-content\" data-secret=\"RlWHZ05cEz\"><a href=\"https:\/\/1975-2025erakusketa.eus\/fr\/panela\/lunite-de-lespagne-et-la-division-territoriale\/\">L&rsquo;unit\u00e9 de l&rsquo;Espagne et la division territoriale<\/a><\/blockquote><iframe sandbox=\"allow-scripts\" security=\"restricted\" src=\"https:\/\/1975-2025erakusketa.eus\/fr\/panela\/lunite-de-lespagne-et-la-division-territoriale\/embed\/#?secret=RlWHZ05cEz\" width=\"600\" height=\"338\" title=\"\u00ab\u00a0L&rsquo;unit\u00e9 de l&rsquo;Espagne et la division territoriale\u00a0\u00bb &#8212; 1975: Dena jokoan zegoen urtea\" data-secret=\"RlWHZ05cEz\" frameborder=\"0\" marginwidth=\"0\" marginheight=\"0\" scrolling=\"no\" class=\"wp-embedded-content\"><\/iframe><script>\n\/*! This file is auto-generated *\/\n!function(d,l){\"use strict\";l.querySelector&&d.addEventListener&&\"undefined\"!=typeof URL&&(d.wp=d.wp||{},d.wp.receiveEmbedMessage||(d.wp.receiveEmbedMessage=function(e){var t=e.data;if((t||t.secret||t.message||t.value)&&!\/[^a-zA-Z0-9]\/.test(t.secret)){for(var s,r,n,a=l.querySelectorAll('iframe[data-secret=\"'+t.secret+'\"]'),o=l.querySelectorAll('blockquote[data-secret=\"'+t.secret+'\"]'),c=new RegExp(\"^https?:$\",\"i\"),i=0;i<o.length;i++)o[i].style.display=\"none\";for(i=0;i<a.length;i++)s=a[i],e.source===s.contentWindow&&(s.removeAttribute(\"style\"),\"height\"===t.message?(1e3<(r=parseInt(t.value,10))?r=1e3:~~r<200&&(r=200),s.height=r):\"link\"===t.message&&(r=new URL(s.getAttribute(\"src\")),n=new URL(t.value),c.test(n.protocol))&&n.host===r.host&&l.activeElement===s&&(d.top.location.href=t.value))}},d.addEventListener(\"message\",d.wp.receiveEmbedMessage,!1),l.addEventListener(\"DOMContentLoaded\",function(){for(var e,t,s=l.querySelectorAll(\"iframe.wp-embedded-content\"),r=0;r<s.length;r++)(t=(e=s[r]).getAttribute(\"data-secret\"))||(t=Math.random().toString(36).substring(2,12),e.src+=\"#?secret=\"+t,e.setAttribute(\"data-secret\",t)),e.contentWindow.postMessage({message:\"ready\",secret:t},\"*\")},!1)))}(window,document);\n<\/script>\n","thumbnail_url":"https:\/\/1975-2025erakusketa.eus\/wp-content\/uploads\/2025\/09\/17-espainiar-konstituzioa-FRA.jpg","thumbnail_width":800,"thumbnail_height":1200,"description":"L&rsquo;unit\u00e9 de l&rsquo;Espagne et la division territoriale La Constitution espagnole Avec son adoption le 6 d\u00e9cembre 1978, les principes d\u00e9fendus par le franquisme et les piliers de son projet politique \u00e9taient inscrits dans les fondements de la Constitution espagnole. Au Pays basque espagnol, la Constitution de 1978 a enregistr\u00e9 51\u00a0% d&rsquo;abstention et seul un vote [&hellip;]"}