{"id":845,"date":"2025-07-30T09:35:29","date_gmt":"2025-07-30T07:35:29","guid":{"rendered":"https:\/\/1975-2025erakusketa.eus\/panela\/lannee-ou-tout-etait-en-jeu\/"},"modified":"2025-09-10T09:30:09","modified_gmt":"2025-09-10T07:30:09","slug":"lannee-ou-tout-etait-en-jeu","status":"publish","type":"panela","link":"https:\/\/1975-2025erakusketa.eus\/fr\/panela\/lannee-ou-tout-etait-en-jeu\/","title":{"rendered":"L&rsquo;ann\u00e9e o\u00f9 tout \u00e9tait en jeu"},"content":{"rendered":"\t\t<div data-elementor-type=\"wp-post\" data-elementor-id=\"845\" class=\"elementor elementor-845 elementor-139\" data-elementor-post-type=\"panela\">\n\t\t\t\t<div class=\"elementor-element elementor-element-b21e907 e-flex e-con-boxed e-con e-parent\" data-id=\"b21e907\" data-element_type=\"container\">\n\t\t\t\t\t<div class=\"e-con-inner\">\n\t\t\t\t<div class=\"elementor-element elementor-element-48ed179 elementor-widget elementor-widget-heading\" data-id=\"48ed179\" data-element_type=\"widget\" data-widget_type=\"heading.default\">\n\t\t\t\t\t<h2 class=\"elementor-heading-title elementor-size-default\">1975. L'ann\u00e9e o\u00f9 tout \u00e9tait en jeu\u2026<\/h2>\t\t\t\t<\/div>\n\t\t\t\t\t<\/div>\n\t\t\t\t<\/div>\n\t\t<div class=\"elementor-element elementor-element-4324304 e-flex e-con-boxed e-con e-child\" data-id=\"4324304\" data-element_type=\"container\">\n\t\t\t\t\t<div class=\"e-con-inner\">\n\t\t\t\t<div class=\"elementor-element elementor-element-4d9e17b elementor-widget elementor-widget-text-editor\" data-id=\"4d9e17b\" data-element_type=\"widget\" data-widget_type=\"text-editor.default\">\n\t\t\t\t\t\t\t\t\t<p><strong>20-01-1975<\/strong> Un habitant de Sestao, V\u00edctor Manuel P\u00e9rez Elexpe, est abattu de balles par un garde civil en civil dans les rues de Portugalete.<\/p>\n<p><strong>29-03-1975<\/strong> Attentat mortel de l&rsquo;ETA politico-militaire \u00e0 Saint-S\u00e9bastien contre le sous-inspecteur de la Brigade politique et sociale Jos\u00e9 D\u00edaz Linares.<\/p>\n<p><strong>30-03-1975.<\/strong> C\u00e9l\u00e9bration de l&rsquo;Aberri Eguna. En plus des partis abertzales, d&rsquo;autres forces politiques (certaines \u00e0 l&rsquo;\u00e9chelle nationale) r\u00e9pondent aussi \u00e0 l&rsquo;invitation.<\/p>\n<p><strong>07-04-1975<\/strong> Premier attentat au Pays basque fran\u00e7ais. Consid\u00e9r\u00e9 comme la premi\u00e8re op\u00e9ration arm\u00e9e men\u00e9e par les appareils de l&rsquo;\u00c9tat espagnol. Plus tard, le contre-espionnage espagnol le d\u00e9finirait comme l&rsquo;ATE (Antiterrorisme ETA). L&rsquo;ATE a revendiqu\u00e9 tous les attentats par explosifs et mitraillages.<\/p>\n<p><strong>25-04-1975<\/strong> Le dictateur Francisco Franco d\u00e9cr\u00e8te le dernier \u00e9tat d&rsquo;exception en Biscaye et dans le Guip\u00fazcoa. La veille, Mikel Gardoki est tu\u00e9 \u00e0 Saint-S\u00e9bastien dans une fusillade avec la police. Pendant les mois suivants, des milliers de personnes seront arr\u00eat\u00e9es dans le cadre d&rsquo;une brutale razzia r\u00e9pressive. Le jour m\u00eame o\u00f9 l&rsquo;\u00e9tat d&rsquo;exception a \u00e9t\u00e9 d\u00e9clar\u00e9, le procureur militaire de la Capitainerie de Burgos a pr\u00e9sent\u00e9 une demande de peine de mort contre les militants de l&rsquo;ETA Jose Antonio Garmendia, alias Tupa, et Angel Otaegi.<\/p>\n<p><strong>01-05-1974<\/strong> AB (Langile Abertzaleen Batzordeak) na\u00eet avec l&rsquo;ambition de devenir un syndicat large et repr\u00e9sentatif. Il se d\u00e9finit comme une organisation de masses d&rsquo;un peuple opprim\u00e9 nationalement aussi: organisation nationale et de classe.<\/p>\n<p><strong>15-05-1975<\/strong> Le couple form\u00e9 par Blanca Salegi et I\u00f1aki Garai meurt mitraill\u00e9 par la Garde civile au cours de l&rsquo;assaut \u00e0 leur domicile de Gernika. Peu de temps apr\u00e8s, un des militants de l&rsquo;ETA qui est parvenu \u00e0 fuir, Josu Markiegi alias Motriko, mourra cribl\u00e9 de plus de quarante impacts de balle.<\/p>\n<p><strong>28-05-1975<\/strong> La censure informative dans le cadre de l&rsquo;\u00e9tat d&rsquo;exception.<\/p>\n<p><strong>06-06-1975<\/strong> Recrudescence de la sale guerre. Dans un projet d&rsquo;attentat, deux mercenaires meurent en posant une bombe au domicile des r\u00e9fugi\u00e9s Jose Antonio Urrutikoetxea et Mikel Mugiro.<\/p>\n<p><strong>11-06-1975<\/strong> Journ\u00e9e de lutte contre la demande de peine de mort pour Tupa et Otaegi. Appel \u00e0 la gr\u00e8ve g\u00e9n\u00e9rale et mobilisations dans tout le Pays Basque. Plus de 5\u00a0000 personnes se mobilisent dans des villes comme Barcelone, Valence, S\u00e9ville, Toulouse, Marseille, Bordeaux et Paris.<\/p>\n<p><strong>21-06-1975<\/strong> La Croix-Rouge internationale demande d&rsquo;abandonner les poursuites contre Garmendia.<\/p>\n<p><strong>30-06-1975<\/strong> Apr\u00e8s que l&rsquo;agent infiltr\u00e9 du SECED (Service central de documentation, les services secrets espagnols), Mikel Lejarza alias El Lobo, a occup\u00e9 des postes \u00e0 responsabilit\u00e9 au sein de l&rsquo;ETA politico-militaire, plus d&rsquo;une centaine de militants et collaborateurs ont \u00e9t\u00e9 arr\u00eat\u00e9s et assassin\u00e9s \u00e0 l&rsquo;\u00e9t\u00e9 1975.<\/p>\n<p><strong>26-07-1975<\/strong> L&rsquo;\u00e9tat d&rsquo;exception, qui a dur\u00e9 trois mois, est lev\u00e9.<\/p>\n<p><strong>01-08-1975<\/strong> KAS voit le jour en tant que coordinatrice pour la mobilisation contre les peines de mort et avec la mission de rallier les forces de toutes les formations ind\u00e9pendantistes et socialistes. LAIA, EAS et HAS (futur EHAS), LAB, LAK et ELI, ETA militaire et ETA politico-militaire d\u00e9cident de rendre publique la naissance de KAS. L&rsquo;ann\u00e9e suivante, elle pr\u00e9sentera l&rsquo;alternative tactique pour le Pays basque espagnol.<\/p>\n<p><strong>26-08-1975<\/strong> Adoption de la loi antiterroriste franquiste, pr\u00e9curseur de toute la l\u00e9gislation antiterroriste. Par un d\u00e9cret-loi, le d\u00e9lai l\u00e9gal d&rsquo;arrestation \u00e9tait fix\u00e9 \u00e0 cinq jours avant d&rsquo;\u00eatre traduit en justice.<\/p>\n<p><strong>29-08-1975<\/strong> Le conseil de guerre contre Garmendia et Otaegi se tient \u00e0 Burgos. Ils sont d\u00e9clar\u00e9s coupables et le 30 le jugement est prononc\u00e9 publiquement\u00a0: condamnation \u00e0 mort pour terrorisme.<\/p>\n<p><strong>27-09-1975<\/strong> Faisant la sourde oreille aux demandes de cl\u00e9mence du premier ministre su\u00e9dois, Olof Palme, du pr\u00e9sident du Mexique, Luis Echeverr\u00eda, et du pape lui-m\u00eame, Paul VI, le Conseil des ministres confirme les peines de mort contre Txiki et Otaegi, commuant celle de Garmendia par la r\u00e9clusion criminelle \u00e0 perp\u00e9tuit\u00e9.<\/p>\n<p><strong>06-10-1975<\/strong> Premi\u00e8re victime mortelle d&rsquo;attentats para-policiers: I\u00f1aki Etxabe meurt mitraill\u00e9 \u00e0 Kanpazar (Arrasate).<\/p>\n<p><strong>25-10-1975<\/strong> L&rsquo;ambassadeur des \u00c9tats-Unis commence \u00e0 rencontrer Felipe Gonz\u00e1lez. Nous savons aujourd&rsquo;hui par des documents d\u00e9classifi\u00e9s qu&rsquo;\u00e0 l&rsquo;\u00e9poque le PSOE \u00e9tait pr\u00eat \u00e0 donner une chance \u00e0 Juan Carlos.<\/p>\n<p><strong>0-11-1975<\/strong> Francisco Franco meurt, sur le point de f\u00eater ses 83 ans.<\/p>\n<p><strong>22-11-1975<\/strong> Juan Carlos de Bourbon est nomm\u00e9 chef de l&rsquo;\u00c9tat par les Cortes franquistes.<\/p>\n<p><strong>24-11-1975<\/strong> Attentat mortel de l&rsquo;ETA \u00e0 Oiartzun contre le maire de la ville, Antonio Etxeberria Albisu, lors de son premier acte apr\u00e8s la mort de Franco. Le lendemain, l&rsquo;ETA diffusait un communiqu\u00e9 demandant la d\u00e9mission des maires franquistes.<\/p>\n<p><strong>02-12-1975<\/strong> La monarchie s&rsquo;instaure avec de vieilles m\u00e9thodes: Koldo L\u00f3pez de Gere\u00f1u est abattu de balles par la Garde civile.<\/p>\n<p><strong>11-12-1975<\/strong> Le premier gouvernement de la monarchie est constitu\u00e9, pr\u00e9sid\u00e9 par Carlos Arias Navarro. Juan Carlos de Bourbon nomme un gouvernement qui garantit la continuit\u00e9 du r\u00e9gime.<\/p>\n<p><strong>25-12-1975<\/strong> Manifestations massives en faveur de l&rsquo;amnistie \u00e0 Pampelune, Bilbao et dans d&rsquo;autres villes du Pays Basque.<\/p>\n\t\t\t\t\t\t\t\t<\/div>\n\t\t\t\t\t<\/div>\n\t\t\t\t<\/div>\n\t\t<div class=\"elementor-element elementor-element-ee7fc34 e-flex e-con-boxed e-con e-parent\" data-id=\"ee7fc34\" data-element_type=\"container\">\n\t\t\t\t\t<div class=\"e-con-inner\">\n\t\t\t\t<div class=\"elementor-element elementor-element-00da0c7 elementor-widget elementor-widget-template\" data-id=\"00da0c7\" data-element_type=\"widget\" data-widget_type=\"template.default\">\n\t\t\t\t<div class=\"elementor-widget-container\">\n\t\t\t\t\t\t\t<div class=\"elementor-template\">\n\t\t\t\t\t<div data-elementor-type=\"container\" data-elementor-id=\"403\" class=\"elementor elementor-403\" data-elementor-post-type=\"elementor_library\">\n\t\t\t\t<div class=\"elementor-element elementor-element-1efa1886 e-flex e-con-boxed e-con e-parent\" data-id=\"1efa1886\" data-element_type=\"container\">\n\t\t\t\t\t<div class=\"e-con-inner\">\n\t\t\t\t<div class=\"elementor-element elementor-element-8417b4b elementor-hidden-mobile elementor-post-navigation-borders-yes elementor-widget elementor-widget-post-navigation\" data-id=\"8417b4b\" data-element_type=\"widget\" data-widget_type=\"post-navigation.default\">\n\t\t\t\t\t\t\t<div class=\"elementor-post-navigation\" role=\"navigation\" aria-label=\"Navigation de publication\">\n\t\t\t<div class=\"elementor-post-navigation__prev elementor-post-navigation__link\">\n\t\t\t\t<a href=\"https:\/\/1975-2025erakusketa.eus\/fr\/panela\/le-printemps-basque\/\" rel=\"prev\"><span class=\"post-navigation__arrow-wrapper post-navigation__arrow-prev\"><svg aria-hidden=\"true\" class=\"e-font-icon-svg e-fas-angle-left\" viewBox=\"0 0 256 512\" xmlns=\"http:\/\/www.w3.org\/2000\/svg\"><path d=\"M31.7 239l136-136c9.4-9.4 24.6-9.4 33.9 0l22.6 22.6c9.4 9.4 9.4 24.6 0 33.9L127.9 256l96.4 96.4c9.4 9.4 9.4 24.6 0 33.9L201.7 409c-9.4 9.4-24.6 9.4-33.9 0l-136-136c-9.5-9.4-9.5-24.6-.1-34z\"><\/path><\/svg><span class=\"elementor-screen-only\">Pr\u00e9c\u00e9dent<\/span><\/span><span class=\"elementor-post-navigation__link__prev\"><span class=\"post-navigation__prev--label\">Atzera<\/span><span class=\"post-navigation__prev--title\">Le printemps basque<\/span><\/span><\/a>\t\t\t<\/div>\n\t\t\t\t\t\t\t<div class=\"elementor-post-navigation__separator-wrapper\">\n\t\t\t\t\t<div class=\"elementor-post-navigation__separator\"><\/div>\n\t\t\t\t<\/div>\n\t\t\t\t\t\t<div class=\"elementor-post-navigation__next elementor-post-navigation__link\">\n\t\t\t\t<a href=\"https:\/\/1975-2025erakusketa.eus\/fr\/panela\/appel-unitaire-a-gernika\/\" rel=\"next\"><span class=\"elementor-post-navigation__link__next\"><span class=\"post-navigation__next--label\">Aurrera<\/span><span class=\"post-navigation__next--title\">Appel unitaire \u00e0 Gernika<\/span><\/span><span class=\"post-navigation__arrow-wrapper post-navigation__arrow-next\"><svg aria-hidden=\"true\" class=\"e-font-icon-svg e-fas-angle-right\" viewBox=\"0 0 256 512\" xmlns=\"http:\/\/www.w3.org\/2000\/svg\"><path d=\"M224.3 273l-136 136c-9.4 9.4-24.6 9.4-33.9 0l-22.6-22.6c-9.4-9.4-9.4-24.6 0-33.9l96.4-96.4-96.4-96.4c-9.4-9.4-9.4-24.6 0-33.9L54.3 103c9.4-9.4 24.6-9.4 33.9 0l136 136c9.5 9.4 9.5 24.6.1 34z\"><\/path><\/svg><span class=\"elementor-screen-only\">Suivant<\/span><\/span><\/a>\t\t\t<\/div>\n\t\t<\/div>\n\t\t\t\t\t\t<\/div>\n\t\t\t\t<div class=\"elementor-element elementor-element-af6c8ae elementor-hidden-desktop elementor-hidden-tablet elementor-post-navigation-borders-yes elementor-widget elementor-widget-post-navigation\" data-id=\"af6c8ae\" data-element_type=\"widget\" data-widget_type=\"post-navigation.default\">\n\t\t\t\t\t\t\t<div class=\"elementor-post-navigation\" role=\"navigation\" aria-label=\"Navigation de publication\">\n\t\t\t<div class=\"elementor-post-navigation__prev elementor-post-navigation__link\">\n\t\t\t\t<a href=\"https:\/\/1975-2025erakusketa.eus\/fr\/panela\/le-printemps-basque\/\" rel=\"prev\"><span class=\"post-navigation__arrow-wrapper post-navigation__arrow-prev\"><svg aria-hidden=\"true\" class=\"e-font-icon-svg e-fas-angle-left\" viewBox=\"0 0 256 512\" xmlns=\"http:\/\/www.w3.org\/2000\/svg\"><path d=\"M31.7 239l136-136c9.4-9.4 24.6-9.4 33.9 0l22.6 22.6c9.4 9.4 9.4 24.6 0 33.9L127.9 256l96.4 96.4c9.4 9.4 9.4 24.6 0 33.9L201.7 409c-9.4 9.4-24.6 9.4-33.9 0l-136-136c-9.5-9.4-9.5-24.6-.1-34z\"><\/path><\/svg><span class=\"elementor-screen-only\">Pr\u00e9c\u00e9dent<\/span><\/span><span class=\"elementor-post-navigation__link__prev\"><span class=\"post-navigation__prev--label\">Atzera<\/span><\/span><\/a>\t\t\t<\/div>\n\t\t\t\t\t\t\t<div class=\"elementor-post-navigation__separator-wrapper\">\n\t\t\t\t\t<div class=\"elementor-post-navigation__separator\"><\/div>\n\t\t\t\t<\/div>\n\t\t\t\t\t\t<div class=\"elementor-post-navigation__next elementor-post-navigation__link\">\n\t\t\t\t<a href=\"https:\/\/1975-2025erakusketa.eus\/fr\/panela\/appel-unitaire-a-gernika\/\" rel=\"next\"><span class=\"elementor-post-navigation__link__next\"><span class=\"post-navigation__next--label\">Aurrera<\/span><\/span><span class=\"post-navigation__arrow-wrapper post-navigation__arrow-next\"><svg aria-hidden=\"true\" class=\"e-font-icon-svg e-fas-angle-right\" viewBox=\"0 0 256 512\" xmlns=\"http:\/\/www.w3.org\/2000\/svg\"><path d=\"M224.3 273l-136 136c-9.4 9.4-24.6 9.4-33.9 0l-22.6-22.6c-9.4-9.4-9.4-24.6 0-33.9l96.4-96.4-96.4-96.4c-9.4-9.4-9.4-24.6 0-33.9L54.3 103c9.4-9.4 24.6-9.4 33.9 0l136 136c9.5 9.4 9.5 24.6.1 34z\"><\/path><\/svg><span class=\"elementor-screen-only\">Suivant<\/span><\/span><\/a>\t\t\t<\/div>\n\t\t<\/div>\n\t\t\t\t\t\t<\/div>\n\t\t\t\t\t<\/div>\n\t\t\t\t<\/div>\n\t\t\t\t<\/div>\n\t\t\t\t<\/div>\n\t\t\t\t\t\t<\/div>\n\t\t\t\t<\/div>\n\t\t\t\t\t<\/div>\n\t\t\t\t<\/div>\n\t\t\t\t<\/div>\n\t\t","protected":false},"featured_media":667,"template":"","meta":{"_acf_changed":false},"class_list":["post-845","panela","type-panela","status-publish","has-post-thumbnail","hentry"],"acf":[],"yoast_head":"<!-- This site is optimized with the Yoast SEO plugin v26.7 - https:\/\/yoast.com\/wordpress\/plugins\/seo\/ -->\n<title>L&#039;ann\u00e9e o\u00f9 tout \u00e9tait en jeu - 1975: Dena jokoan zegoen urtea<\/title>\n<meta name=\"robots\" content=\"index, follow, max-snippet:-1, max-image-preview:large, max-video-preview:-1\" \/>\n<link rel=\"canonical\" href=\"https:\/\/1975-2025erakusketa.eus\/fr\/panela\/lannee-ou-tout-etait-en-jeu\/\" \/>\n<meta property=\"og:locale\" content=\"fr_FR\" \/>\n<meta property=\"og:type\" content=\"article\" \/>\n<meta property=\"og:title\" content=\"L&#039;ann\u00e9e o\u00f9 tout \u00e9tait en jeu - 1975: Dena jokoan zegoen urtea\" \/>\n<meta property=\"og:description\" content=\"1975. L&rsquo;ann\u00e9e o\u00f9 tout \u00e9tait en jeu\u2026 20-01-1975 Un habitant de Sestao, V\u00edctor Manuel P\u00e9rez Elexpe, est abattu de balles par un garde civil en civil dans les rues de Portugalete. 29-03-1975 Attentat mortel de l&rsquo;ETA politico-militaire \u00e0 Saint-S\u00e9bastien contre le sous-inspecteur de la Brigade politique et sociale Jos\u00e9 D\u00edaz Linares. 30-03-1975. C\u00e9l\u00e9bration de l&rsquo;Aberri [&hellip;]\" \/>\n<meta property=\"og:url\" content=\"https:\/\/1975-2025erakusketa.eus\/fr\/panela\/lannee-ou-tout-etait-en-jeu\/\" \/>\n<meta property=\"og:site_name\" content=\"1975: Dena jokoan zegoen urtea\" \/>\n<meta property=\"article:modified_time\" content=\"2025-09-10T07:30:09+00:00\" \/>\n<meta property=\"og:image\" content=\"https:\/\/1975-2025erakusketa.eus\/wp-content\/uploads\/2025\/09\/06-1975-FRA.jpg\" \/>\n\t<meta property=\"og:image:width\" content=\"800\" \/>\n\t<meta property=\"og:image:height\" content=\"1200\" \/>\n\t<meta property=\"og:image:type\" content=\"image\/jpeg\" \/>\n<meta name=\"twitter:card\" content=\"summary_large_image\" \/>\n<meta name=\"twitter:label1\" content=\"Dur\u00e9e de lecture estim\u00e9e\" \/>\n\t<meta name=\"twitter:data1\" content=\"4 minutes\" \/>\n<script type=\"application\/ld+json\" class=\"yoast-schema-graph\">{\"@context\":\"https:\/\/schema.org\",\"@graph\":[{\"@type\":\"WebPage\",\"@id\":\"https:\/\/1975-2025erakusketa.eus\/fr\/panela\/lannee-ou-tout-etait-en-jeu\/\",\"url\":\"https:\/\/1975-2025erakusketa.eus\/fr\/panela\/lannee-ou-tout-etait-en-jeu\/\",\"name\":\"L'ann\u00e9e o\u00f9 tout \u00e9tait en jeu - 1975: Dena jokoan zegoen urtea\",\"isPartOf\":{\"@id\":\"https:\/\/1975-2025erakusketa.eus\/fr\/#website\"},\"primaryImageOfPage\":{\"@id\":\"https:\/\/1975-2025erakusketa.eus\/fr\/panela\/lannee-ou-tout-etait-en-jeu\/#primaryimage\"},\"image\":{\"@id\":\"https:\/\/1975-2025erakusketa.eus\/fr\/panela\/lannee-ou-tout-etait-en-jeu\/#primaryimage\"},\"thumbnailUrl\":\"https:\/\/1975-2025erakusketa.eus\/wp-content\/uploads\/2025\/09\/06-1975-FRA.jpg\",\"datePublished\":\"2025-07-30T07:35:29+00:00\",\"dateModified\":\"2025-09-10T07:30:09+00:00\",\"breadcrumb\":{\"@id\":\"https:\/\/1975-2025erakusketa.eus\/fr\/panela\/lannee-ou-tout-etait-en-jeu\/#breadcrumb\"},\"inLanguage\":\"fr-FR\",\"potentialAction\":[{\"@type\":\"ReadAction\",\"target\":[\"https:\/\/1975-2025erakusketa.eus\/fr\/panela\/lannee-ou-tout-etait-en-jeu\/\"]}]},{\"@type\":\"ImageObject\",\"inLanguage\":\"fr-FR\",\"@id\":\"https:\/\/1975-2025erakusketa.eus\/fr\/panela\/lannee-ou-tout-etait-en-jeu\/#primaryimage\",\"url\":\"https:\/\/1975-2025erakusketa.eus\/wp-content\/uploads\/2025\/09\/06-1975-FRA.jpg\",\"contentUrl\":\"https:\/\/1975-2025erakusketa.eus\/wp-content\/uploads\/2025\/09\/06-1975-FRA.jpg\",\"width\":800,\"height\":1200},{\"@type\":\"BreadcrumbList\",\"@id\":\"https:\/\/1975-2025erakusketa.eus\/fr\/panela\/lannee-ou-tout-etait-en-jeu\/#breadcrumb\",\"itemListElement\":[{\"@type\":\"ListItem\",\"position\":1,\"name\":\"Home\",\"item\":\"https:\/\/1975-2025erakusketa.eus\/fr\/1975-2025\/\"},{\"@type\":\"ListItem\",\"position\":2,\"name\":\"L&rsquo;ann\u00e9e o\u00f9 tout \u00e9tait en jeu\"}]},{\"@type\":\"WebSite\",\"@id\":\"https:\/\/1975-2025erakusketa.eus\/fr\/#website\",\"url\":\"https:\/\/1975-2025erakusketa.eus\/fr\/\",\"name\":\"1975. Dena jokoan zegoen urtea\",\"description\":\"Trantsizio espainiarrak Euskal Herriaren bilakaeran izan zuen eraginaz gogoeta egiteko erakusketa\",\"publisher\":{\"@id\":\"https:\/\/1975-2025erakusketa.eus\/fr\/#organization\"},\"potentialAction\":[{\"@type\":\"SearchAction\",\"target\":{\"@type\":\"EntryPoint\",\"urlTemplate\":\"https:\/\/1975-2025erakusketa.eus\/fr\/?s={search_term_string}\"},\"query-input\":{\"@type\":\"PropertyValueSpecification\",\"valueRequired\":true,\"valueName\":\"search_term_string\"}}],\"inLanguage\":\"fr-FR\"},{\"@type\":\"Organization\",\"@id\":\"https:\/\/1975-2025erakusketa.eus\/fr\/#organization\",\"name\":\"1975-2025\",\"url\":\"https:\/\/1975-2025erakusketa.eus\/fr\/\",\"logo\":{\"@type\":\"ImageObject\",\"inLanguage\":\"fr-FR\",\"@id\":\"https:\/\/1975-2025erakusketa.eus\/fr\/#\/schema\/logo\/image\/\",\"url\":\"https:\/\/1975-2025erakusketa.eus\/wp-content\/uploads\/2025\/08\/erakusketa-scaled.jpg\",\"contentUrl\":\"https:\/\/1975-2025erakusketa.eus\/wp-content\/uploads\/2025\/08\/erakusketa-scaled.jpg\",\"width\":2560,\"height\":2560,\"caption\":\"1975-2025\"},\"image\":{\"@id\":\"https:\/\/1975-2025erakusketa.eus\/fr\/#\/schema\/logo\/image\/\"}}]}<\/script>\n<!-- \/ Yoast SEO plugin. -->","yoast_head_json":{"title":"L'ann\u00e9e o\u00f9 tout \u00e9tait en jeu - 1975: Dena jokoan zegoen urtea","robots":{"index":"index","follow":"follow","max-snippet":"max-snippet:-1","max-image-preview":"max-image-preview:large","max-video-preview":"max-video-preview:-1"},"canonical":"https:\/\/1975-2025erakusketa.eus\/fr\/panela\/lannee-ou-tout-etait-en-jeu\/","og_locale":"fr_FR","og_type":"article","og_title":"L'ann\u00e9e o\u00f9 tout \u00e9tait en jeu - 1975: Dena jokoan zegoen urtea","og_description":"1975. L&rsquo;ann\u00e9e o\u00f9 tout \u00e9tait en jeu\u2026 20-01-1975 Un habitant de Sestao, V\u00edctor Manuel P\u00e9rez Elexpe, est abattu de balles par un garde civil en civil dans les rues de Portugalete. 29-03-1975 Attentat mortel de l&rsquo;ETA politico-militaire \u00e0 Saint-S\u00e9bastien contre le sous-inspecteur de la Brigade politique et sociale Jos\u00e9 D\u00edaz Linares. 30-03-1975. C\u00e9l\u00e9bration de l&rsquo;Aberri [&hellip;]","og_url":"https:\/\/1975-2025erakusketa.eus\/fr\/panela\/lannee-ou-tout-etait-en-jeu\/","og_site_name":"1975: Dena jokoan zegoen urtea","article_modified_time":"2025-09-10T07:30:09+00:00","og_image":[{"width":800,"height":1200,"url":"https:\/\/1975-2025erakusketa.eus\/wp-content\/uploads\/2025\/09\/06-1975-FRA.jpg","type":"image\/jpeg"}],"twitter_card":"summary_large_image","twitter_misc":{"Dur\u00e9e de lecture estim\u00e9e":"4 minutes"},"schema":{"@context":"https:\/\/schema.org","@graph":[{"@type":"WebPage","@id":"https:\/\/1975-2025erakusketa.eus\/fr\/panela\/lannee-ou-tout-etait-en-jeu\/","url":"https:\/\/1975-2025erakusketa.eus\/fr\/panela\/lannee-ou-tout-etait-en-jeu\/","name":"L'ann\u00e9e o\u00f9 tout \u00e9tait en jeu - 1975: Dena jokoan zegoen urtea","isPartOf":{"@id":"https:\/\/1975-2025erakusketa.eus\/fr\/#website"},"primaryImageOfPage":{"@id":"https:\/\/1975-2025erakusketa.eus\/fr\/panela\/lannee-ou-tout-etait-en-jeu\/#primaryimage"},"image":{"@id":"https:\/\/1975-2025erakusketa.eus\/fr\/panela\/lannee-ou-tout-etait-en-jeu\/#primaryimage"},"thumbnailUrl":"https:\/\/1975-2025erakusketa.eus\/wp-content\/uploads\/2025\/09\/06-1975-FRA.jpg","datePublished":"2025-07-30T07:35:29+00:00","dateModified":"2025-09-10T07:30:09+00:00","breadcrumb":{"@id":"https:\/\/1975-2025erakusketa.eus\/fr\/panela\/lannee-ou-tout-etait-en-jeu\/#breadcrumb"},"inLanguage":"fr-FR","potentialAction":[{"@type":"ReadAction","target":["https:\/\/1975-2025erakusketa.eus\/fr\/panela\/lannee-ou-tout-etait-en-jeu\/"]}]},{"@type":"ImageObject","inLanguage":"fr-FR","@id":"https:\/\/1975-2025erakusketa.eus\/fr\/panela\/lannee-ou-tout-etait-en-jeu\/#primaryimage","url":"https:\/\/1975-2025erakusketa.eus\/wp-content\/uploads\/2025\/09\/06-1975-FRA.jpg","contentUrl":"https:\/\/1975-2025erakusketa.eus\/wp-content\/uploads\/2025\/09\/06-1975-FRA.jpg","width":800,"height":1200},{"@type":"BreadcrumbList","@id":"https:\/\/1975-2025erakusketa.eus\/fr\/panela\/lannee-ou-tout-etait-en-jeu\/#breadcrumb","itemListElement":[{"@type":"ListItem","position":1,"name":"Home","item":"https:\/\/1975-2025erakusketa.eus\/fr\/1975-2025\/"},{"@type":"ListItem","position":2,"name":"L&rsquo;ann\u00e9e o\u00f9 tout \u00e9tait en jeu"}]},{"@type":"WebSite","@id":"https:\/\/1975-2025erakusketa.eus\/fr\/#website","url":"https:\/\/1975-2025erakusketa.eus\/fr\/","name":"1975. Dena jokoan zegoen urtea","description":"Trantsizio espainiarrak Euskal Herriaren bilakaeran izan zuen eraginaz gogoeta egiteko erakusketa","publisher":{"@id":"https:\/\/1975-2025erakusketa.eus\/fr\/#organization"},"potentialAction":[{"@type":"SearchAction","target":{"@type":"EntryPoint","urlTemplate":"https:\/\/1975-2025erakusketa.eus\/fr\/?s={search_term_string}"},"query-input":{"@type":"PropertyValueSpecification","valueRequired":true,"valueName":"search_term_string"}}],"inLanguage":"fr-FR"},{"@type":"Organization","@id":"https:\/\/1975-2025erakusketa.eus\/fr\/#organization","name":"1975-2025","url":"https:\/\/1975-2025erakusketa.eus\/fr\/","logo":{"@type":"ImageObject","inLanguage":"fr-FR","@id":"https:\/\/1975-2025erakusketa.eus\/fr\/#\/schema\/logo\/image\/","url":"https:\/\/1975-2025erakusketa.eus\/wp-content\/uploads\/2025\/08\/erakusketa-scaled.jpg","contentUrl":"https:\/\/1975-2025erakusketa.eus\/wp-content\/uploads\/2025\/08\/erakusketa-scaled.jpg","width":2560,"height":2560,"caption":"1975-2025"},"image":{"@id":"https:\/\/1975-2025erakusketa.eus\/fr\/#\/schema\/logo\/image\/"}}]}},"_links":{"self":[{"href":"https:\/\/1975-2025erakusketa.eus\/fr\/wp-json\/wp\/v2\/panela\/845","targetHints":{"allow":["GET"]}}],"collection":[{"href":"https:\/\/1975-2025erakusketa.eus\/fr\/wp-json\/wp\/v2\/panela"}],"about":[{"href":"https:\/\/1975-2025erakusketa.eus\/fr\/wp-json\/wp\/v2\/types\/panela"}],"version-history":[{"count":1,"href":"https:\/\/1975-2025erakusketa.eus\/fr\/wp-json\/wp\/v2\/panela\/845\/revisions"}],"predecessor-version":[{"id":846,"href":"https:\/\/1975-2025erakusketa.eus\/fr\/wp-json\/wp\/v2\/panela\/845\/revisions\/846"}],"wp:featuredmedia":[{"embeddable":true,"href":"https:\/\/1975-2025erakusketa.eus\/fr\/wp-json\/wp\/v2\/media\/667"}],"wp:attachment":[{"href":"https:\/\/1975-2025erakusketa.eus\/fr\/wp-json\/wp\/v2\/media?parent=845"}],"curies":[{"name":"wp","href":"https:\/\/api.w.org\/{rel}","templated":true}]}}