{"id":847,"date":"2025-07-30T09:35:57","date_gmt":"2025-07-30T07:35:57","guid":{"rendered":"https:\/\/1975-2025erakusketa.eus\/panela\/appel-unitaire-a-gernika\/"},"modified":"2025-09-10T09:30:09","modified_gmt":"2025-09-10T07:30:09","slug":"appel-unitaire-a-gernika","status":"publish","type":"panela","link":"https:\/\/1975-2025erakusketa.eus\/fr\/panela\/appel-unitaire-a-gernika\/","title":{"rendered":"Appel unitaire \u00e0 Gernika"},"content":{"rendered":"\t\t<div data-elementor-type=\"wp-post\" data-elementor-id=\"847\" class=\"elementor elementor-847 elementor-141\" data-elementor-post-type=\"panela\">\n\t\t\t\t<div class=\"elementor-element elementor-element-d6da9e9 e-flex e-con-boxed e-con e-parent\" data-id=\"d6da9e9\" data-element_type=\"container\">\n\t\t\t\t\t<div class=\"e-con-inner\">\n\t\t\t\t<div class=\"elementor-element elementor-element-dda0985 elementor-widget elementor-widget-heading\" data-id=\"dda0985\" data-element_type=\"widget\" data-widget_type=\"heading.default\">\n\t\t\t\t\t<h2 class=\"elementor-heading-title elementor-size-default\">Appel unitaire<br>\u00e0 Gernika<\/h2>\t\t\t\t<\/div>\n\t\t\t\t<div class=\"elementor-element elementor-element-8f9bc10 elementor-widget elementor-widget-heading\" data-id=\"8f9bc10\" data-element_type=\"widget\" data-widget_type=\"heading.default\">\n\t\t\t\t\t<h2 class=\"elementor-heading-title elementor-size-default\">L'Aberri Eguna de 1975<\/h2>\t\t\t\t<\/div>\n\t\t\t\t\t<\/div>\n\t\t\t\t<\/div>\n\t\t<div class=\"elementor-element elementor-element-b7915c0 e-flex e-con-boxed e-con e-parent\" data-id=\"b7915c0\" data-element_type=\"container\">\n\t\t\t\t\t<div class=\"e-con-inner\">\n\t\t<div class=\"elementor-element elementor-element-6c9525c e-con-full e-flex e-con e-child\" data-id=\"6c9525c\" data-element_type=\"container\">\n\t\t\t\t<div class=\"elementor-element elementor-element-3d445fc elementor-widget elementor-widget-text-editor\" data-id=\"3d445fc\" data-element_type=\"widget\" data-widget_type=\"text-editor.default\">\n\t\t\t\t\t\t\t\t\t<p>L&rsquo;\u00e9vidence de la proximit\u00e9 de la fin physique du franquisme (en raison de l&rsquo;\u00e9tat de sant\u00e9 pr\u00e9caire du chef de l&rsquo;\u00c9tat) a permis \u00e0 la mobilisation de l&rsquo;Aberri Eguna d&rsquo;acqu\u00e9rir une certaine visibilit\u00e9, avec m\u00eame le soutien de forces politiques d&rsquo;ob\u00e9dience \u00e9tatique qui se situaient dans l&rsquo;opposition au franquisme.<\/p>\n<p>Outre les forces abertzales habituelles (PNV et ETA), LCR et MCE ont, aux c\u00f4t\u00e9s d&rsquo;autres forces qui n&rsquo;avaient pas r\u00e9pondu aux appels pr\u00e9c\u00e9dents (PSOE, PCE, Parti Carliste et ORT), rejoint l&rsquo;appel unitaire de Gernika. La mobilisation a \u00e9t\u00e9 r\u00e9prim\u00e9e et il y a eu plus de 50 arrestations. Le fait le plus marquant \u00e9tait la pr\u00e9sence des d\u00e9put\u00e9s flamands Willy Kuijpers et Walter Luyten, qui ont \u00e9t\u00e9 arr\u00eat\u00e9s et expuls\u00e9s de l&rsquo;\u00c9tat espagnol pour avoir brandi un drapeau basque.<\/p>\n\t\t\t\t\t\t\t\t<\/div>\n\t\t\t\t<div class=\"elementor-element elementor-element-ff915e6 elementor-widget elementor-widget-image\" data-id=\"ff915e6\" data-element_type=\"widget\" data-widget_type=\"image.default\">\n\t\t\t\t\t\t\t\t\t\t\t\t\t\t\t<img fetchpriority=\"high\" decoding=\"async\" width=\"1027\" height=\"1445\" src=\"https:\/\/1975-2025erakusketa.eus\/wp-content\/uploads\/2025\/07\/aberrieta.jpg\" class=\"attachment-full size-full wp-image-701\" alt=\"\" srcset=\"https:\/\/1975-2025erakusketa.eus\/wp-content\/uploads\/2025\/07\/aberrieta.jpg 1027w, https:\/\/1975-2025erakusketa.eus\/wp-content\/uploads\/2025\/07\/aberrieta-213x300.jpg 213w, https:\/\/1975-2025erakusketa.eus\/wp-content\/uploads\/2025\/07\/aberrieta-728x1024.jpg 728w, https:\/\/1975-2025erakusketa.eus\/wp-content\/uploads\/2025\/07\/aberrieta-768x1081.jpg 768w\" sizes=\"(max-width: 1027px) 100vw, 1027px\" \/>\t\t\t\t\t\t\t\t\t\t\t\t\t\t\t<\/div>\n\t\t<div class=\"elementor-element elementor-element-31f7421 e-con-full e-flex e-con e-child\" data-id=\"31f7421\" data-element_type=\"container\">\n\t\t\t\t<div class=\"elementor-element elementor-element-0b780a6 elementor-view-default elementor-widget elementor-widget-icon\" data-id=\"0b780a6\" data-element_type=\"widget\" data-widget_type=\"icon.default\">\n\t\t\t\t\t\t\t<div class=\"elementor-icon-wrapper\">\n\t\t\t<div class=\"elementor-icon\">\n\t\t\t<svg aria-hidden=\"true\" class=\"e-font-icon-svg e-fas-sort-up\" viewBox=\"0 0 320 512\" xmlns=\"http:\/\/www.w3.org\/2000\/svg\"><path d=\"M279 224H41c-21.4 0-32.1-25.9-17-41L143 64c9.4-9.4 24.6-9.4 33.9 0l119 119c15.2 15.1 4.5 41-16.9 41z\"><\/path><\/svg>\t\t\t<\/div>\n\t\t<\/div>\n\t\t\t\t\t\t<\/div>\n\t\t\t\t<div class=\"elementor-element elementor-element-5db24cb elementor-widget elementor-widget-heading\" data-id=\"5db24cb\" data-element_type=\"widget\" data-widget_type=\"heading.default\">\n\t\t\t\t\t<h2 class=\"elementor-heading-title elementor-size-default\">ETA appelle l'Aberri Eguna<\/h2>\t\t\t\t<\/div>\n\t\t\t\t<\/div>\n\t\t\t\t<\/div>\n\t\t<div class=\"elementor-element elementor-element-c7e8d32 e-con-full e-flex e-con e-child\" data-id=\"c7e8d32\" data-element_type=\"container\">\n\t\t\t\t<div class=\"elementor-element elementor-element-cbfb006 elementor-widget elementor-widget-image\" data-id=\"cbfb006\" data-element_type=\"widget\" data-widget_type=\"image.default\">\n\t\t\t\t\t\t\t\t\t\t\t\t\t\t\t<img decoding=\"async\" width=\"1017\" height=\"1389\" src=\"https:\/\/1975-2025erakusketa.eus\/wp-content\/uploads\/2025\/07\/aberrieaj.jpg\" class=\"attachment-full size-full wp-image-699\" alt=\"\" srcset=\"https:\/\/1975-2025erakusketa.eus\/wp-content\/uploads\/2025\/07\/aberrieaj.jpg 1017w, https:\/\/1975-2025erakusketa.eus\/wp-content\/uploads\/2025\/07\/aberrieaj-220x300.jpg 220w, https:\/\/1975-2025erakusketa.eus\/wp-content\/uploads\/2025\/07\/aberrieaj-750x1024.jpg 750w, https:\/\/1975-2025erakusketa.eus\/wp-content\/uploads\/2025\/07\/aberrieaj-768x1049.jpg 768w\" sizes=\"(max-width: 1017px) 100vw, 1017px\" \/>\t\t\t\t\t\t\t\t\t\t\t\t\t\t\t<\/div>\n\t\t<div class=\"elementor-element elementor-element-1cfc582 e-con-full e-flex e-con e-child\" data-id=\"1cfc582\" data-element_type=\"container\">\n\t\t\t\t<div class=\"elementor-element elementor-element-14d4f58 elementor-view-default elementor-widget elementor-widget-icon\" data-id=\"14d4f58\" data-element_type=\"widget\" data-widget_type=\"icon.default\">\n\t\t\t\t\t\t\t<div class=\"elementor-icon-wrapper\">\n\t\t\t<div class=\"elementor-icon\">\n\t\t\t<svg aria-hidden=\"true\" class=\"e-font-icon-svg e-fas-sort-up\" viewBox=\"0 0 320 512\" xmlns=\"http:\/\/www.w3.org\/2000\/svg\"><path d=\"M279 224H41c-21.4 0-32.1-25.9-17-41L143 64c9.4-9.4 24.6-9.4 33.9 0l119 119c15.2 15.1 4.5 41-16.9 41z\"><\/path><\/svg>\t\t\t<\/div>\n\t\t<\/div>\n\t\t\t\t\t\t<\/div>\n\t\t\t\t<div class=\"elementor-element elementor-element-e2c351d elementor-widget elementor-widget-heading\" data-id=\"e2c351d\" data-element_type=\"widget\" data-widget_type=\"heading.default\">\n\t\t\t\t\t<h2 class=\"elementor-heading-title elementor-size-default\">Affiche de l'Aberri Eguna de l'EAJ-PNV<\/h2>\t\t\t\t<\/div>\n\t\t\t\t<\/div>\n\t\t\t\t<\/div>\n\t\t\t\t\t<\/div>\n\t\t\t\t<\/div>\n\t\t<div class=\"elementor-element elementor-element-d68be2f e-flex e-con-boxed e-con e-parent\" data-id=\"d68be2f\" data-element_type=\"container\">\n\t\t\t\t\t<div class=\"e-con-inner\">\n\t\t\t\t<div class=\"elementor-element elementor-element-1bb8476 elementor-widget elementor-widget-template\" data-id=\"1bb8476\" data-element_type=\"widget\" data-widget_type=\"template.default\">\n\t\t\t\t<div class=\"elementor-widget-container\">\n\t\t\t\t\t\t\t<div class=\"elementor-template\">\n\t\t\t\t\t<div data-elementor-type=\"container\" data-elementor-id=\"403\" class=\"elementor elementor-403\" data-elementor-post-type=\"elementor_library\">\n\t\t\t\t<div class=\"elementor-element elementor-element-1efa1886 e-flex e-con-boxed e-con e-parent\" data-id=\"1efa1886\" data-element_type=\"container\">\n\t\t\t\t\t<div class=\"e-con-inner\">\n\t\t\t\t<div class=\"elementor-element elementor-element-8417b4b elementor-hidden-mobile elementor-post-navigation-borders-yes elementor-widget elementor-widget-post-navigation\" data-id=\"8417b4b\" data-element_type=\"widget\" data-widget_type=\"post-navigation.default\">\n\t\t\t\t\t\t\t<div class=\"elementor-post-navigation\" role=\"navigation\" aria-label=\"Navigation de publication\">\n\t\t\t<div class=\"elementor-post-navigation__prev elementor-post-navigation__link\">\n\t\t\t\t<a href=\"https:\/\/1975-2025erakusketa.eus\/fr\/panela\/lannee-ou-tout-etait-en-jeu\/\" rel=\"prev\"><span class=\"post-navigation__arrow-wrapper post-navigation__arrow-prev\"><svg aria-hidden=\"true\" class=\"e-font-icon-svg e-fas-angle-left\" viewBox=\"0 0 256 512\" xmlns=\"http:\/\/www.w3.org\/2000\/svg\"><path d=\"M31.7 239l136-136c9.4-9.4 24.6-9.4 33.9 0l22.6 22.6c9.4 9.4 9.4 24.6 0 33.9L127.9 256l96.4 96.4c9.4 9.4 9.4 24.6 0 33.9L201.7 409c-9.4 9.4-24.6 9.4-33.9 0l-136-136c-9.5-9.4-9.5-24.6-.1-34z\"><\/path><\/svg><span class=\"elementor-screen-only\">Pr\u00e9c\u00e9dent<\/span><\/span><span class=\"elementor-post-navigation__link__prev\"><span class=\"post-navigation__prev--label\">Atzera<\/span><span class=\"post-navigation__prev--title\">L&rsquo;ann\u00e9e o\u00f9 tout \u00e9tait en jeu<\/span><\/span><\/a>\t\t\t<\/div>\n\t\t\t\t\t\t\t<div class=\"elementor-post-navigation__separator-wrapper\">\n\t\t\t\t\t<div class=\"elementor-post-navigation__separator\"><\/div>\n\t\t\t\t<\/div>\n\t\t\t\t\t\t<div class=\"elementor-post-navigation__next elementor-post-navigation__link\">\n\t\t\t\t<a href=\"https:\/\/1975-2025erakusketa.eus\/fr\/panela\/prison-tortures-infiltrations\/\" rel=\"next\"><span class=\"elementor-post-navigation__link__next\"><span class=\"post-navigation__next--label\">Aurrera<\/span><span class=\"post-navigation__next--title\">Prison, tortures, infiltrations\u2026<\/span><\/span><span class=\"post-navigation__arrow-wrapper post-navigation__arrow-next\"><svg aria-hidden=\"true\" class=\"e-font-icon-svg e-fas-angle-right\" viewBox=\"0 0 256 512\" xmlns=\"http:\/\/www.w3.org\/2000\/svg\"><path d=\"M224.3 273l-136 136c-9.4 9.4-24.6 9.4-33.9 0l-22.6-22.6c-9.4-9.4-9.4-24.6 0-33.9l96.4-96.4-96.4-96.4c-9.4-9.4-9.4-24.6 0-33.9L54.3 103c9.4-9.4 24.6-9.4 33.9 0l136 136c9.5 9.4 9.5 24.6.1 34z\"><\/path><\/svg><span class=\"elementor-screen-only\">Suivant<\/span><\/span><\/a>\t\t\t<\/div>\n\t\t<\/div>\n\t\t\t\t\t\t<\/div>\n\t\t\t\t<div class=\"elementor-element elementor-element-af6c8ae elementor-hidden-desktop elementor-hidden-tablet elementor-post-navigation-borders-yes elementor-widget elementor-widget-post-navigation\" data-id=\"af6c8ae\" data-element_type=\"widget\" data-widget_type=\"post-navigation.default\">\n\t\t\t\t\t\t\t<div class=\"elementor-post-navigation\" role=\"navigation\" aria-label=\"Navigation de publication\">\n\t\t\t<div class=\"elementor-post-navigation__prev elementor-post-navigation__link\">\n\t\t\t\t<a href=\"https:\/\/1975-2025erakusketa.eus\/fr\/panela\/lannee-ou-tout-etait-en-jeu\/\" rel=\"prev\"><span class=\"post-navigation__arrow-wrapper post-navigation__arrow-prev\"><svg aria-hidden=\"true\" class=\"e-font-icon-svg e-fas-angle-left\" viewBox=\"0 0 256 512\" xmlns=\"http:\/\/www.w3.org\/2000\/svg\"><path d=\"M31.7 239l136-136c9.4-9.4 24.6-9.4 33.9 0l22.6 22.6c9.4 9.4 9.4 24.6 0 33.9L127.9 256l96.4 96.4c9.4 9.4 9.4 24.6 0 33.9L201.7 409c-9.4 9.4-24.6 9.4-33.9 0l-136-136c-9.5-9.4-9.5-24.6-.1-34z\"><\/path><\/svg><span class=\"elementor-screen-only\">Pr\u00e9c\u00e9dent<\/span><\/span><span class=\"elementor-post-navigation__link__prev\"><span class=\"post-navigation__prev--label\">Atzera<\/span><\/span><\/a>\t\t\t<\/div>\n\t\t\t\t\t\t\t<div class=\"elementor-post-navigation__separator-wrapper\">\n\t\t\t\t\t<div class=\"elementor-post-navigation__separator\"><\/div>\n\t\t\t\t<\/div>\n\t\t\t\t\t\t<div class=\"elementor-post-navigation__next elementor-post-navigation__link\">\n\t\t\t\t<a href=\"https:\/\/1975-2025erakusketa.eus\/fr\/panela\/prison-tortures-infiltrations\/\" rel=\"next\"><span class=\"elementor-post-navigation__link__next\"><span class=\"post-navigation__next--label\">Aurrera<\/span><\/span><span class=\"post-navigation__arrow-wrapper post-navigation__arrow-next\"><svg aria-hidden=\"true\" class=\"e-font-icon-svg e-fas-angle-right\" viewBox=\"0 0 256 512\" xmlns=\"http:\/\/www.w3.org\/2000\/svg\"><path d=\"M224.3 273l-136 136c-9.4 9.4-24.6 9.4-33.9 0l-22.6-22.6c-9.4-9.4-9.4-24.6 0-33.9l96.4-96.4-96.4-96.4c-9.4-9.4-9.4-24.6 0-33.9L54.3 103c9.4-9.4 24.6-9.4 33.9 0l136 136c9.5 9.4 9.5 24.6.1 34z\"><\/path><\/svg><span class=\"elementor-screen-only\">Suivant<\/span><\/span><\/a>\t\t\t<\/div>\n\t\t<\/div>\n\t\t\t\t\t\t<\/div>\n\t\t\t\t\t<\/div>\n\t\t\t\t<\/div>\n\t\t\t\t<\/div>\n\t\t\t\t<\/div>\n\t\t\t\t\t\t<\/div>\n\t\t\t\t<\/div>\n\t\t\t\t\t<\/div>\n\t\t\t\t<\/div>\n\t\t\t\t<\/div>\n\t\t","protected":false},"featured_media":671,"template":"","meta":{"_acf_changed":false},"class_list":["post-847","panela","type-panela","status-publish","has-post-thumbnail","hentry"],"acf":[],"yoast_head":"<!-- This site is optimized with the Yoast SEO plugin v26.7 - https:\/\/yoast.com\/wordpress\/plugins\/seo\/ -->\n<title>Appel unitaire \u00e0 Gernika - 1975: Dena jokoan zegoen urtea<\/title>\n<meta name=\"robots\" content=\"index, follow, max-snippet:-1, max-image-preview:large, max-video-preview:-1\" \/>\n<link rel=\"canonical\" href=\"https:\/\/1975-2025erakusketa.eus\/fr\/panela\/appel-unitaire-a-gernika\/\" \/>\n<meta property=\"og:locale\" content=\"fr_FR\" \/>\n<meta property=\"og:type\" content=\"article\" \/>\n<meta property=\"og:title\" content=\"Appel unitaire \u00e0 Gernika - 1975: Dena jokoan zegoen urtea\" \/>\n<meta property=\"og:description\" content=\"Appel unitaire\u00e0 Gernika L&rsquo;Aberri Eguna de 1975 L&rsquo;\u00e9vidence de la proximit\u00e9 de la fin physique du franquisme (en raison de l&rsquo;\u00e9tat de sant\u00e9 pr\u00e9caire du chef de l&rsquo;\u00c9tat) a permis \u00e0 la mobilisation de l&rsquo;Aberri Eguna d&rsquo;acqu\u00e9rir une certaine visibilit\u00e9, avec m\u00eame le soutien de forces politiques d&rsquo;ob\u00e9dience \u00e9tatique qui se situaient dans l&rsquo;opposition au [&hellip;]\" \/>\n<meta property=\"og:url\" content=\"https:\/\/1975-2025erakusketa.eus\/fr\/panela\/appel-unitaire-a-gernika\/\" \/>\n<meta property=\"og:site_name\" content=\"1975: Dena jokoan zegoen urtea\" \/>\n<meta property=\"article:modified_time\" content=\"2025-09-10T07:30:09+00:00\" \/>\n<meta property=\"og:image\" content=\"https:\/\/1975-2025erakusketa.eus\/wp-content\/uploads\/2025\/09\/07-denok-gernikara-FRA.jpg\" \/>\n\t<meta property=\"og:image:width\" content=\"800\" \/>\n\t<meta property=\"og:image:height\" content=\"1200\" \/>\n\t<meta property=\"og:image:type\" content=\"image\/jpeg\" \/>\n<meta name=\"twitter:card\" content=\"summary_large_image\" \/>\n<meta name=\"twitter:label1\" content=\"Dur\u00e9e de lecture estim\u00e9e\" \/>\n\t<meta name=\"twitter:data1\" content=\"1 minute\" \/>\n<script type=\"application\/ld+json\" class=\"yoast-schema-graph\">{\"@context\":\"https:\/\/schema.org\",\"@graph\":[{\"@type\":\"WebPage\",\"@id\":\"https:\/\/1975-2025erakusketa.eus\/fr\/panela\/appel-unitaire-a-gernika\/\",\"url\":\"https:\/\/1975-2025erakusketa.eus\/fr\/panela\/appel-unitaire-a-gernika\/\",\"name\":\"Appel unitaire \u00e0 Gernika - 1975: Dena jokoan zegoen urtea\",\"isPartOf\":{\"@id\":\"https:\/\/1975-2025erakusketa.eus\/fr\/#website\"},\"primaryImageOfPage\":{\"@id\":\"https:\/\/1975-2025erakusketa.eus\/fr\/panela\/appel-unitaire-a-gernika\/#primaryimage\"},\"image\":{\"@id\":\"https:\/\/1975-2025erakusketa.eus\/fr\/panela\/appel-unitaire-a-gernika\/#primaryimage\"},\"thumbnailUrl\":\"https:\/\/1975-2025erakusketa.eus\/wp-content\/uploads\/2025\/09\/07-denok-gernikara-FRA.jpg\",\"datePublished\":\"2025-07-30T07:35:57+00:00\",\"dateModified\":\"2025-09-10T07:30:09+00:00\",\"breadcrumb\":{\"@id\":\"https:\/\/1975-2025erakusketa.eus\/fr\/panela\/appel-unitaire-a-gernika\/#breadcrumb\"},\"inLanguage\":\"fr-FR\",\"potentialAction\":[{\"@type\":\"ReadAction\",\"target\":[\"https:\/\/1975-2025erakusketa.eus\/fr\/panela\/appel-unitaire-a-gernika\/\"]}]},{\"@type\":\"ImageObject\",\"inLanguage\":\"fr-FR\",\"@id\":\"https:\/\/1975-2025erakusketa.eus\/fr\/panela\/appel-unitaire-a-gernika\/#primaryimage\",\"url\":\"https:\/\/1975-2025erakusketa.eus\/wp-content\/uploads\/2025\/09\/07-denok-gernikara-FRA.jpg\",\"contentUrl\":\"https:\/\/1975-2025erakusketa.eus\/wp-content\/uploads\/2025\/09\/07-denok-gernikara-FRA.jpg\",\"width\":800,\"height\":1200},{\"@type\":\"BreadcrumbList\",\"@id\":\"https:\/\/1975-2025erakusketa.eus\/fr\/panela\/appel-unitaire-a-gernika\/#breadcrumb\",\"itemListElement\":[{\"@type\":\"ListItem\",\"position\":1,\"name\":\"Home\",\"item\":\"https:\/\/1975-2025erakusketa.eus\/fr\/1975-2025\/\"},{\"@type\":\"ListItem\",\"position\":2,\"name\":\"Appel unitaire \u00e0 Gernika\"}]},{\"@type\":\"WebSite\",\"@id\":\"https:\/\/1975-2025erakusketa.eus\/fr\/#website\",\"url\":\"https:\/\/1975-2025erakusketa.eus\/fr\/\",\"name\":\"1975. Dena jokoan zegoen urtea\",\"description\":\"Trantsizio espainiarrak Euskal Herriaren bilakaeran izan zuen eraginaz gogoeta egiteko erakusketa\",\"publisher\":{\"@id\":\"https:\/\/1975-2025erakusketa.eus\/fr\/#organization\"},\"potentialAction\":[{\"@type\":\"SearchAction\",\"target\":{\"@type\":\"EntryPoint\",\"urlTemplate\":\"https:\/\/1975-2025erakusketa.eus\/fr\/?s={search_term_string}\"},\"query-input\":{\"@type\":\"PropertyValueSpecification\",\"valueRequired\":true,\"valueName\":\"search_term_string\"}}],\"inLanguage\":\"fr-FR\"},{\"@type\":\"Organization\",\"@id\":\"https:\/\/1975-2025erakusketa.eus\/fr\/#organization\",\"name\":\"1975-2025\",\"url\":\"https:\/\/1975-2025erakusketa.eus\/fr\/\",\"logo\":{\"@type\":\"ImageObject\",\"inLanguage\":\"fr-FR\",\"@id\":\"https:\/\/1975-2025erakusketa.eus\/fr\/#\/schema\/logo\/image\/\",\"url\":\"https:\/\/1975-2025erakusketa.eus\/wp-content\/uploads\/2025\/08\/erakusketa-scaled.jpg\",\"contentUrl\":\"https:\/\/1975-2025erakusketa.eus\/wp-content\/uploads\/2025\/08\/erakusketa-scaled.jpg\",\"width\":2560,\"height\":2560,\"caption\":\"1975-2025\"},\"image\":{\"@id\":\"https:\/\/1975-2025erakusketa.eus\/fr\/#\/schema\/logo\/image\/\"}}]}<\/script>\n<!-- \/ Yoast SEO plugin. -->","yoast_head_json":{"title":"Appel unitaire \u00e0 Gernika - 1975: Dena jokoan zegoen urtea","robots":{"index":"index","follow":"follow","max-snippet":"max-snippet:-1","max-image-preview":"max-image-preview:large","max-video-preview":"max-video-preview:-1"},"canonical":"https:\/\/1975-2025erakusketa.eus\/fr\/panela\/appel-unitaire-a-gernika\/","og_locale":"fr_FR","og_type":"article","og_title":"Appel unitaire \u00e0 Gernika - 1975: Dena jokoan zegoen urtea","og_description":"Appel unitaire\u00e0 Gernika L&rsquo;Aberri Eguna de 1975 L&rsquo;\u00e9vidence de la proximit\u00e9 de la fin physique du franquisme (en raison de l&rsquo;\u00e9tat de sant\u00e9 pr\u00e9caire du chef de l&rsquo;\u00c9tat) a permis \u00e0 la mobilisation de l&rsquo;Aberri Eguna d&rsquo;acqu\u00e9rir une certaine visibilit\u00e9, avec m\u00eame le soutien de forces politiques d&rsquo;ob\u00e9dience \u00e9tatique qui se situaient dans l&rsquo;opposition au [&hellip;]","og_url":"https:\/\/1975-2025erakusketa.eus\/fr\/panela\/appel-unitaire-a-gernika\/","og_site_name":"1975: Dena jokoan zegoen urtea","article_modified_time":"2025-09-10T07:30:09+00:00","og_image":[{"width":800,"height":1200,"url":"https:\/\/1975-2025erakusketa.eus\/wp-content\/uploads\/2025\/09\/07-denok-gernikara-FRA.jpg","type":"image\/jpeg"}],"twitter_card":"summary_large_image","twitter_misc":{"Dur\u00e9e de lecture estim\u00e9e":"1 minute"},"schema":{"@context":"https:\/\/schema.org","@graph":[{"@type":"WebPage","@id":"https:\/\/1975-2025erakusketa.eus\/fr\/panela\/appel-unitaire-a-gernika\/","url":"https:\/\/1975-2025erakusketa.eus\/fr\/panela\/appel-unitaire-a-gernika\/","name":"Appel unitaire \u00e0 Gernika - 1975: Dena jokoan zegoen urtea","isPartOf":{"@id":"https:\/\/1975-2025erakusketa.eus\/fr\/#website"},"primaryImageOfPage":{"@id":"https:\/\/1975-2025erakusketa.eus\/fr\/panela\/appel-unitaire-a-gernika\/#primaryimage"},"image":{"@id":"https:\/\/1975-2025erakusketa.eus\/fr\/panela\/appel-unitaire-a-gernika\/#primaryimage"},"thumbnailUrl":"https:\/\/1975-2025erakusketa.eus\/wp-content\/uploads\/2025\/09\/07-denok-gernikara-FRA.jpg","datePublished":"2025-07-30T07:35:57+00:00","dateModified":"2025-09-10T07:30:09+00:00","breadcrumb":{"@id":"https:\/\/1975-2025erakusketa.eus\/fr\/panela\/appel-unitaire-a-gernika\/#breadcrumb"},"inLanguage":"fr-FR","potentialAction":[{"@type":"ReadAction","target":["https:\/\/1975-2025erakusketa.eus\/fr\/panela\/appel-unitaire-a-gernika\/"]}]},{"@type":"ImageObject","inLanguage":"fr-FR","@id":"https:\/\/1975-2025erakusketa.eus\/fr\/panela\/appel-unitaire-a-gernika\/#primaryimage","url":"https:\/\/1975-2025erakusketa.eus\/wp-content\/uploads\/2025\/09\/07-denok-gernikara-FRA.jpg","contentUrl":"https:\/\/1975-2025erakusketa.eus\/wp-content\/uploads\/2025\/09\/07-denok-gernikara-FRA.jpg","width":800,"height":1200},{"@type":"BreadcrumbList","@id":"https:\/\/1975-2025erakusketa.eus\/fr\/panela\/appel-unitaire-a-gernika\/#breadcrumb","itemListElement":[{"@type":"ListItem","position":1,"name":"Home","item":"https:\/\/1975-2025erakusketa.eus\/fr\/1975-2025\/"},{"@type":"ListItem","position":2,"name":"Appel unitaire \u00e0 Gernika"}]},{"@type":"WebSite","@id":"https:\/\/1975-2025erakusketa.eus\/fr\/#website","url":"https:\/\/1975-2025erakusketa.eus\/fr\/","name":"1975. Dena jokoan zegoen urtea","description":"Trantsizio espainiarrak Euskal Herriaren bilakaeran izan zuen eraginaz gogoeta egiteko erakusketa","publisher":{"@id":"https:\/\/1975-2025erakusketa.eus\/fr\/#organization"},"potentialAction":[{"@type":"SearchAction","target":{"@type":"EntryPoint","urlTemplate":"https:\/\/1975-2025erakusketa.eus\/fr\/?s={search_term_string}"},"query-input":{"@type":"PropertyValueSpecification","valueRequired":true,"valueName":"search_term_string"}}],"inLanguage":"fr-FR"},{"@type":"Organization","@id":"https:\/\/1975-2025erakusketa.eus\/fr\/#organization","name":"1975-2025","url":"https:\/\/1975-2025erakusketa.eus\/fr\/","logo":{"@type":"ImageObject","inLanguage":"fr-FR","@id":"https:\/\/1975-2025erakusketa.eus\/fr\/#\/schema\/logo\/image\/","url":"https:\/\/1975-2025erakusketa.eus\/wp-content\/uploads\/2025\/08\/erakusketa-scaled.jpg","contentUrl":"https:\/\/1975-2025erakusketa.eus\/wp-content\/uploads\/2025\/08\/erakusketa-scaled.jpg","width":2560,"height":2560,"caption":"1975-2025"},"image":{"@id":"https:\/\/1975-2025erakusketa.eus\/fr\/#\/schema\/logo\/image\/"}}]}},"_links":{"self":[{"href":"https:\/\/1975-2025erakusketa.eus\/fr\/wp-json\/wp\/v2\/panela\/847","targetHints":{"allow":["GET"]}}],"collection":[{"href":"https:\/\/1975-2025erakusketa.eus\/fr\/wp-json\/wp\/v2\/panela"}],"about":[{"href":"https:\/\/1975-2025erakusketa.eus\/fr\/wp-json\/wp\/v2\/types\/panela"}],"version-history":[{"count":1,"href":"https:\/\/1975-2025erakusketa.eus\/fr\/wp-json\/wp\/v2\/panela\/847\/revisions"}],"predecessor-version":[{"id":848,"href":"https:\/\/1975-2025erakusketa.eus\/fr\/wp-json\/wp\/v2\/panela\/847\/revisions\/848"}],"wp:featuredmedia":[{"embeddable":true,"href":"https:\/\/1975-2025erakusketa.eus\/fr\/wp-json\/wp\/v2\/media\/671"}],"wp:attachment":[{"href":"https:\/\/1975-2025erakusketa.eus\/fr\/wp-json\/wp\/v2\/media?parent=847"}],"curies":[{"name":"wp","href":"https:\/\/api.w.org\/{rel}","templated":true}]}}