{"id":853,"date":"2025-07-30T09:37:30","date_gmt":"2025-07-30T07:37:30","guid":{"rendered":"https:\/\/1975-2025erakusketa.eus\/panela\/sauvons-garmendia-tupa-otaegui\/"},"modified":"2025-09-12T11:27:41","modified_gmt":"2025-09-12T09:27:41","slug":"sauvons-garmendia-tupa-otaegui","status":"publish","type":"panela","link":"https:\/\/1975-2025erakusketa.eus\/fr\/panela\/sauvons-garmendia-tupa-otaegui\/","title":{"rendered":"\u00abSauvons Garmendia Tupa Otaegui\u00bb"},"content":{"rendered":"\t\t<div data-elementor-type=\"wp-post\" data-elementor-id=\"853\" class=\"elementor elementor-853 elementor-144\" data-elementor-post-type=\"panela\">\n\t\t\t\t<div class=\"elementor-element elementor-element-6553d2f e-flex e-con-boxed e-con e-parent\" data-id=\"6553d2f\" data-element_type=\"container\">\n\t\t\t\t\t<div class=\"e-con-inner\">\n\t\t\t\t<div class=\"elementor-element elementor-element-9b867a6 elementor-widget elementor-widget-heading\" data-id=\"9b867a6\" data-element_type=\"widget\" data-widget_type=\"heading.default\">\n\t\t\t\t\t<h2 class=\"elementor-heading-title elementor-size-default\">\u00abSauvons Garmendia<br>Tupa Otaegui\u00bb<\/h2>\t\t\t\t<\/div>\n\t\t\t\t<div class=\"elementor-element elementor-element-192f5dc elementor-widget elementor-widget-heading\" data-id=\"192f5dc\" data-element_type=\"widget\" data-widget_type=\"heading.default\">\n\t\t\t\t\t<h2 class=\"elementor-heading-title elementor-size-default\">R\u00e9ponse internationales aux peines de mort<\/h2>\t\t\t\t<\/div>\n\t\t\t\t\t<\/div>\n\t\t\t\t<\/div>\n\t\t<div class=\"elementor-element elementor-element-93a71e6 e-flex e-con-boxed e-con e-parent\" data-id=\"93a71e6\" data-element_type=\"container\">\n\t\t\t\t\t<div class=\"e-con-inner\">\n\t\t<div class=\"elementor-element elementor-element-906eb17 e-con-full e-flex e-con e-child\" data-id=\"906eb17\" data-element_type=\"container\">\n\t\t\t\t<div class=\"elementor-element elementor-element-cb08259 elementor-widget elementor-widget-image\" data-id=\"cb08259\" data-element_type=\"widget\" data-widget_type=\"image.default\">\n\t\t\t\t\t\t\t\t\t\t\t\t\t\t\t<img fetchpriority=\"high\" decoding=\"async\" width=\"2513\" height=\"1826\" src=\"https:\/\/1975-2025erakusketa.eus\/wp-content\/uploads\/2025\/07\/sauvons.jpg\" class=\"attachment-full size-full wp-image-711\" alt=\"\" srcset=\"https:\/\/1975-2025erakusketa.eus\/wp-content\/uploads\/2025\/07\/sauvons.jpg 2513w, https:\/\/1975-2025erakusketa.eus\/wp-content\/uploads\/2025\/07\/sauvons-300x218.jpg 300w, https:\/\/1975-2025erakusketa.eus\/wp-content\/uploads\/2025\/07\/sauvons-1024x744.jpg 1024w, https:\/\/1975-2025erakusketa.eus\/wp-content\/uploads\/2025\/07\/sauvons-768x558.jpg 768w, https:\/\/1975-2025erakusketa.eus\/wp-content\/uploads\/2025\/07\/sauvons-1536x1116.jpg 1536w, https:\/\/1975-2025erakusketa.eus\/wp-content\/uploads\/2025\/07\/sauvons-2048x1488.jpg 2048w\" sizes=\"(max-width: 2513px) 100vw, 2513px\" \/>\t\t\t\t\t\t\t\t\t\t\t\t\t\t\t<\/div>\n\t\t<div class=\"elementor-element elementor-element-5d0b279 e-con-full e-flex e-con e-child\" data-id=\"5d0b279\" data-element_type=\"container\">\n\t\t\t\t<div class=\"elementor-element elementor-element-88da658 elementor-view-default elementor-widget elementor-widget-icon\" data-id=\"88da658\" data-element_type=\"widget\" data-widget_type=\"icon.default\">\n\t\t\t\t\t\t\t<div class=\"elementor-icon-wrapper\">\n\t\t\t<div class=\"elementor-icon\">\n\t\t\t<svg aria-hidden=\"true\" class=\"e-font-icon-svg e-fas-sort-up\" viewBox=\"0 0 320 512\" xmlns=\"http:\/\/www.w3.org\/2000\/svg\"><path d=\"M279 224H41c-21.4 0-32.1-25.9-17-41L143 64c9.4-9.4 24.6-9.4 33.9 0l119 119c15.2 15.1 4.5 41-16.9 41z\"><\/path><\/svg>\t\t\t<\/div>\n\t\t<\/div>\n\t\t\t\t\t\t<\/div>\n\t\t\t\t<div class=\"elementor-element elementor-element-447e9b2 elementor-widget elementor-widget-heading\" data-id=\"447e9b2\" data-element_type=\"widget\" data-widget_type=\"heading.default\">\n\t\t\t\t\t<h2 class=\"elementor-heading-title elementor-size-default\">Bayonne. \u00c9t\u00e9 1975. Le photographe V\u00e9lez.<\/h2>\t\t\t\t<\/div>\n\t\t\t\t<\/div>\n\t\t\t\t<\/div>\n\t\t\t\t\t<\/div>\n\t\t\t\t<\/div>\n\t\t<div class=\"elementor-element elementor-element-bf79b3b e-flex e-con-boxed e-con e-child\" data-id=\"bf79b3b\" data-element_type=\"container\">\n\t\t\t\t\t<div class=\"e-con-inner\">\n\t\t\t\t<div class=\"elementor-element elementor-element-b7e01d4 elementor-widget elementor-widget-text-editor\" data-id=\"b7e01d4\" data-element_type=\"widget\" data-widget_type=\"text-editor.default\">\n\t\t\t\t\t\t\t\t\t\u00c0 l&rsquo;annonce des condamnations \u00e0 mort, la pression internationale s&rsquo;est accrue. La gauche a convoqu\u00e9 des mobilisations dans diff\u00e9rentes villes. Par ailleurs, sur le plan diplomatique, des demandes de cl\u00e9mence ont \u00e9man\u00e9 du premier ministre su\u00e9dois et dirigeant social-d\u00e9mocrate, Olof Palme, du pr\u00e9sident mexicain, Luis Echeverr\u00eda, et du pape lui-m\u00eame, Paul VI.<br><br>Imm\u00e9diatement apr\u00e8s la nouvelle des cinq morts, les protestations se sont propag\u00e9es dans l&rsquo;ensemble du Pays Basque, par une gr\u00e8ve g\u00e9n\u00e9rale qui a dur\u00e9 plusieurs jours et des manifestations massives dans plusieurs capitales europ\u00e9ennes. L&rsquo;indignation a provoqu\u00e9 l&rsquo;incendie de plusieurs ambassades espagnoles (Lisbonne, Mexique), et diff\u00e9rents gouvernements d\u00e9mocratiques ont r\u00e9clam\u00e9 l&rsquo;expulsion de l&rsquo;Espagne de l&rsquo;Assembl\u00e9e de l&rsquo;ONU.\t\t\t\t\t\t\t\t<\/div>\n\t\t\t\t\t<\/div>\n\t\t\t\t<\/div>\n\t\t<div class=\"elementor-element elementor-element-512b7fa e-flex e-con-boxed e-con e-parent\" data-id=\"512b7fa\" data-element_type=\"container\">\n\t\t\t\t\t<div class=\"e-con-inner\">\n\t\t\t\t<div class=\"elementor-element elementor-element-318891e elementor-widget elementor-widget-template\" data-id=\"318891e\" data-element_type=\"widget\" data-widget_type=\"template.default\">\n\t\t\t\t<div class=\"elementor-widget-container\">\n\t\t\t\t\t\t\t<div class=\"elementor-template\">\n\t\t\t\t\t<div data-elementor-type=\"container\" data-elementor-id=\"403\" class=\"elementor elementor-403\" data-elementor-post-type=\"elementor_library\">\n\t\t\t\t<div class=\"elementor-element elementor-element-1efa1886 e-flex e-con-boxed e-con e-parent\" data-id=\"1efa1886\" data-element_type=\"container\">\n\t\t\t\t\t<div class=\"e-con-inner\">\n\t\t\t\t<div class=\"elementor-element elementor-element-8417b4b elementor-hidden-mobile elementor-post-navigation-borders-yes elementor-widget elementor-widget-post-navigation\" data-id=\"8417b4b\" data-element_type=\"widget\" data-widget_type=\"post-navigation.default\">\n\t\t\t\t\t\t\t<div class=\"elementor-post-navigation\" role=\"navigation\" aria-label=\"Navigation de publication\">\n\t\t\t<div class=\"elementor-post-navigation__prev elementor-post-navigation__link\">\n\t\t\t\t<a href=\"https:\/\/1975-2025erakusketa.eus\/fr\/panela\/tupa-otaegi-txiki\/\" rel=\"prev\"><span class=\"post-navigation__arrow-wrapper post-navigation__arrow-prev\"><svg aria-hidden=\"true\" class=\"e-font-icon-svg e-fas-angle-left\" viewBox=\"0 0 256 512\" xmlns=\"http:\/\/www.w3.org\/2000\/svg\"><path d=\"M31.7 239l136-136c9.4-9.4 24.6-9.4 33.9 0l22.6 22.6c9.4 9.4 9.4 24.6 0 33.9L127.9 256l96.4 96.4c9.4 9.4 9.4 24.6 0 33.9L201.7 409c-9.4 9.4-24.6 9.4-33.9 0l-136-136c-9.5-9.4-9.5-24.6-.1-34z\"><\/path><\/svg><span class=\"elementor-screen-only\">Pr\u00e9c\u00e9dent<\/span><\/span><span class=\"elementor-post-navigation__link__prev\"><span class=\"post-navigation__prev--label\">Atzera<\/span><span class=\"post-navigation__prev--title\">Tupa, Otaegi, Txiki<\/span><\/span><\/a>\t\t\t<\/div>\n\t\t\t\t\t\t\t<div class=\"elementor-post-navigation__separator-wrapper\">\n\t\t\t\t\t<div class=\"elementor-post-navigation__separator\"><\/div>\n\t\t\t\t<\/div>\n\t\t\t\t\t\t<div class=\"elementor-post-navigation__next elementor-post-navigation__link\">\n\t\t\t\t<a href=\"https:\/\/1975-2025erakusketa.eus\/fr\/panela\/a-laube\/\" rel=\"next\"><span class=\"elementor-post-navigation__link__next\"><span class=\"post-navigation__next--label\">Aurrera<\/span><span class=\"post-navigation__next--title\">\u00c0 l&rsquo;aube<\/span><\/span><span class=\"post-navigation__arrow-wrapper post-navigation__arrow-next\"><svg aria-hidden=\"true\" class=\"e-font-icon-svg e-fas-angle-right\" viewBox=\"0 0 256 512\" xmlns=\"http:\/\/www.w3.org\/2000\/svg\"><path d=\"M224.3 273l-136 136c-9.4 9.4-24.6 9.4-33.9 0l-22.6-22.6c-9.4-9.4-9.4-24.6 0-33.9l96.4-96.4-96.4-96.4c-9.4-9.4-9.4-24.6 0-33.9L54.3 103c9.4-9.4 24.6-9.4 33.9 0l136 136c9.5 9.4 9.5 24.6.1 34z\"><\/path><\/svg><span class=\"elementor-screen-only\">Suivant<\/span><\/span><\/a>\t\t\t<\/div>\n\t\t<\/div>\n\t\t\t\t\t\t<\/div>\n\t\t\t\t<div class=\"elementor-element elementor-element-af6c8ae elementor-hidden-desktop elementor-hidden-tablet elementor-post-navigation-borders-yes elementor-widget elementor-widget-post-navigation\" data-id=\"af6c8ae\" data-element_type=\"widget\" data-widget_type=\"post-navigation.default\">\n\t\t\t\t\t\t\t<div class=\"elementor-post-navigation\" role=\"navigation\" aria-label=\"Navigation de publication\">\n\t\t\t<div class=\"elementor-post-navigation__prev elementor-post-navigation__link\">\n\t\t\t\t<a href=\"https:\/\/1975-2025erakusketa.eus\/fr\/panela\/tupa-otaegi-txiki\/\" rel=\"prev\"><span class=\"post-navigation__arrow-wrapper post-navigation__arrow-prev\"><svg aria-hidden=\"true\" class=\"e-font-icon-svg e-fas-angle-left\" viewBox=\"0 0 256 512\" xmlns=\"http:\/\/www.w3.org\/2000\/svg\"><path d=\"M31.7 239l136-136c9.4-9.4 24.6-9.4 33.9 0l22.6 22.6c9.4 9.4 9.4 24.6 0 33.9L127.9 256l96.4 96.4c9.4 9.4 9.4 24.6 0 33.9L201.7 409c-9.4 9.4-24.6 9.4-33.9 0l-136-136c-9.5-9.4-9.5-24.6-.1-34z\"><\/path><\/svg><span class=\"elementor-screen-only\">Pr\u00e9c\u00e9dent<\/span><\/span><span class=\"elementor-post-navigation__link__prev\"><span class=\"post-navigation__prev--label\">Atzera<\/span><\/span><\/a>\t\t\t<\/div>\n\t\t\t\t\t\t\t<div class=\"elementor-post-navigation__separator-wrapper\">\n\t\t\t\t\t<div class=\"elementor-post-navigation__separator\"><\/div>\n\t\t\t\t<\/div>\n\t\t\t\t\t\t<div class=\"elementor-post-navigation__next elementor-post-navigation__link\">\n\t\t\t\t<a href=\"https:\/\/1975-2025erakusketa.eus\/fr\/panela\/a-laube\/\" rel=\"next\"><span class=\"elementor-post-navigation__link__next\"><span class=\"post-navigation__next--label\">Aurrera<\/span><\/span><span class=\"post-navigation__arrow-wrapper post-navigation__arrow-next\"><svg aria-hidden=\"true\" class=\"e-font-icon-svg e-fas-angle-right\" viewBox=\"0 0 256 512\" xmlns=\"http:\/\/www.w3.org\/2000\/svg\"><path d=\"M224.3 273l-136 136c-9.4 9.4-24.6 9.4-33.9 0l-22.6-22.6c-9.4-9.4-9.4-24.6 0-33.9l96.4-96.4-96.4-96.4c-9.4-9.4-9.4-24.6 0-33.9L54.3 103c9.4-9.4 24.6-9.4 33.9 0l136 136c9.5 9.4 9.5 24.6.1 34z\"><\/path><\/svg><span class=\"elementor-screen-only\">Suivant<\/span><\/span><\/a>\t\t\t<\/div>\n\t\t<\/div>\n\t\t\t\t\t\t<\/div>\n\t\t\t\t\t<\/div>\n\t\t\t\t<\/div>\n\t\t\t\t<\/div>\n\t\t\t\t<\/div>\n\t\t\t\t\t\t<\/div>\n\t\t\t\t<\/div>\n\t\t\t\t\t<\/div>\n\t\t\t\t<\/div>\n\t\t\t\t<\/div>\n\t\t","protected":false},"featured_media":663,"template":"","meta":{"_acf_changed":false},"class_list":["post-853","panela","type-panela","status-publish","has-post-thumbnail","hentry"],"acf":[],"yoast_head":"<!-- This site is optimized with the Yoast SEO plugin v26.7 - https:\/\/yoast.com\/wordpress\/plugins\/seo\/ -->\n<title>\u00abSauvons Garmendia Tupa Otaegui\u00bb - 1975: Dena jokoan zegoen urtea<\/title>\n<meta name=\"robots\" content=\"index, follow, max-snippet:-1, max-image-preview:large, max-video-preview:-1\" \/>\n<link rel=\"canonical\" href=\"https:\/\/1975-2025erakusketa.eus\/fr\/panela\/sauvons-garmendia-tupa-otaegui\/\" \/>\n<meta property=\"og:locale\" content=\"fr_FR\" \/>\n<meta property=\"og:type\" content=\"article\" \/>\n<meta property=\"og:title\" content=\"\u00abSauvons Garmendia Tupa Otaegui\u00bb - 1975: Dena jokoan zegoen urtea\" \/>\n<meta property=\"og:description\" content=\"\u00abSauvons GarmendiaTupa Otaegui\u00bb R\u00e9ponse internationales aux peines de mort Bayonne. \u00c9t\u00e9 1975. Le photographe V\u00e9lez. \u00c0 l&rsquo;annonce des condamnations \u00e0 mort, la pression internationale s&rsquo;est accrue. La gauche a convoqu\u00e9 des mobilisations dans diff\u00e9rentes villes. Par ailleurs, sur le plan diplomatique, des demandes de cl\u00e9mence ont \u00e9man\u00e9 du premier ministre su\u00e9dois et dirigeant social-d\u00e9mocrate, Olof [&hellip;]\" \/>\n<meta property=\"og:url\" content=\"https:\/\/1975-2025erakusketa.eus\/fr\/panela\/sauvons-garmendia-tupa-otaegui\/\" \/>\n<meta property=\"og:site_name\" content=\"1975: Dena jokoan zegoen urtea\" \/>\n<meta property=\"article:modified_time\" content=\"2025-09-12T09:27:41+00:00\" \/>\n<meta property=\"og:image\" content=\"https:\/\/1975-2025erakusketa.eus\/wp-content\/uploads\/2025\/09\/10-sauvons-FRA.jpg\" \/>\n\t<meta property=\"og:image:width\" content=\"800\" \/>\n\t<meta property=\"og:image:height\" content=\"1200\" \/>\n\t<meta property=\"og:image:type\" content=\"image\/jpeg\" \/>\n<meta name=\"twitter:card\" content=\"summary_large_image\" \/>\n<meta name=\"twitter:label1\" content=\"Dur\u00e9e de lecture estim\u00e9e\" \/>\n\t<meta name=\"twitter:data1\" content=\"1 minute\" \/>\n<script type=\"application\/ld+json\" class=\"yoast-schema-graph\">{\"@context\":\"https:\/\/schema.org\",\"@graph\":[{\"@type\":\"WebPage\",\"@id\":\"https:\/\/1975-2025erakusketa.eus\/fr\/panela\/sauvons-garmendia-tupa-otaegui\/\",\"url\":\"https:\/\/1975-2025erakusketa.eus\/fr\/panela\/sauvons-garmendia-tupa-otaegui\/\",\"name\":\"\u00abSauvons Garmendia Tupa Otaegui\u00bb - 1975: Dena jokoan zegoen urtea\",\"isPartOf\":{\"@id\":\"https:\/\/1975-2025erakusketa.eus\/fr\/#website\"},\"primaryImageOfPage\":{\"@id\":\"https:\/\/1975-2025erakusketa.eus\/fr\/panela\/sauvons-garmendia-tupa-otaegui\/#primaryimage\"},\"image\":{\"@id\":\"https:\/\/1975-2025erakusketa.eus\/fr\/panela\/sauvons-garmendia-tupa-otaegui\/#primaryimage\"},\"thumbnailUrl\":\"https:\/\/1975-2025erakusketa.eus\/wp-content\/uploads\/2025\/09\/10-sauvons-FRA.jpg\",\"datePublished\":\"2025-07-30T07:37:30+00:00\",\"dateModified\":\"2025-09-12T09:27:41+00:00\",\"breadcrumb\":{\"@id\":\"https:\/\/1975-2025erakusketa.eus\/fr\/panela\/sauvons-garmendia-tupa-otaegui\/#breadcrumb\"},\"inLanguage\":\"fr-FR\",\"potentialAction\":[{\"@type\":\"ReadAction\",\"target\":[\"https:\/\/1975-2025erakusketa.eus\/fr\/panela\/sauvons-garmendia-tupa-otaegui\/\"]}]},{\"@type\":\"ImageObject\",\"inLanguage\":\"fr-FR\",\"@id\":\"https:\/\/1975-2025erakusketa.eus\/fr\/panela\/sauvons-garmendia-tupa-otaegui\/#primaryimage\",\"url\":\"https:\/\/1975-2025erakusketa.eus\/wp-content\/uploads\/2025\/09\/10-sauvons-FRA.jpg\",\"contentUrl\":\"https:\/\/1975-2025erakusketa.eus\/wp-content\/uploads\/2025\/09\/10-sauvons-FRA.jpg\",\"width\":800,\"height\":1200},{\"@type\":\"BreadcrumbList\",\"@id\":\"https:\/\/1975-2025erakusketa.eus\/fr\/panela\/sauvons-garmendia-tupa-otaegui\/#breadcrumb\",\"itemListElement\":[{\"@type\":\"ListItem\",\"position\":1,\"name\":\"Home\",\"item\":\"https:\/\/1975-2025erakusketa.eus\/fr\/1975-2025\/\"},{\"@type\":\"ListItem\",\"position\":2,\"name\":\"\u00abSauvons Garmendia Tupa Otaegui\u00bb\"}]},{\"@type\":\"WebSite\",\"@id\":\"https:\/\/1975-2025erakusketa.eus\/fr\/#website\",\"url\":\"https:\/\/1975-2025erakusketa.eus\/fr\/\",\"name\":\"1975. Dena jokoan zegoen urtea\",\"description\":\"Trantsizio espainiarrak Euskal Herriaren bilakaeran izan zuen eraginaz gogoeta egiteko erakusketa\",\"publisher\":{\"@id\":\"https:\/\/1975-2025erakusketa.eus\/fr\/#organization\"},\"potentialAction\":[{\"@type\":\"SearchAction\",\"target\":{\"@type\":\"EntryPoint\",\"urlTemplate\":\"https:\/\/1975-2025erakusketa.eus\/fr\/?s={search_term_string}\"},\"query-input\":{\"@type\":\"PropertyValueSpecification\",\"valueRequired\":true,\"valueName\":\"search_term_string\"}}],\"inLanguage\":\"fr-FR\"},{\"@type\":\"Organization\",\"@id\":\"https:\/\/1975-2025erakusketa.eus\/fr\/#organization\",\"name\":\"1975-2025\",\"url\":\"https:\/\/1975-2025erakusketa.eus\/fr\/\",\"logo\":{\"@type\":\"ImageObject\",\"inLanguage\":\"fr-FR\",\"@id\":\"https:\/\/1975-2025erakusketa.eus\/fr\/#\/schema\/logo\/image\/\",\"url\":\"https:\/\/1975-2025erakusketa.eus\/wp-content\/uploads\/2025\/08\/erakusketa-scaled.jpg\",\"contentUrl\":\"https:\/\/1975-2025erakusketa.eus\/wp-content\/uploads\/2025\/08\/erakusketa-scaled.jpg\",\"width\":2560,\"height\":2560,\"caption\":\"1975-2025\"},\"image\":{\"@id\":\"https:\/\/1975-2025erakusketa.eus\/fr\/#\/schema\/logo\/image\/\"}}]}<\/script>\n<!-- \/ Yoast SEO plugin. -->","yoast_head_json":{"title":"\u00abSauvons Garmendia Tupa Otaegui\u00bb - 1975: Dena jokoan zegoen urtea","robots":{"index":"index","follow":"follow","max-snippet":"max-snippet:-1","max-image-preview":"max-image-preview:large","max-video-preview":"max-video-preview:-1"},"canonical":"https:\/\/1975-2025erakusketa.eus\/fr\/panela\/sauvons-garmendia-tupa-otaegui\/","og_locale":"fr_FR","og_type":"article","og_title":"\u00abSauvons Garmendia Tupa Otaegui\u00bb - 1975: Dena jokoan zegoen urtea","og_description":"\u00abSauvons GarmendiaTupa Otaegui\u00bb R\u00e9ponse internationales aux peines de mort Bayonne. \u00c9t\u00e9 1975. Le photographe V\u00e9lez. \u00c0 l&rsquo;annonce des condamnations \u00e0 mort, la pression internationale s&rsquo;est accrue. La gauche a convoqu\u00e9 des mobilisations dans diff\u00e9rentes villes. Par ailleurs, sur le plan diplomatique, des demandes de cl\u00e9mence ont \u00e9man\u00e9 du premier ministre su\u00e9dois et dirigeant social-d\u00e9mocrate, Olof [&hellip;]","og_url":"https:\/\/1975-2025erakusketa.eus\/fr\/panela\/sauvons-garmendia-tupa-otaegui\/","og_site_name":"1975: Dena jokoan zegoen urtea","article_modified_time":"2025-09-12T09:27:41+00:00","og_image":[{"width":800,"height":1200,"url":"https:\/\/1975-2025erakusketa.eus\/wp-content\/uploads\/2025\/09\/10-sauvons-FRA.jpg","type":"image\/jpeg"}],"twitter_card":"summary_large_image","twitter_misc":{"Dur\u00e9e de lecture estim\u00e9e":"1 minute"},"schema":{"@context":"https:\/\/schema.org","@graph":[{"@type":"WebPage","@id":"https:\/\/1975-2025erakusketa.eus\/fr\/panela\/sauvons-garmendia-tupa-otaegui\/","url":"https:\/\/1975-2025erakusketa.eus\/fr\/panela\/sauvons-garmendia-tupa-otaegui\/","name":"\u00abSauvons Garmendia Tupa Otaegui\u00bb - 1975: Dena jokoan zegoen urtea","isPartOf":{"@id":"https:\/\/1975-2025erakusketa.eus\/fr\/#website"},"primaryImageOfPage":{"@id":"https:\/\/1975-2025erakusketa.eus\/fr\/panela\/sauvons-garmendia-tupa-otaegui\/#primaryimage"},"image":{"@id":"https:\/\/1975-2025erakusketa.eus\/fr\/panela\/sauvons-garmendia-tupa-otaegui\/#primaryimage"},"thumbnailUrl":"https:\/\/1975-2025erakusketa.eus\/wp-content\/uploads\/2025\/09\/10-sauvons-FRA.jpg","datePublished":"2025-07-30T07:37:30+00:00","dateModified":"2025-09-12T09:27:41+00:00","breadcrumb":{"@id":"https:\/\/1975-2025erakusketa.eus\/fr\/panela\/sauvons-garmendia-tupa-otaegui\/#breadcrumb"},"inLanguage":"fr-FR","potentialAction":[{"@type":"ReadAction","target":["https:\/\/1975-2025erakusketa.eus\/fr\/panela\/sauvons-garmendia-tupa-otaegui\/"]}]},{"@type":"ImageObject","inLanguage":"fr-FR","@id":"https:\/\/1975-2025erakusketa.eus\/fr\/panela\/sauvons-garmendia-tupa-otaegui\/#primaryimage","url":"https:\/\/1975-2025erakusketa.eus\/wp-content\/uploads\/2025\/09\/10-sauvons-FRA.jpg","contentUrl":"https:\/\/1975-2025erakusketa.eus\/wp-content\/uploads\/2025\/09\/10-sauvons-FRA.jpg","width":800,"height":1200},{"@type":"BreadcrumbList","@id":"https:\/\/1975-2025erakusketa.eus\/fr\/panela\/sauvons-garmendia-tupa-otaegui\/#breadcrumb","itemListElement":[{"@type":"ListItem","position":1,"name":"Home","item":"https:\/\/1975-2025erakusketa.eus\/fr\/1975-2025\/"},{"@type":"ListItem","position":2,"name":"\u00abSauvons Garmendia Tupa Otaegui\u00bb"}]},{"@type":"WebSite","@id":"https:\/\/1975-2025erakusketa.eus\/fr\/#website","url":"https:\/\/1975-2025erakusketa.eus\/fr\/","name":"1975. Dena jokoan zegoen urtea","description":"Trantsizio espainiarrak Euskal Herriaren bilakaeran izan zuen eraginaz gogoeta egiteko erakusketa","publisher":{"@id":"https:\/\/1975-2025erakusketa.eus\/fr\/#organization"},"potentialAction":[{"@type":"SearchAction","target":{"@type":"EntryPoint","urlTemplate":"https:\/\/1975-2025erakusketa.eus\/fr\/?s={search_term_string}"},"query-input":{"@type":"PropertyValueSpecification","valueRequired":true,"valueName":"search_term_string"}}],"inLanguage":"fr-FR"},{"@type":"Organization","@id":"https:\/\/1975-2025erakusketa.eus\/fr\/#organization","name":"1975-2025","url":"https:\/\/1975-2025erakusketa.eus\/fr\/","logo":{"@type":"ImageObject","inLanguage":"fr-FR","@id":"https:\/\/1975-2025erakusketa.eus\/fr\/#\/schema\/logo\/image\/","url":"https:\/\/1975-2025erakusketa.eus\/wp-content\/uploads\/2025\/08\/erakusketa-scaled.jpg","contentUrl":"https:\/\/1975-2025erakusketa.eus\/wp-content\/uploads\/2025\/08\/erakusketa-scaled.jpg","width":2560,"height":2560,"caption":"1975-2025"},"image":{"@id":"https:\/\/1975-2025erakusketa.eus\/fr\/#\/schema\/logo\/image\/"}}]}},"_links":{"self":[{"href":"https:\/\/1975-2025erakusketa.eus\/fr\/wp-json\/wp\/v2\/panela\/853","targetHints":{"allow":["GET"]}}],"collection":[{"href":"https:\/\/1975-2025erakusketa.eus\/fr\/wp-json\/wp\/v2\/panela"}],"about":[{"href":"https:\/\/1975-2025erakusketa.eus\/fr\/wp-json\/wp\/v2\/types\/panela"}],"version-history":[{"count":1,"href":"https:\/\/1975-2025erakusketa.eus\/fr\/wp-json\/wp\/v2\/panela\/853\/revisions"}],"predecessor-version":[{"id":854,"href":"https:\/\/1975-2025erakusketa.eus\/fr\/wp-json\/wp\/v2\/panela\/853\/revisions\/854"}],"wp:featuredmedia":[{"embeddable":true,"href":"https:\/\/1975-2025erakusketa.eus\/fr\/wp-json\/wp\/v2\/media\/663"}],"wp:attachment":[{"href":"https:\/\/1975-2025erakusketa.eus\/fr\/wp-json\/wp\/v2\/media?parent=853"}],"curies":[{"name":"wp","href":"https:\/\/api.w.org\/{rel}","templated":true}]}}