{"id":863,"date":"2025-07-30T09:41:16","date_gmt":"2025-07-30T07:41:16","guid":{"rendered":"https:\/\/1975-2025erakusketa.eus\/panela\/plutot-rouge-que-brisee\/"},"modified":"2025-09-10T09:30:09","modified_gmt":"2025-09-10T07:30:09","slug":"plutot-rouge-que-brisee","status":"publish","type":"panela","link":"https:\/\/1975-2025erakusketa.eus\/fr\/panela\/plutot-rouge-que-brisee\/","title":{"rendered":"Plut\u00f4t rouge que bris\u00e9e\u2026"},"content":{"rendered":"\t\t<div data-elementor-type=\"wp-post\" data-elementor-id=\"863\" class=\"elementor elementor-863 elementor-150\" data-elementor-post-type=\"panela\">\n\t\t\t\t<div class=\"elementor-element elementor-element-bc5cdd1 e-flex e-con-boxed e-con e-parent\" data-id=\"bc5cdd1\" data-element_type=\"container\">\n\t\t\t\t\t<div class=\"e-con-inner\">\n\t\t\t\t<div class=\"elementor-element elementor-element-48e20fd elementor-widget elementor-widget-heading\" data-id=\"48e20fd\" data-element_type=\"widget\" data-widget_type=\"heading.default\">\n\t\t\t\t\t<h2 class=\"elementor-heading-title elementor-size-default\">Plut\u00f4t rouge que bris\u00e9e\u2026<\/h2>\t\t\t\t<\/div>\n\t\t\t\t<div class=\"elementor-element elementor-element-44f4f96 elementor-widget elementor-widget-heading\" data-id=\"44f4f96\" data-element_type=\"widget\" data-widget_type=\"heading.default\">\n\t\t\t\t\t<h2 class=\"elementor-heading-title elementor-size-default\">Le r\u00e9gime de 78<\/h2>\t\t\t\t<\/div>\n\t\t\t\t\t<\/div>\n\t\t\t\t<\/div>\n\t\t<div class=\"elementor-element elementor-element-896a11b e-flex e-con-boxed e-con e-parent\" data-id=\"896a11b\" data-element_type=\"container\">\n\t\t\t\t\t<div class=\"e-con-inner\">\n\t\t<div class=\"elementor-element elementor-element-a4d0347 e-con-full e-flex e-con e-child\" data-id=\"a4d0347\" data-element_type=\"container\">\n\t\t\t\t<div class=\"elementor-element elementor-element-84bbd35 elementor-widget elementor-widget-image\" data-id=\"84bbd35\" data-element_type=\"widget\" data-widget_type=\"image.default\">\n\t\t\t\t\t\t\t\t\t\t\t\t\t\t\t<img fetchpriority=\"high\" decoding=\"async\" width=\"2324\" height=\"1903\" src=\"https:\/\/1975-2025erakusketa.eus\/wp-content\/uploads\/2025\/07\/carrillo.jpg\" class=\"attachment-full size-full wp-image-721\" alt=\"\" srcset=\"https:\/\/1975-2025erakusketa.eus\/wp-content\/uploads\/2025\/07\/carrillo.jpg 2324w, https:\/\/1975-2025erakusketa.eus\/wp-content\/uploads\/2025\/07\/carrillo-300x246.jpg 300w, https:\/\/1975-2025erakusketa.eus\/wp-content\/uploads\/2025\/07\/carrillo-1024x838.jpg 1024w, https:\/\/1975-2025erakusketa.eus\/wp-content\/uploads\/2025\/07\/carrillo-768x629.jpg 768w, https:\/\/1975-2025erakusketa.eus\/wp-content\/uploads\/2025\/07\/carrillo-1536x1258.jpg 1536w, https:\/\/1975-2025erakusketa.eus\/wp-content\/uploads\/2025\/07\/carrillo-2048x1677.jpg 2048w\" sizes=\"(max-width: 2324px) 100vw, 2324px\" \/>\t\t\t\t\t\t\t\t\t\t\t\t\t\t\t<\/div>\n\t\t<div class=\"elementor-element elementor-element-bb6e3b3 e-con-full e-flex e-con e-child\" data-id=\"bb6e3b3\" data-element_type=\"container\">\n\t\t\t\t<div class=\"elementor-element elementor-element-6e24f4a elementor-view-default elementor-widget elementor-widget-icon\" data-id=\"6e24f4a\" data-element_type=\"widget\" data-widget_type=\"icon.default\">\n\t\t\t\t\t\t\t<div class=\"elementor-icon-wrapper\">\n\t\t\t<div class=\"elementor-icon\">\n\t\t\t<svg aria-hidden=\"true\" class=\"e-font-icon-svg e-fas-sort-up\" viewBox=\"0 0 320 512\" xmlns=\"http:\/\/www.w3.org\/2000\/svg\"><path d=\"M279 224H41c-21.4 0-32.1-25.9-17-41L143 64c9.4-9.4 24.6-9.4 33.9 0l119 119c15.2 15.1 4.5 41-16.9 41z\"><\/path><\/svg>\t\t\t<\/div>\n\t\t<\/div>\n\t\t\t\t\t\t<\/div>\n\t\t\t\t<div class=\"elementor-element elementor-element-e9f8be7 elementor-widget elementor-widget-heading\" data-id=\"e9f8be7\" data-element_type=\"widget\" data-widget_type=\"heading.default\">\n\t\t\t\t\t<h2 class=\"elementor-heading-title elementor-size-default\">Santiago Carrillo en t-shirt espagnol.<\/h2>\t\t\t\t<\/div>\n\t\t\t\t<\/div>\n\t\t\t\t<\/div>\n\t\t\t\t\t<\/div>\n\t\t\t\t<\/div>\n\t\t<div class=\"elementor-element elementor-element-22c7876 e-flex e-con-boxed e-con e-child\" data-id=\"22c7876\" data-element_type=\"container\">\n\t\t\t\t\t<div class=\"e-con-inner\">\n\t\t\t\t<div class=\"elementor-element elementor-element-a93f99d elementor-widget elementor-widget-text-editor\" data-id=\"a93f99d\" data-element_type=\"widget\" data-widget_type=\"text-editor.default\">\n\t\t\t\t\t\t\t\t\t<p>Le 5 d\u00e9cembre 1935, lors d&rsquo;une session parlementaire de la IIe R\u00e9publique, le d\u00e9put\u00e9 de droite Jos\u00e9 Calvo Sotelo a d\u00e9clar\u00e9 \u00abPlut\u00f4t rouge que bris\u00e9e\u00bb, une phrase qui est rest\u00e9e ancr\u00e9e dans l&rsquo;imaginaire du Pays Basque comme m\u00e9taphore ou maxime transversale du nationalisme imp\u00e9rial espagnol. D&rsquo;ailleurs, cette m\u00e9taphore fonctionnait aussi bien \u00e0 droite qu&rsquo;\u00e0 gauche. La transition a montr\u00e9 que le nouveau r\u00e9gime avait besoin des partis de gauche pour consolider l&rsquo;alliance entre les \u00e9lites. En 1974, le PSOE a tenu un congr\u00e8s en exil (\u00e0 Suresnes), o\u00f9 il a reconnu le droit \u00e0 l&rsquo;autod\u00e9termination des nations ib\u00e9riques, principe qu&rsquo;il abandonnerait rapidement pour accepter les fondements du r\u00e9gime de 78. En 1977, Santiago Carrillo a accept\u00e9 avec le drapeau r\u00e9publicain le principal symbole exclusif du r\u00e9gime espagnol, en m\u00eame temps qu&rsquo;il renon\u00e7ait \u00e0 la rupture d\u00e9mocratique et optait pour la rupture pact\u00e9e. Ils ont pay\u00e9 le prix d&rsquo;avoir leur part du g\u00e2teau dans la \u00abd\u00e9mocratie\u00bb, faisant du PSOE un pilier du nouveau r\u00e9gime. Le bipartisme s&rsquo;est instaur\u00e9 et la nouvelle oligarchie s&rsquo;est install\u00e9e dans tous les lieux du pouvoir. Les syndicats majoritaires ont aussi canalis\u00e9 la pax sociale, figurant parmi les garants de la transition. La Constitution espagnole a inscrit dans une loi l&rsquo;unit\u00e9 nationale dogmatique. En d\u00e9finitive, ce qui a \u00e9t\u00e9 \u00e9tabli par la loi et par la force n&rsquo;est que le principe de la Phalange selon lequel l&rsquo; \u00abEspagne est une unit\u00e9 de destin dans l&rsquo;universel\u00bb.<\/p>\n\t\t\t\t\t\t\t\t<\/div>\n\t\t\t\t\t<\/div>\n\t\t\t\t<\/div>\n\t\t<div class=\"elementor-element elementor-element-5c3df05 e-flex e-con-boxed e-con e-parent\" data-id=\"5c3df05\" data-element_type=\"container\">\n\t\t\t\t\t<div class=\"e-con-inner\">\n\t\t\t\t<div class=\"elementor-element elementor-element-65501ae elementor-widget elementor-widget-template\" data-id=\"65501ae\" data-element_type=\"widget\" data-widget_type=\"template.default\">\n\t\t\t\t<div class=\"elementor-widget-container\">\n\t\t\t\t\t\t\t<div class=\"elementor-template\">\n\t\t\t\t\t<div data-elementor-type=\"container\" data-elementor-id=\"403\" class=\"elementor elementor-403\" data-elementor-post-type=\"elementor_library\">\n\t\t\t\t<div class=\"elementor-element elementor-element-1efa1886 e-flex e-con-boxed e-con e-parent\" data-id=\"1efa1886\" data-element_type=\"container\">\n\t\t\t\t\t<div class=\"e-con-inner\">\n\t\t\t\t<div class=\"elementor-element elementor-element-8417b4b elementor-hidden-mobile elementor-post-navigation-borders-yes elementor-widget elementor-widget-post-navigation\" data-id=\"8417b4b\" data-element_type=\"widget\" data-widget_type=\"post-navigation.default\">\n\t\t\t\t\t\t\t<div class=\"elementor-post-navigation\" role=\"navigation\" aria-label=\"Navigation de publication\">\n\t\t\t<div class=\"elementor-post-navigation__prev elementor-post-navigation__link\">\n\t\t\t\t<a href=\"https:\/\/1975-2025erakusketa.eus\/fr\/panela\/couronnement-du-bourbon\/\" rel=\"prev\"><span class=\"post-navigation__arrow-wrapper post-navigation__arrow-prev\"><svg aria-hidden=\"true\" class=\"e-font-icon-svg e-fas-angle-left\" viewBox=\"0 0 256 512\" xmlns=\"http:\/\/www.w3.org\/2000\/svg\"><path d=\"M31.7 239l136-136c9.4-9.4 24.6-9.4 33.9 0l22.6 22.6c9.4 9.4 9.4 24.6 0 33.9L127.9 256l96.4 96.4c9.4 9.4 9.4 24.6 0 33.9L201.7 409c-9.4 9.4-24.6 9.4-33.9 0l-136-136c-9.5-9.4-9.5-24.6-.1-34z\"><\/path><\/svg><span class=\"elementor-screen-only\">Pr\u00e9c\u00e9dent<\/span><\/span><span class=\"elementor-post-navigation__link__prev\"><span class=\"post-navigation__prev--label\">Atzera<\/span><span class=\"post-navigation__prev--title\">Couronnement du Bourbon<\/span><\/span><\/a>\t\t\t<\/div>\n\t\t\t\t\t\t\t<div class=\"elementor-post-navigation__separator-wrapper\">\n\t\t\t\t\t<div class=\"elementor-post-navigation__separator\"><\/div>\n\t\t\t\t<\/div>\n\t\t\t\t\t\t<div class=\"elementor-post-navigation__next elementor-post-navigation__link\">\n\t\t\t\t<a href=\"https:\/\/1975-2025erakusketa.eus\/fr\/panela\/tout-est-ficele-et-bien-ficele\/\" rel=\"next\"><span class=\"elementor-post-navigation__link__next\"><span class=\"post-navigation__next--label\">Aurrera<\/span><span class=\"post-navigation__next--title\">Tout est ficel\u00e9 et bien ficel\u00e9<\/span><\/span><span class=\"post-navigation__arrow-wrapper post-navigation__arrow-next\"><svg aria-hidden=\"true\" class=\"e-font-icon-svg e-fas-angle-right\" viewBox=\"0 0 256 512\" xmlns=\"http:\/\/www.w3.org\/2000\/svg\"><path d=\"M224.3 273l-136 136c-9.4 9.4-24.6 9.4-33.9 0l-22.6-22.6c-9.4-9.4-9.4-24.6 0-33.9l96.4-96.4-96.4-96.4c-9.4-9.4-9.4-24.6 0-33.9L54.3 103c9.4-9.4 24.6-9.4 33.9 0l136 136c9.5 9.4 9.5 24.6.1 34z\"><\/path><\/svg><span class=\"elementor-screen-only\">Suivant<\/span><\/span><\/a>\t\t\t<\/div>\n\t\t<\/div>\n\t\t\t\t\t\t<\/div>\n\t\t\t\t<div class=\"elementor-element elementor-element-af6c8ae elementor-hidden-desktop elementor-hidden-tablet elementor-post-navigation-borders-yes elementor-widget elementor-widget-post-navigation\" data-id=\"af6c8ae\" data-element_type=\"widget\" data-widget_type=\"post-navigation.default\">\n\t\t\t\t\t\t\t<div class=\"elementor-post-navigation\" role=\"navigation\" aria-label=\"Navigation de publication\">\n\t\t\t<div class=\"elementor-post-navigation__prev elementor-post-navigation__link\">\n\t\t\t\t<a href=\"https:\/\/1975-2025erakusketa.eus\/fr\/panela\/couronnement-du-bourbon\/\" rel=\"prev\"><span class=\"post-navigation__arrow-wrapper post-navigation__arrow-prev\"><svg aria-hidden=\"true\" class=\"e-font-icon-svg e-fas-angle-left\" viewBox=\"0 0 256 512\" xmlns=\"http:\/\/www.w3.org\/2000\/svg\"><path d=\"M31.7 239l136-136c9.4-9.4 24.6-9.4 33.9 0l22.6 22.6c9.4 9.4 9.4 24.6 0 33.9L127.9 256l96.4 96.4c9.4 9.4 9.4 24.6 0 33.9L201.7 409c-9.4 9.4-24.6 9.4-33.9 0l-136-136c-9.5-9.4-9.5-24.6-.1-34z\"><\/path><\/svg><span class=\"elementor-screen-only\">Pr\u00e9c\u00e9dent<\/span><\/span><span class=\"elementor-post-navigation__link__prev\"><span class=\"post-navigation__prev--label\">Atzera<\/span><\/span><\/a>\t\t\t<\/div>\n\t\t\t\t\t\t\t<div class=\"elementor-post-navigation__separator-wrapper\">\n\t\t\t\t\t<div class=\"elementor-post-navigation__separator\"><\/div>\n\t\t\t\t<\/div>\n\t\t\t\t\t\t<div class=\"elementor-post-navigation__next elementor-post-navigation__link\">\n\t\t\t\t<a href=\"https:\/\/1975-2025erakusketa.eus\/fr\/panela\/tout-est-ficele-et-bien-ficele\/\" rel=\"next\"><span class=\"elementor-post-navigation__link__next\"><span class=\"post-navigation__next--label\">Aurrera<\/span><\/span><span class=\"post-navigation__arrow-wrapper post-navigation__arrow-next\"><svg aria-hidden=\"true\" class=\"e-font-icon-svg e-fas-angle-right\" viewBox=\"0 0 256 512\" xmlns=\"http:\/\/www.w3.org\/2000\/svg\"><path d=\"M224.3 273l-136 136c-9.4 9.4-24.6 9.4-33.9 0l-22.6-22.6c-9.4-9.4-9.4-24.6 0-33.9l96.4-96.4-96.4-96.4c-9.4-9.4-9.4-24.6 0-33.9L54.3 103c9.4-9.4 24.6-9.4 33.9 0l136 136c9.5 9.4 9.5 24.6.1 34z\"><\/path><\/svg><span class=\"elementor-screen-only\">Suivant<\/span><\/span><\/a>\t\t\t<\/div>\n\t\t<\/div>\n\t\t\t\t\t\t<\/div>\n\t\t\t\t\t<\/div>\n\t\t\t\t<\/div>\n\t\t\t\t<\/div>\n\t\t\t\t<\/div>\n\t\t\t\t\t\t<\/div>\n\t\t\t\t<\/div>\n\t\t\t\t\t<\/div>\n\t\t\t\t<\/div>\n\t\t\t\t<\/div>\n\t\t","protected":false},"featured_media":677,"template":"","meta":{"_acf_changed":false},"class_list":["post-863","panela","type-panela","status-publish","has-post-thumbnail","hentry"],"acf":[],"yoast_head":"<!-- This site is optimized with the Yoast SEO plugin v26.7 - https:\/\/yoast.com\/wordpress\/plugins\/seo\/ -->\n<title>Plut\u00f4t rouge que bris\u00e9e\u2026 - 1975: Dena jokoan zegoen urtea<\/title>\n<meta name=\"robots\" content=\"index, follow, max-snippet:-1, max-image-preview:large, max-video-preview:-1\" \/>\n<link rel=\"canonical\" href=\"https:\/\/1975-2025erakusketa.eus\/fr\/panela\/plutot-rouge-que-brisee\/\" \/>\n<meta property=\"og:locale\" content=\"fr_FR\" \/>\n<meta property=\"og:type\" content=\"article\" \/>\n<meta property=\"og:title\" content=\"Plut\u00f4t rouge que bris\u00e9e\u2026 - 1975: Dena jokoan zegoen urtea\" \/>\n<meta property=\"og:description\" content=\"Plut\u00f4t rouge que bris\u00e9e\u2026 Le r\u00e9gime de 78 Santiago Carrillo en t-shirt espagnol. Le 5 d\u00e9cembre 1935, lors d&rsquo;une session parlementaire de la IIe R\u00e9publique, le d\u00e9put\u00e9 de droite Jos\u00e9 Calvo Sotelo a d\u00e9clar\u00e9 \u00abPlut\u00f4t rouge que bris\u00e9e\u00bb, une phrase qui est rest\u00e9e ancr\u00e9e dans l&rsquo;imaginaire du Pays Basque comme m\u00e9taphore ou maxime transversale du [&hellip;]\" \/>\n<meta property=\"og:url\" content=\"https:\/\/1975-2025erakusketa.eus\/fr\/panela\/plutot-rouge-que-brisee\/\" \/>\n<meta property=\"og:site_name\" content=\"1975: Dena jokoan zegoen urtea\" \/>\n<meta property=\"article:modified_time\" content=\"2025-09-10T07:30:09+00:00\" \/>\n<meta property=\"og:image\" content=\"https:\/\/1975-2025erakusketa.eus\/wp-content\/uploads\/2025\/09\/15-antes-roja-que-rota-FRA.jpg\" \/>\n\t<meta property=\"og:image:width\" content=\"800\" \/>\n\t<meta property=\"og:image:height\" content=\"1200\" \/>\n\t<meta property=\"og:image:type\" content=\"image\/jpeg\" \/>\n<meta name=\"twitter:card\" content=\"summary_large_image\" \/>\n<meta name=\"twitter:label1\" content=\"Dur\u00e9e de lecture estim\u00e9e\" \/>\n\t<meta name=\"twitter:data1\" content=\"1 minute\" \/>\n<script type=\"application\/ld+json\" class=\"yoast-schema-graph\">{\"@context\":\"https:\/\/schema.org\",\"@graph\":[{\"@type\":\"WebPage\",\"@id\":\"https:\/\/1975-2025erakusketa.eus\/fr\/panela\/plutot-rouge-que-brisee\/\",\"url\":\"https:\/\/1975-2025erakusketa.eus\/fr\/panela\/plutot-rouge-que-brisee\/\",\"name\":\"Plut\u00f4t rouge que bris\u00e9e\u2026 - 1975: Dena jokoan zegoen urtea\",\"isPartOf\":{\"@id\":\"https:\/\/1975-2025erakusketa.eus\/fr\/#website\"},\"primaryImageOfPage\":{\"@id\":\"https:\/\/1975-2025erakusketa.eus\/fr\/panela\/plutot-rouge-que-brisee\/#primaryimage\"},\"image\":{\"@id\":\"https:\/\/1975-2025erakusketa.eus\/fr\/panela\/plutot-rouge-que-brisee\/#primaryimage\"},\"thumbnailUrl\":\"https:\/\/1975-2025erakusketa.eus\/wp-content\/uploads\/2025\/09\/15-antes-roja-que-rota-FRA.jpg\",\"datePublished\":\"2025-07-30T07:41:16+00:00\",\"dateModified\":\"2025-09-10T07:30:09+00:00\",\"breadcrumb\":{\"@id\":\"https:\/\/1975-2025erakusketa.eus\/fr\/panela\/plutot-rouge-que-brisee\/#breadcrumb\"},\"inLanguage\":\"fr-FR\",\"potentialAction\":[{\"@type\":\"ReadAction\",\"target\":[\"https:\/\/1975-2025erakusketa.eus\/fr\/panela\/plutot-rouge-que-brisee\/\"]}]},{\"@type\":\"ImageObject\",\"inLanguage\":\"fr-FR\",\"@id\":\"https:\/\/1975-2025erakusketa.eus\/fr\/panela\/plutot-rouge-que-brisee\/#primaryimage\",\"url\":\"https:\/\/1975-2025erakusketa.eus\/wp-content\/uploads\/2025\/09\/15-antes-roja-que-rota-FRA.jpg\",\"contentUrl\":\"https:\/\/1975-2025erakusketa.eus\/wp-content\/uploads\/2025\/09\/15-antes-roja-que-rota-FRA.jpg\",\"width\":800,\"height\":1200},{\"@type\":\"BreadcrumbList\",\"@id\":\"https:\/\/1975-2025erakusketa.eus\/fr\/panela\/plutot-rouge-que-brisee\/#breadcrumb\",\"itemListElement\":[{\"@type\":\"ListItem\",\"position\":1,\"name\":\"Home\",\"item\":\"https:\/\/1975-2025erakusketa.eus\/fr\/1975-2025\/\"},{\"@type\":\"ListItem\",\"position\":2,\"name\":\"Plut\u00f4t rouge que bris\u00e9e\u2026\"}]},{\"@type\":\"WebSite\",\"@id\":\"https:\/\/1975-2025erakusketa.eus\/fr\/#website\",\"url\":\"https:\/\/1975-2025erakusketa.eus\/fr\/\",\"name\":\"1975. Dena jokoan zegoen urtea\",\"description\":\"Trantsizio espainiarrak Euskal Herriaren bilakaeran izan zuen eraginaz gogoeta egiteko erakusketa\",\"publisher\":{\"@id\":\"https:\/\/1975-2025erakusketa.eus\/fr\/#organization\"},\"potentialAction\":[{\"@type\":\"SearchAction\",\"target\":{\"@type\":\"EntryPoint\",\"urlTemplate\":\"https:\/\/1975-2025erakusketa.eus\/fr\/?s={search_term_string}\"},\"query-input\":{\"@type\":\"PropertyValueSpecification\",\"valueRequired\":true,\"valueName\":\"search_term_string\"}}],\"inLanguage\":\"fr-FR\"},{\"@type\":\"Organization\",\"@id\":\"https:\/\/1975-2025erakusketa.eus\/fr\/#organization\",\"name\":\"1975-2025\",\"url\":\"https:\/\/1975-2025erakusketa.eus\/fr\/\",\"logo\":{\"@type\":\"ImageObject\",\"inLanguage\":\"fr-FR\",\"@id\":\"https:\/\/1975-2025erakusketa.eus\/fr\/#\/schema\/logo\/image\/\",\"url\":\"https:\/\/1975-2025erakusketa.eus\/wp-content\/uploads\/2025\/08\/erakusketa-scaled.jpg\",\"contentUrl\":\"https:\/\/1975-2025erakusketa.eus\/wp-content\/uploads\/2025\/08\/erakusketa-scaled.jpg\",\"width\":2560,\"height\":2560,\"caption\":\"1975-2025\"},\"image\":{\"@id\":\"https:\/\/1975-2025erakusketa.eus\/fr\/#\/schema\/logo\/image\/\"}}]}<\/script>\n<!-- \/ Yoast SEO plugin. -->","yoast_head_json":{"title":"Plut\u00f4t rouge que bris\u00e9e\u2026 - 1975: Dena jokoan zegoen urtea","robots":{"index":"index","follow":"follow","max-snippet":"max-snippet:-1","max-image-preview":"max-image-preview:large","max-video-preview":"max-video-preview:-1"},"canonical":"https:\/\/1975-2025erakusketa.eus\/fr\/panela\/plutot-rouge-que-brisee\/","og_locale":"fr_FR","og_type":"article","og_title":"Plut\u00f4t rouge que bris\u00e9e\u2026 - 1975: Dena jokoan zegoen urtea","og_description":"Plut\u00f4t rouge que bris\u00e9e\u2026 Le r\u00e9gime de 78 Santiago Carrillo en t-shirt espagnol. Le 5 d\u00e9cembre 1935, lors d&rsquo;une session parlementaire de la IIe R\u00e9publique, le d\u00e9put\u00e9 de droite Jos\u00e9 Calvo Sotelo a d\u00e9clar\u00e9 \u00abPlut\u00f4t rouge que bris\u00e9e\u00bb, une phrase qui est rest\u00e9e ancr\u00e9e dans l&rsquo;imaginaire du Pays Basque comme m\u00e9taphore ou maxime transversale du [&hellip;]","og_url":"https:\/\/1975-2025erakusketa.eus\/fr\/panela\/plutot-rouge-que-brisee\/","og_site_name":"1975: Dena jokoan zegoen urtea","article_modified_time":"2025-09-10T07:30:09+00:00","og_image":[{"width":800,"height":1200,"url":"https:\/\/1975-2025erakusketa.eus\/wp-content\/uploads\/2025\/09\/15-antes-roja-que-rota-FRA.jpg","type":"image\/jpeg"}],"twitter_card":"summary_large_image","twitter_misc":{"Dur\u00e9e de lecture estim\u00e9e":"1 minute"},"schema":{"@context":"https:\/\/schema.org","@graph":[{"@type":"WebPage","@id":"https:\/\/1975-2025erakusketa.eus\/fr\/panela\/plutot-rouge-que-brisee\/","url":"https:\/\/1975-2025erakusketa.eus\/fr\/panela\/plutot-rouge-que-brisee\/","name":"Plut\u00f4t rouge que bris\u00e9e\u2026 - 1975: Dena jokoan zegoen urtea","isPartOf":{"@id":"https:\/\/1975-2025erakusketa.eus\/fr\/#website"},"primaryImageOfPage":{"@id":"https:\/\/1975-2025erakusketa.eus\/fr\/panela\/plutot-rouge-que-brisee\/#primaryimage"},"image":{"@id":"https:\/\/1975-2025erakusketa.eus\/fr\/panela\/plutot-rouge-que-brisee\/#primaryimage"},"thumbnailUrl":"https:\/\/1975-2025erakusketa.eus\/wp-content\/uploads\/2025\/09\/15-antes-roja-que-rota-FRA.jpg","datePublished":"2025-07-30T07:41:16+00:00","dateModified":"2025-09-10T07:30:09+00:00","breadcrumb":{"@id":"https:\/\/1975-2025erakusketa.eus\/fr\/panela\/plutot-rouge-que-brisee\/#breadcrumb"},"inLanguage":"fr-FR","potentialAction":[{"@type":"ReadAction","target":["https:\/\/1975-2025erakusketa.eus\/fr\/panela\/plutot-rouge-que-brisee\/"]}]},{"@type":"ImageObject","inLanguage":"fr-FR","@id":"https:\/\/1975-2025erakusketa.eus\/fr\/panela\/plutot-rouge-que-brisee\/#primaryimage","url":"https:\/\/1975-2025erakusketa.eus\/wp-content\/uploads\/2025\/09\/15-antes-roja-que-rota-FRA.jpg","contentUrl":"https:\/\/1975-2025erakusketa.eus\/wp-content\/uploads\/2025\/09\/15-antes-roja-que-rota-FRA.jpg","width":800,"height":1200},{"@type":"BreadcrumbList","@id":"https:\/\/1975-2025erakusketa.eus\/fr\/panela\/plutot-rouge-que-brisee\/#breadcrumb","itemListElement":[{"@type":"ListItem","position":1,"name":"Home","item":"https:\/\/1975-2025erakusketa.eus\/fr\/1975-2025\/"},{"@type":"ListItem","position":2,"name":"Plut\u00f4t rouge que bris\u00e9e\u2026"}]},{"@type":"WebSite","@id":"https:\/\/1975-2025erakusketa.eus\/fr\/#website","url":"https:\/\/1975-2025erakusketa.eus\/fr\/","name":"1975. Dena jokoan zegoen urtea","description":"Trantsizio espainiarrak Euskal Herriaren bilakaeran izan zuen eraginaz gogoeta egiteko erakusketa","publisher":{"@id":"https:\/\/1975-2025erakusketa.eus\/fr\/#organization"},"potentialAction":[{"@type":"SearchAction","target":{"@type":"EntryPoint","urlTemplate":"https:\/\/1975-2025erakusketa.eus\/fr\/?s={search_term_string}"},"query-input":{"@type":"PropertyValueSpecification","valueRequired":true,"valueName":"search_term_string"}}],"inLanguage":"fr-FR"},{"@type":"Organization","@id":"https:\/\/1975-2025erakusketa.eus\/fr\/#organization","name":"1975-2025","url":"https:\/\/1975-2025erakusketa.eus\/fr\/","logo":{"@type":"ImageObject","inLanguage":"fr-FR","@id":"https:\/\/1975-2025erakusketa.eus\/fr\/#\/schema\/logo\/image\/","url":"https:\/\/1975-2025erakusketa.eus\/wp-content\/uploads\/2025\/08\/erakusketa-scaled.jpg","contentUrl":"https:\/\/1975-2025erakusketa.eus\/wp-content\/uploads\/2025\/08\/erakusketa-scaled.jpg","width":2560,"height":2560,"caption":"1975-2025"},"image":{"@id":"https:\/\/1975-2025erakusketa.eus\/fr\/#\/schema\/logo\/image\/"}}]}},"_links":{"self":[{"href":"https:\/\/1975-2025erakusketa.eus\/fr\/wp-json\/wp\/v2\/panela\/863","targetHints":{"allow":["GET"]}}],"collection":[{"href":"https:\/\/1975-2025erakusketa.eus\/fr\/wp-json\/wp\/v2\/panela"}],"about":[{"href":"https:\/\/1975-2025erakusketa.eus\/fr\/wp-json\/wp\/v2\/types\/panela"}],"version-history":[{"count":1,"href":"https:\/\/1975-2025erakusketa.eus\/fr\/wp-json\/wp\/v2\/panela\/863\/revisions"}],"predecessor-version":[{"id":864,"href":"https:\/\/1975-2025erakusketa.eus\/fr\/wp-json\/wp\/v2\/panela\/863\/revisions\/864"}],"wp:featuredmedia":[{"embeddable":true,"href":"https:\/\/1975-2025erakusketa.eus\/fr\/wp-json\/wp\/v2\/media\/677"}],"wp:attachment":[{"href":"https:\/\/1975-2025erakusketa.eus\/fr\/wp-json\/wp\/v2\/media?parent=863"}],"curies":[{"name":"wp","href":"https:\/\/api.w.org\/{rel}","templated":true}]}}