{"id":872,"date":"2025-07-30T09:42:35","date_gmt":"2025-07-30T07:42:35","guid":{"rendered":"https:\/\/1975-2025erakusketa.eus\/panela\/besoin-de-defaire-le-noeud\/"},"modified":"2025-09-10T09:30:09","modified_gmt":"2025-09-10T07:30:09","slug":"besoin-de-defaire-le-noeud","status":"publish","type":"panela","link":"https:\/\/1975-2025erakusketa.eus\/fr\/panela\/besoin-de-defaire-le-noeud\/","title":{"rendered":"Besoin de d\u00e9faire le n\u0153ud"},"content":{"rendered":"\t\t<div data-elementor-type=\"wp-post\" data-elementor-id=\"872\" class=\"elementor elementor-872 elementor-153\" data-elementor-post-type=\"panela\">\n\t\t\t\t<div class=\"elementor-element elementor-element-124da46 e-flex e-con-boxed e-con e-parent\" data-id=\"124da46\" data-element_type=\"container\">\n\t\t\t\t\t<div class=\"e-con-inner\">\n\t\t\t\t<div class=\"elementor-element elementor-element-11592a5 elementor-widget elementor-widget-heading\" data-id=\"11592a5\" data-element_type=\"widget\" data-widget_type=\"heading.default\">\n\t\t\t\t\t<h2 class=\"elementor-heading-title elementor-size-default\">Besoin de d\u00e9faire<br>le n\u0153ud<\/h2>\t\t\t\t<\/div>\n\t\t\t\t<div class=\"elementor-element elementor-element-b3a0136 elementor-widget elementor-widget-heading\" data-id=\"b3a0136\" data-element_type=\"widget\" data-widget_type=\"heading.default\">\n\t\t\t\t\t<h2 class=\"elementor-heading-title elementor-size-default\">R\u00e9flexion apr\u00e8s 50 ans<\/h2>\t\t\t\t<\/div>\n\t\t\t\t\t<\/div>\n\t\t\t\t<\/div>\n\t\t<div class=\"elementor-element elementor-element-edec93f e-flex e-con-boxed e-con e-parent\" data-id=\"edec93f\" data-element_type=\"container\">\n\t\t\t\t\t<div class=\"e-con-inner\">\n\t\t\t\t<div class=\"elementor-element elementor-element-712eee7 elementor-widget elementor-widget-image\" data-id=\"712eee7\" data-element_type=\"widget\" data-widget_type=\"image.default\">\n\t\t\t\t\t\t\t\t\t\t\t\t\t\t\t<img fetchpriority=\"high\" decoding=\"async\" width=\"2560\" height=\"1353\" src=\"https:\/\/1975-2025erakusketa.eus\/wp-content\/uploads\/2025\/07\/soka-scaled.jpg\" class=\"attachment-full size-full wp-image-727\" alt=\"\" srcset=\"https:\/\/1975-2025erakusketa.eus\/wp-content\/uploads\/2025\/07\/soka-scaled.jpg 2560w, https:\/\/1975-2025erakusketa.eus\/wp-content\/uploads\/2025\/07\/soka-300x159.jpg 300w, https:\/\/1975-2025erakusketa.eus\/wp-content\/uploads\/2025\/07\/soka-1024x541.jpg 1024w, https:\/\/1975-2025erakusketa.eus\/wp-content\/uploads\/2025\/07\/soka-768x406.jpg 768w, https:\/\/1975-2025erakusketa.eus\/wp-content\/uploads\/2025\/07\/soka-1536x812.jpg 1536w, https:\/\/1975-2025erakusketa.eus\/wp-content\/uploads\/2025\/07\/soka-2048x1082.jpg 2048w\" sizes=\"(max-width: 2560px) 100vw, 2560px\" \/>\t\t\t\t\t\t\t\t\t\t\t\t\t\t\t<\/div>\n\t\t\t\t\t<\/div>\n\t\t\t\t<\/div>\n\t\t<div class=\"elementor-element elementor-element-7243233 e-flex e-con-boxed e-con e-child\" data-id=\"7243233\" data-element_type=\"container\">\n\t\t\t\t\t<div class=\"e-con-inner\">\n\t\t\t\t<div class=\"elementor-element elementor-element-166d4ff elementor-widget elementor-widget-text-editor\" data-id=\"166d4ff\" data-element_type=\"widget\" data-widget_type=\"text-editor.default\">\n\t\t\t\t\t\t\t\t\t<p>Cinq d\u00e9cennies plus tard, il appara\u00eet clairement que la transition a \u00e9t\u00e9 une occasion manqu\u00e9e. L&rsquo;Espagne vit une crise structurelle permanente, puisque la r\u00e9forme politique s&rsquo;est faite \u00e0 l&rsquo;image et mesure de son instigateur: le r\u00e9gime franquiste. Au lieu d&rsquo;une alliance entre \u00e9gaux, et au-del\u00e0 de la rupture avec l&rsquo;\u00c9tat franquiste, cela a \u00e9t\u00e9 une sorte d&rsquo;aggiornamento \u00e0 la mesure des \u00e9lites politiques et \u00e9conomiques, qui avaient besoin de donner l&rsquo;impression d&rsquo;un changement. En d&rsquo;autres mots, une ouverture de l&rsquo;\u00c9tat franquiste s&rsquo;est op\u00e9r\u00e9e \u00e0 travers la r\u00e9forme d\u00e9mocratique. \u00c0 d\u00e9faut d&rsquo;une v\u00e9ritable rupture avec le franquisme, ce qui a \u00e9t\u00e9 fait a eu une r\u00e9percussion \u00e9vidente ces derni\u00e8res d\u00e9cennies: maintien du pouvoir de la part des \u00e9lites franquistes et conservatrices; d\u00e9mocratie de pi\u00e8tre qualit\u00e9; sous-d\u00e9veloppement de l&rsquo;\u00c9tat-providence; n\u00e9gation du caract\u00e8re plurinational de l&rsquo;\u00c9tat; conception de la politique comme t\u00e2che des \u00e9lites des partis, etc.<\/p>\n<p>La nouvelle structure politique n\u00e9e de la transition s&rsquo;est fond\u00e9e sur l&rsquo;unit\u00e9 de l&rsquo;Espagne et sur les int\u00e9r\u00eats de l&rsquo;oligarchie, mettant en place le mod\u00e8le organisationnel que nous connaissons comme r\u00e9gime de 78. Concernant le Pays Basque, les droits qui nous reviennent en tant que peuple (reconnaissance nationale, droit de d\u00e9cider\u2026) restent bafou\u00e9s. En d\u00e9pit du d\u00e9veloppement des statuts dans les d\u00e9cennies suivantes, notre souverainet\u00e9 est limit\u00e9e. Et la division territoriale continue aujourd&rsquo;hui.<\/p>\n<p>Par cons\u00e9quent, 50 ans apr\u00e8s, la lutte pour notre souverainet\u00e9, pour la reconnaissance du Pays Basque comme sujet et pour le droit de d\u00e9cider reste centrale au Pays Basque. La reconnaissance des droits du Pays Basque peut \u00eatre le point de d\u00e9part d&rsquo;un processus qui impliquerait la rupture avec le franquisme.<\/p>\n<p>Notre peuple, \u00e0 l&rsquo;instar de nombreux secteurs et forces d\u00e9mocrates et antifascistes de l&rsquo;Espagne, pr\u00e9f\u00e9rait la rupture. Ce choix n&rsquo;\u00e9tait pas une utopie, mais plut\u00f4t une occasion historique qui a \u00e9t\u00e9 emp\u00each\u00e9e par la force. 50 ans apr\u00e8s, nous ne sommes pas dans la m\u00eame situation qu&rsquo;\u00e0 l&rsquo;\u00e9poque, mais les carences d\u00e9mocratiques n&rsquo;ont pas \u00e9t\u00e9 surmont\u00e9es: l&rsquo;Espagne ne reconna\u00eet pas la diversit\u00e9 nationale, les d\u00e9cisions concernant l&rsquo;\u00e9conomie et le mod\u00e8le social ne sont pas prises d\u00e9mocratiquement, les id\u00e9es sont stigmatis\u00e9es et r\u00e9prim\u00e9es, et il n&rsquo;y a jamais eu de rupture ferme avec le fascisme.<\/p>\n<p>Ils ont souhait\u00e9 laisser tout ficel\u00e9 et bien ficel\u00e9; mais le Pays Basque n&rsquo;est pas ficel\u00e9, il est bien vivant, en lutte et en marche. Franco est mort, mais pas le Pays Basque!<\/p>\n\t\t\t\t\t\t\t\t<\/div>\n\t\t\t\t\t<\/div>\n\t\t\t\t<\/div>\n\t\t<div class=\"elementor-element elementor-element-9f4e83a e-flex e-con-boxed e-con e-parent\" data-id=\"9f4e83a\" data-element_type=\"container\">\n\t\t\t\t\t<div class=\"e-con-inner\">\n\t\t\t\t<div class=\"elementor-element elementor-element-c29317e elementor-widget elementor-widget-template\" data-id=\"c29317e\" data-element_type=\"widget\" data-widget_type=\"template.default\">\n\t\t\t\t<div class=\"elementor-widget-container\">\n\t\t\t\t\t\t\t<div class=\"elementor-template\">\n\t\t\t\t\t<div data-elementor-type=\"container\" data-elementor-id=\"403\" class=\"elementor elementor-403\" data-elementor-post-type=\"elementor_library\">\n\t\t\t\t<div class=\"elementor-element elementor-element-1efa1886 e-flex e-con-boxed e-con e-parent\" data-id=\"1efa1886\" data-element_type=\"container\">\n\t\t\t\t\t<div class=\"e-con-inner\">\n\t\t\t\t<div class=\"elementor-element elementor-element-8417b4b elementor-hidden-mobile elementor-post-navigation-borders-yes elementor-widget elementor-widget-post-navigation\" data-id=\"8417b4b\" data-element_type=\"widget\" data-widget_type=\"post-navigation.default\">\n\t\t\t\t\t\t\t<div class=\"elementor-post-navigation\" role=\"navigation\" aria-label=\"Navigation de publication\">\n\t\t\t<div class=\"elementor-post-navigation__prev elementor-post-navigation__link\">\n\t\t\t\t<a href=\"https:\/\/1975-2025erakusketa.eus\/fr\/panela\/lunite-de-lespagne-et-la-division-territoriale\/\" rel=\"prev\"><span class=\"post-navigation__arrow-wrapper post-navigation__arrow-prev\"><svg aria-hidden=\"true\" class=\"e-font-icon-svg e-fas-angle-left\" viewBox=\"0 0 256 512\" xmlns=\"http:\/\/www.w3.org\/2000\/svg\"><path d=\"M31.7 239l136-136c9.4-9.4 24.6-9.4 33.9 0l22.6 22.6c9.4 9.4 9.4 24.6 0 33.9L127.9 256l96.4 96.4c9.4 9.4 9.4 24.6 0 33.9L201.7 409c-9.4 9.4-24.6 9.4-33.9 0l-136-136c-9.5-9.4-9.5-24.6-.1-34z\"><\/path><\/svg><span class=\"elementor-screen-only\">Pr\u00e9c\u00e9dent<\/span><\/span><span class=\"elementor-post-navigation__link__prev\"><span class=\"post-navigation__prev--label\">Atzera<\/span><span class=\"post-navigation__prev--title\">L&rsquo;unit\u00e9 de l&rsquo;Espagne et la division territoriale<\/span><\/span><\/a>\t\t\t<\/div>\n\t\t\t\t\t\t\t<div class=\"elementor-post-navigation__separator-wrapper\">\n\t\t\t\t\t<div class=\"elementor-post-navigation__separator\"><\/div>\n\t\t\t\t<\/div>\n\t\t\t\t\t\t<div class=\"elementor-post-navigation__next elementor-post-navigation__link\">\n\t\t\t\t\t\t\t<\/div>\n\t\t<\/div>\n\t\t\t\t\t\t<\/div>\n\t\t\t\t<div class=\"elementor-element elementor-element-af6c8ae elementor-hidden-desktop elementor-hidden-tablet elementor-post-navigation-borders-yes elementor-widget elementor-widget-post-navigation\" data-id=\"af6c8ae\" data-element_type=\"widget\" data-widget_type=\"post-navigation.default\">\n\t\t\t\t\t\t\t<div class=\"elementor-post-navigation\" role=\"navigation\" aria-label=\"Navigation de publication\">\n\t\t\t<div class=\"elementor-post-navigation__prev elementor-post-navigation__link\">\n\t\t\t\t<a href=\"https:\/\/1975-2025erakusketa.eus\/fr\/panela\/lunite-de-lespagne-et-la-division-territoriale\/\" rel=\"prev\"><span class=\"post-navigation__arrow-wrapper post-navigation__arrow-prev\"><svg aria-hidden=\"true\" class=\"e-font-icon-svg e-fas-angle-left\" viewBox=\"0 0 256 512\" xmlns=\"http:\/\/www.w3.org\/2000\/svg\"><path d=\"M31.7 239l136-136c9.4-9.4 24.6-9.4 33.9 0l22.6 22.6c9.4 9.4 9.4 24.6 0 33.9L127.9 256l96.4 96.4c9.4 9.4 9.4 24.6 0 33.9L201.7 409c-9.4 9.4-24.6 9.4-33.9 0l-136-136c-9.5-9.4-9.5-24.6-.1-34z\"><\/path><\/svg><span class=\"elementor-screen-only\">Pr\u00e9c\u00e9dent<\/span><\/span><span class=\"elementor-post-navigation__link__prev\"><span class=\"post-navigation__prev--label\">Atzera<\/span><\/span><\/a>\t\t\t<\/div>\n\t\t\t\t\t\t\t<div class=\"elementor-post-navigation__separator-wrapper\">\n\t\t\t\t\t<div class=\"elementor-post-navigation__separator\"><\/div>\n\t\t\t\t<\/div>\n\t\t\t\t\t\t<div class=\"elementor-post-navigation__next elementor-post-navigation__link\">\n\t\t\t\t\t\t\t<\/div>\n\t\t<\/div>\n\t\t\t\t\t\t<\/div>\n\t\t\t\t\t<\/div>\n\t\t\t\t<\/div>\n\t\t\t\t<\/div>\n\t\t\t\t<\/div>\n\t\t\t\t\t\t<\/div>\n\t\t\t\t<\/div>\n\t\t\t\t\t<\/div>\n\t\t\t\t<\/div>\n\t\t\t\t<\/div>\n\t\t","protected":false},"featured_media":687,"template":"","meta":{"_acf_changed":false},"class_list":["post-872","panela","type-panela","status-publish","has-post-thumbnail","hentry"],"acf":[],"yoast_head":"<!-- This site is optimized with the Yoast SEO plugin v26.7 - https:\/\/yoast.com\/wordpress\/plugins\/seo\/ -->\n<title>Besoin de d\u00e9faire le n\u0153ud - 1975: Dena jokoan zegoen urtea<\/title>\n<meta name=\"robots\" content=\"index, follow, max-snippet:-1, max-image-preview:large, max-video-preview:-1\" \/>\n<link rel=\"canonical\" href=\"https:\/\/1975-2025erakusketa.eus\/fr\/panela\/besoin-de-defaire-le-noeud\/\" \/>\n<meta property=\"og:locale\" content=\"fr_FR\" \/>\n<meta property=\"og:type\" content=\"article\" \/>\n<meta property=\"og:title\" content=\"Besoin de d\u00e9faire le n\u0153ud - 1975: Dena jokoan zegoen urtea\" \/>\n<meta property=\"og:description\" content=\"Besoin de d\u00e9fairele n\u0153ud R\u00e9flexion apr\u00e8s 50 ans Cinq d\u00e9cennies plus tard, il appara\u00eet clairement que la transition a \u00e9t\u00e9 une occasion manqu\u00e9e. L&rsquo;Espagne vit une crise structurelle permanente, puisque la r\u00e9forme politique s&rsquo;est faite \u00e0 l&rsquo;image et mesure de son instigateur: le r\u00e9gime franquiste. Au lieu d&rsquo;une alliance entre \u00e9gaux, et au-del\u00e0 de la [&hellip;]\" \/>\n<meta property=\"og:url\" content=\"https:\/\/1975-2025erakusketa.eus\/fr\/panela\/besoin-de-defaire-le-noeud\/\" \/>\n<meta property=\"og:site_name\" content=\"1975: Dena jokoan zegoen urtea\" \/>\n<meta property=\"article:modified_time\" content=\"2025-09-10T07:30:09+00:00\" \/>\n<meta property=\"og:image\" content=\"https:\/\/1975-2025erakusketa.eus\/wp-content\/uploads\/2025\/09\/18-korapiloa-FRA.jpg\" \/>\n\t<meta property=\"og:image:width\" content=\"800\" \/>\n\t<meta property=\"og:image:height\" content=\"1200\" \/>\n\t<meta property=\"og:image:type\" content=\"image\/jpeg\" \/>\n<meta name=\"twitter:card\" content=\"summary_large_image\" \/>\n<meta name=\"twitter:label1\" content=\"Dur\u00e9e de lecture estim\u00e9e\" \/>\n\t<meta name=\"twitter:data1\" content=\"2 minutes\" \/>\n<script type=\"application\/ld+json\" class=\"yoast-schema-graph\">{\"@context\":\"https:\/\/schema.org\",\"@graph\":[{\"@type\":\"WebPage\",\"@id\":\"https:\/\/1975-2025erakusketa.eus\/fr\/panela\/besoin-de-defaire-le-noeud\/\",\"url\":\"https:\/\/1975-2025erakusketa.eus\/fr\/panela\/besoin-de-defaire-le-noeud\/\",\"name\":\"Besoin de d\u00e9faire le n\u0153ud - 1975: Dena jokoan zegoen urtea\",\"isPartOf\":{\"@id\":\"https:\/\/1975-2025erakusketa.eus\/fr\/#website\"},\"primaryImageOfPage\":{\"@id\":\"https:\/\/1975-2025erakusketa.eus\/fr\/panela\/besoin-de-defaire-le-noeud\/#primaryimage\"},\"image\":{\"@id\":\"https:\/\/1975-2025erakusketa.eus\/fr\/panela\/besoin-de-defaire-le-noeud\/#primaryimage\"},\"thumbnailUrl\":\"https:\/\/1975-2025erakusketa.eus\/wp-content\/uploads\/2025\/09\/18-korapiloa-FRA.jpg\",\"datePublished\":\"2025-07-30T07:42:35+00:00\",\"dateModified\":\"2025-09-10T07:30:09+00:00\",\"breadcrumb\":{\"@id\":\"https:\/\/1975-2025erakusketa.eus\/fr\/panela\/besoin-de-defaire-le-noeud\/#breadcrumb\"},\"inLanguage\":\"fr-FR\",\"potentialAction\":[{\"@type\":\"ReadAction\",\"target\":[\"https:\/\/1975-2025erakusketa.eus\/fr\/panela\/besoin-de-defaire-le-noeud\/\"]}]},{\"@type\":\"ImageObject\",\"inLanguage\":\"fr-FR\",\"@id\":\"https:\/\/1975-2025erakusketa.eus\/fr\/panela\/besoin-de-defaire-le-noeud\/#primaryimage\",\"url\":\"https:\/\/1975-2025erakusketa.eus\/wp-content\/uploads\/2025\/09\/18-korapiloa-FRA.jpg\",\"contentUrl\":\"https:\/\/1975-2025erakusketa.eus\/wp-content\/uploads\/2025\/09\/18-korapiloa-FRA.jpg\",\"width\":800,\"height\":1200},{\"@type\":\"BreadcrumbList\",\"@id\":\"https:\/\/1975-2025erakusketa.eus\/fr\/panela\/besoin-de-defaire-le-noeud\/#breadcrumb\",\"itemListElement\":[{\"@type\":\"ListItem\",\"position\":1,\"name\":\"Home\",\"item\":\"https:\/\/1975-2025erakusketa.eus\/fr\/1975-2025\/\"},{\"@type\":\"ListItem\",\"position\":2,\"name\":\"Besoin de d\u00e9faire le n\u0153ud\"}]},{\"@type\":\"WebSite\",\"@id\":\"https:\/\/1975-2025erakusketa.eus\/fr\/#website\",\"url\":\"https:\/\/1975-2025erakusketa.eus\/fr\/\",\"name\":\"1975. Dena jokoan zegoen urtea\",\"description\":\"Trantsizio espainiarrak Euskal Herriaren bilakaeran izan zuen eraginaz gogoeta egiteko erakusketa\",\"publisher\":{\"@id\":\"https:\/\/1975-2025erakusketa.eus\/fr\/#organization\"},\"potentialAction\":[{\"@type\":\"SearchAction\",\"target\":{\"@type\":\"EntryPoint\",\"urlTemplate\":\"https:\/\/1975-2025erakusketa.eus\/fr\/?s={search_term_string}\"},\"query-input\":{\"@type\":\"PropertyValueSpecification\",\"valueRequired\":true,\"valueName\":\"search_term_string\"}}],\"inLanguage\":\"fr-FR\"},{\"@type\":\"Organization\",\"@id\":\"https:\/\/1975-2025erakusketa.eus\/fr\/#organization\",\"name\":\"1975-2025\",\"url\":\"https:\/\/1975-2025erakusketa.eus\/fr\/\",\"logo\":{\"@type\":\"ImageObject\",\"inLanguage\":\"fr-FR\",\"@id\":\"https:\/\/1975-2025erakusketa.eus\/fr\/#\/schema\/logo\/image\/\",\"url\":\"https:\/\/1975-2025erakusketa.eus\/wp-content\/uploads\/2025\/08\/erakusketa-scaled.jpg\",\"contentUrl\":\"https:\/\/1975-2025erakusketa.eus\/wp-content\/uploads\/2025\/08\/erakusketa-scaled.jpg\",\"width\":2560,\"height\":2560,\"caption\":\"1975-2025\"},\"image\":{\"@id\":\"https:\/\/1975-2025erakusketa.eus\/fr\/#\/schema\/logo\/image\/\"}}]}<\/script>\n<!-- \/ Yoast SEO plugin. -->","yoast_head_json":{"title":"Besoin de d\u00e9faire le n\u0153ud - 1975: Dena jokoan zegoen urtea","robots":{"index":"index","follow":"follow","max-snippet":"max-snippet:-1","max-image-preview":"max-image-preview:large","max-video-preview":"max-video-preview:-1"},"canonical":"https:\/\/1975-2025erakusketa.eus\/fr\/panela\/besoin-de-defaire-le-noeud\/","og_locale":"fr_FR","og_type":"article","og_title":"Besoin de d\u00e9faire le n\u0153ud - 1975: Dena jokoan zegoen urtea","og_description":"Besoin de d\u00e9fairele n\u0153ud R\u00e9flexion apr\u00e8s 50 ans Cinq d\u00e9cennies plus tard, il appara\u00eet clairement que la transition a \u00e9t\u00e9 une occasion manqu\u00e9e. L&rsquo;Espagne vit une crise structurelle permanente, puisque la r\u00e9forme politique s&rsquo;est faite \u00e0 l&rsquo;image et mesure de son instigateur: le r\u00e9gime franquiste. Au lieu d&rsquo;une alliance entre \u00e9gaux, et au-del\u00e0 de la [&hellip;]","og_url":"https:\/\/1975-2025erakusketa.eus\/fr\/panela\/besoin-de-defaire-le-noeud\/","og_site_name":"1975: Dena jokoan zegoen urtea","article_modified_time":"2025-09-10T07:30:09+00:00","og_image":[{"width":800,"height":1200,"url":"https:\/\/1975-2025erakusketa.eus\/wp-content\/uploads\/2025\/09\/18-korapiloa-FRA.jpg","type":"image\/jpeg"}],"twitter_card":"summary_large_image","twitter_misc":{"Dur\u00e9e de lecture estim\u00e9e":"2 minutes"},"schema":{"@context":"https:\/\/schema.org","@graph":[{"@type":"WebPage","@id":"https:\/\/1975-2025erakusketa.eus\/fr\/panela\/besoin-de-defaire-le-noeud\/","url":"https:\/\/1975-2025erakusketa.eus\/fr\/panela\/besoin-de-defaire-le-noeud\/","name":"Besoin de d\u00e9faire le n\u0153ud - 1975: Dena jokoan zegoen urtea","isPartOf":{"@id":"https:\/\/1975-2025erakusketa.eus\/fr\/#website"},"primaryImageOfPage":{"@id":"https:\/\/1975-2025erakusketa.eus\/fr\/panela\/besoin-de-defaire-le-noeud\/#primaryimage"},"image":{"@id":"https:\/\/1975-2025erakusketa.eus\/fr\/panela\/besoin-de-defaire-le-noeud\/#primaryimage"},"thumbnailUrl":"https:\/\/1975-2025erakusketa.eus\/wp-content\/uploads\/2025\/09\/18-korapiloa-FRA.jpg","datePublished":"2025-07-30T07:42:35+00:00","dateModified":"2025-09-10T07:30:09+00:00","breadcrumb":{"@id":"https:\/\/1975-2025erakusketa.eus\/fr\/panela\/besoin-de-defaire-le-noeud\/#breadcrumb"},"inLanguage":"fr-FR","potentialAction":[{"@type":"ReadAction","target":["https:\/\/1975-2025erakusketa.eus\/fr\/panela\/besoin-de-defaire-le-noeud\/"]}]},{"@type":"ImageObject","inLanguage":"fr-FR","@id":"https:\/\/1975-2025erakusketa.eus\/fr\/panela\/besoin-de-defaire-le-noeud\/#primaryimage","url":"https:\/\/1975-2025erakusketa.eus\/wp-content\/uploads\/2025\/09\/18-korapiloa-FRA.jpg","contentUrl":"https:\/\/1975-2025erakusketa.eus\/wp-content\/uploads\/2025\/09\/18-korapiloa-FRA.jpg","width":800,"height":1200},{"@type":"BreadcrumbList","@id":"https:\/\/1975-2025erakusketa.eus\/fr\/panela\/besoin-de-defaire-le-noeud\/#breadcrumb","itemListElement":[{"@type":"ListItem","position":1,"name":"Home","item":"https:\/\/1975-2025erakusketa.eus\/fr\/1975-2025\/"},{"@type":"ListItem","position":2,"name":"Besoin de d\u00e9faire le n\u0153ud"}]},{"@type":"WebSite","@id":"https:\/\/1975-2025erakusketa.eus\/fr\/#website","url":"https:\/\/1975-2025erakusketa.eus\/fr\/","name":"1975. Dena jokoan zegoen urtea","description":"Trantsizio espainiarrak Euskal Herriaren bilakaeran izan zuen eraginaz gogoeta egiteko erakusketa","publisher":{"@id":"https:\/\/1975-2025erakusketa.eus\/fr\/#organization"},"potentialAction":[{"@type":"SearchAction","target":{"@type":"EntryPoint","urlTemplate":"https:\/\/1975-2025erakusketa.eus\/fr\/?s={search_term_string}"},"query-input":{"@type":"PropertyValueSpecification","valueRequired":true,"valueName":"search_term_string"}}],"inLanguage":"fr-FR"},{"@type":"Organization","@id":"https:\/\/1975-2025erakusketa.eus\/fr\/#organization","name":"1975-2025","url":"https:\/\/1975-2025erakusketa.eus\/fr\/","logo":{"@type":"ImageObject","inLanguage":"fr-FR","@id":"https:\/\/1975-2025erakusketa.eus\/fr\/#\/schema\/logo\/image\/","url":"https:\/\/1975-2025erakusketa.eus\/wp-content\/uploads\/2025\/08\/erakusketa-scaled.jpg","contentUrl":"https:\/\/1975-2025erakusketa.eus\/wp-content\/uploads\/2025\/08\/erakusketa-scaled.jpg","width":2560,"height":2560,"caption":"1975-2025"},"image":{"@id":"https:\/\/1975-2025erakusketa.eus\/fr\/#\/schema\/logo\/image\/"}}]}},"_links":{"self":[{"href":"https:\/\/1975-2025erakusketa.eus\/fr\/wp-json\/wp\/v2\/panela\/872","targetHints":{"allow":["GET"]}}],"collection":[{"href":"https:\/\/1975-2025erakusketa.eus\/fr\/wp-json\/wp\/v2\/panela"}],"about":[{"href":"https:\/\/1975-2025erakusketa.eus\/fr\/wp-json\/wp\/v2\/types\/panela"}],"version-history":[{"count":1,"href":"https:\/\/1975-2025erakusketa.eus\/fr\/wp-json\/wp\/v2\/panela\/872\/revisions"}],"predecessor-version":[{"id":873,"href":"https:\/\/1975-2025erakusketa.eus\/fr\/wp-json\/wp\/v2\/panela\/872\/revisions\/873"}],"wp:featuredmedia":[{"embeddable":true,"href":"https:\/\/1975-2025erakusketa.eus\/fr\/wp-json\/wp\/v2\/media\/687"}],"wp:attachment":[{"href":"https:\/\/1975-2025erakusketa.eus\/fr\/wp-json\/wp\/v2\/media?parent=872"}],"curies":[{"name":"wp","href":"https:\/\/api.w.org\/{rel}","templated":true}]}}